{"id":4825,"date":"2025-12-14T18:04:54","date_gmt":"2025-12-14T17:04:54","guid":{"rendered":"https:\/\/adveniat-paris.org\/auberge-de-jeunesse-chretienne-et-eco-responsable\/"},"modified":"2025-12-31T10:58:50","modified_gmt":"2025-12-31T09:58:50","slug":"auberge-de-jeunesse-chretienne-et-eco-responsable","status":"publish","type":"page","link":"https:\/\/adveniat-paris.org\/en\/auberge-de-jeunesse-chretienne-et-eco-responsable\/","title":{"rendered":"AUBERGE DE JEUNESSE CHR\u00c9TIENNE ET \u00c9CO-RESPONSABLE"},"content":{"rendered":"\t\t<div data-elementor-type=\"wp-post\" data-elementor-id=\"4825\" class=\"elementor elementor-4825\" data-elementor-post-type=\"page\">\n\t\t\t\t\t\t<section class=\"elementor-section elementor-top-section elementor-element elementor-element-19ec093d elementor-section-height-min-height elementor-section-boxed elementor-section-height-default elementor-section-items-middle\" data-id=\"19ec093d\" data-element_type=\"section\" data-e-type=\"section\" data-settings=\"{&quot;background_background&quot;:&quot;classic&quot;}\">\n\t\t\t\t\t\t<div class=\"elementor-container elementor-column-gap-default\">\n\t\t\t\t\t<div class=\"elementor-column elementor-col-100 elementor-top-column elementor-element elementor-element-4baff87b\" data-id=\"4baff87b\" data-element_type=\"column\" data-e-type=\"column\">\n\t\t\t<div class=\"elementor-widget-wrap elementor-element-populated\">\n\t\t\t\t\t\t<div class=\"elementor-element elementor-element-2675357 elementor-widget elementor-widget-heading\" data-id=\"2675357\" data-element_type=\"widget\" data-e-type=\"widget\" data-widget_type=\"heading.default\">\n\t\t\t\t<div class=\"elementor-widget-container\">\n\t\t\t\t\t<h2 class=\"elementor-heading-title elementor-size-default\"><p><br>AUBERGE DE JEUNESSE CHR\u00c9TIENNE ET \u00c9CO-RESPONSABLE <\/p><\/h2>\t\t\t\t<\/div>\n\t\t\t\t<\/div>\n\t\t\t\t\t<\/div>\n\t\t<\/div>\n\t\t\t\t\t<\/div>\n\t\t<\/section>\n\t\t\t\t<section class=\"elementor-section elementor-top-section elementor-element elementor-element-f36f311 elementor-section-boxed elementor-section-height-default elementor-section-height-default\" data-id=\"f36f311\" data-element_type=\"section\" data-e-type=\"section\">\n\t\t\t\t\t\t<div class=\"elementor-container elementor-column-gap-default\">\n\t\t\t\t\t<div class=\"elementor-column elementor-col-100 elementor-top-column elementor-element elementor-element-ad75129\" data-id=\"ad75129\" data-element_type=\"column\" data-e-type=\"column\">\n\t\t\t<div class=\"elementor-widget-wrap elementor-element-populated\">\n\t\t\t\t\t\t<div class=\"elementor-element elementor-element-560ebcd elementor-align-center distributor elementor-widget elementor-widget-button\" data-id=\"560ebcd\" data-element_type=\"widget\" data-e-type=\"widget\" data-widget_type=\"button.default\">\n\t\t\t\t<div class=\"elementor-widget-container\">\n\t\t\t\t\t\t\t\t\t<div class=\"elementor-button-wrapper\">\n\t\t\t\t\t<a class=\"elementor-button elementor-button-link elementor-size-xl elementor-animation-grow\" href=\"#\">\n\t\t\t\t\t\t<span class=\"elementor-button-content-wrapper\">\n\t\t\t\t\t\t\t\t\t<span class=\"elementor-button-text\">R\u00e9server<\/span>\n\t\t\t\t\t<\/span>\n\t\t\t\t\t<\/a>\n\t\t\t\t<\/div>\n\t\t\t\t\t\t\t\t<\/div>\n\t\t\t\t<\/div>\n\t\t\t\t\t<\/div>\n\t\t<\/div>\n\t\t\t\t\t<\/div>\n\t\t<\/section>\n\t\t\t\t<section class=\"elementor-section elementor-top-section elementor-element elementor-element-d1049c4 elementor-section-boxed elementor-section-height-default elementor-section-height-default\" data-id=\"d1049c4\" data-element_type=\"section\" data-e-type=\"section\">\n\t\t\t\t\t\t<div class=\"elementor-container elementor-column-gap-default\">\n\t\t\t\t\t<div class=\"elementor-column elementor-col-33 elementor-top-column elementor-element elementor-element-3d8d289\" data-id=\"3d8d289\" data-element_type=\"column\" data-e-type=\"column\">\n\t\t\t<div class=\"elementor-widget-wrap\">\n\t\t\t\t\t\t\t<\/div>\n\t\t<\/div>\n\t\t\t\t<div class=\"elementor-column elementor-col-33 elementor-top-column elementor-element elementor-element-d340254\" data-id=\"d340254\" data-element_type=\"column\" data-e-type=\"column\">\n\t\t\t<div class=\"elementor-widget-wrap elementor-element-populated\">\n\t\t\t\t\t\t<div class=\"elementor-element elementor-element-38fb274 elementor-widget elementor-widget-image\" data-id=\"38fb274\" data-element_type=\"widget\" data-e-type=\"widget\" data-widget_type=\"image.default\">\n\t\t\t\t<div class=\"elementor-widget-container\">\n\t\t\t\t\t\t\t\t\t\t\t\t\t\t\t<img fetchpriority=\"high\" decoding=\"async\" width=\"888\" height=\"1024\" src=\"https:\/\/adveniat-paris.org\/wp-content\/uploads\/logo-cv-hd-18-web.jpeg\" class=\"attachment-large size-large wp-image-4767\" alt=\"\" srcset=\"https:\/\/adveniat-paris.org\/wp-content\/uploads\/logo-cv-hd-18-web.jpeg 1024w, https:\/\/adveniat-paris.org\/wp-content\/uploads\/logo-cv-hd-18-web-400x461.jpeg 400w, https:\/\/adveniat-paris.org\/wp-content\/uploads\/logo-cv-hd-18-web-768x886.jpeg 768w, https:\/\/adveniat-paris.org\/wp-content\/uploads\/logo-cv-hd-18-web-120x138.jpeg 120w\" sizes=\"(max-width: 888px) 100vw, 888px\" \/>\t\t\t\t\t\t\t\t\t\t\t\t\t\t\t<\/div>\n\t\t\t\t<\/div>\n\t\t\t\t\t<\/div>\n\t\t<\/div>\n\t\t\t\t<div class=\"elementor-column elementor-col-33 elementor-top-column elementor-element elementor-element-85c4bf0\" data-id=\"85c4bf0\" data-element_type=\"column\" data-e-type=\"column\">\n\t\t\t<div class=\"elementor-widget-wrap\">\n\t\t\t\t\t\t\t<\/div>\n\t\t<\/div>\n\t\t\t\t\t<\/div>\n\t\t<\/section>\n\t\t\t\t<section class=\"elementor-section elementor-top-section elementor-element elementor-element-419e651 elementor-section-boxed elementor-section-height-default elementor-section-height-default\" data-id=\"419e651\" data-element_type=\"section\" data-e-type=\"section\">\n\t\t\t\t\t\t<div class=\"elementor-container elementor-column-gap-default\">\n\t\t\t\t\t<div class=\"elementor-column elementor-col-100 elementor-top-column elementor-element elementor-element-ed8a844\" data-id=\"ed8a844\" data-element_type=\"column\" data-e-type=\"column\">\n\t\t\t<div class=\"elementor-widget-wrap elementor-element-populated\">\n\t\t\t\t\t\t<div class=\"elementor-element elementor-element-a7a166d elementor-widget elementor-widget-text-editor\" data-id=\"a7a166d\" data-element_type=\"widget\" data-e-type=\"widget\" data-widget_type=\"text-editor.default\">\n\t\t\t\t<div class=\"elementor-widget-container\">\n\t\t\t\t\t\t\t\t\t<p>\u00a0<\/p><p><span style=\"color: #000000;\">Depuis Avril 2025, l\u2019auberge Adveniat est certifi\u00e9e par le label Clef verte 1<sup>er<\/sup> \u00e9colabel international pour l\u2019h\u00e9bergement touristique qui permet \u00e0 travers sa certification unique de reconnaitre les \u00e9tablissements engag\u00e9s dans une d\u00e9marche de tourisme durable continue et progressive.<\/span><\/p><p><span style=\"color: #000000;\">Le label Clef\u00a0Verte atteste que l\u2019\u00e9tablissement touristique r\u00e9pond \u00e0 plus d\u2019une centaine de crit\u00e8res dans tous les domaines de la gestion touristique durable. Clef\u00a0Verte est un programme de Teragir, association \u00e0 but non lucratif et reconnus d\u2019int\u00e9r\u00eat g\u00e9n\u00e9ral.<\/span><\/p>\t\t\t\t\t\t\t\t<\/div>\n\t\t\t\t<\/div>\n\t\t\t\t<div class=\"elementor-element elementor-element-08adba6 elementor-widget elementor-widget-heading\" data-id=\"08adba6\" data-element_type=\"widget\" data-e-type=\"widget\" data-widget_type=\"heading.default\">\n\t\t\t\t<div class=\"elementor-widget-container\">\n\t\t\t\t\t<p class=\"elementor-heading-title elementor-size-default\">CRIT\u00c8RES D'OBTENTION DU LABEL<\/p>\t\t\t\t<\/div>\n\t\t\t\t<\/div>\n\t\t\t\t<div class=\"elementor-element elementor-element-a3e626e elementor-widget elementor-widget-text-editor\" data-id=\"a3e626e\" data-element_type=\"widget\" data-e-type=\"widget\" data-widget_type=\"text-editor.default\">\n\t\t\t\t<div class=\"elementor-widget-container\">\n\t\t\t\t\t\t\t\t\t<p><span style=\"color: #000000;\">L\u2019auberge s\u2019engage dans une d\u00e9marche de tourisme durable, \u00e9cologiquement vertueuse et socialement responsable en appliquant et transmettant les bonnes pratiques et recommandations du Label Clef\u00a0Verte aupr\u00e8s de ses \u00e9quipes et de ses clients : Gestion intelligente des d\u00e9chets (tri, compost pour le marc de caf\u00e9 et \u00e9pluchures de l\u00e9gumes), maitrise des consommations et d\u2019eau, achats responsables (en particulier pour l\u2019alimentation et l\u2019entretien, sensibilisation active et collective). Le processus de labellisation pr\u00e9voit des audits r\u00e9guliers et la collecte de preuve pour attester du s\u00e9rieux des \u00e9tablissements engag\u00e9s dans cette d\u00e9marche.<\/span><\/p>\t\t\t\t\t\t\t\t<\/div>\n\t\t\t\t<\/div>\n\t\t\t\t<div class=\"elementor-element elementor-element-eed0d21 elementor-widget elementor-widget-heading\" data-id=\"eed0d21\" data-element_type=\"widget\" data-e-type=\"widget\" data-widget_type=\"heading.default\">\n\t\t\t\t<div class=\"elementor-widget-container\">\n\t\t\t\t\t<p class=\"elementor-heading-title elementor-size-default\">POURQUOI CE LABEL ?<\/p>\t\t\t\t<\/div>\n\t\t\t\t<\/div>\n\t\t\t\t<div class=\"elementor-element elementor-element-41cc363 elementor-widget elementor-widget-text-editor\" data-id=\"41cc363\" data-element_type=\"widget\" data-e-type=\"widget\" data-widget_type=\"text-editor.default\">\n\t\t\t\t<div class=\"elementor-widget-container\">\n\t\t\t\t\t\t\t\t\t<p><span style=\"color: #000000;\">\u00c0 l\u2019Auberge Adveniat, notre mission d\u2019accueil repose sur des valeurs humaines et spirituelles, mais aussi sur un profond respect de la plan\u00e8te. Obtenir le label Clef Verte a \u00e9t\u00e9 pour nous une \u00e9tape indispensable : il nous a permis de structurer nos engagements, de r\u00e9duire notre impact et de sensibiliser nos \u00e9quipes comme nos voyageurs \u00e0 des pratiques responsables. Accueillant de nombreux jeunes, nous faisons de chaque s\u00e9jour une opportunit\u00e9 d\u2019\u00e9ducation \u00e0 l\u2019\u00e9cologie et \u00e0 la citoyennet\u00e9. Cette d\u00e9marche inclut \u00e9galement le choix de fournisseurs engag\u00e9s. Ce projet n\u2019aurait pas \u00e9t\u00e9 possible sans l\u2019adh\u00e9sion et l\u2019implication de toute notre \u00e9quipe, qui se mobilise avec enthousiasme pour faire vivre ces valeurs au quotidien Ce label est un gage de confiance pour nos visiteurs, qui savent que leur s\u00e9jour contribue \u00e0 un tourisme plus durable.<\/span><\/p>\t\t\t\t\t\t\t\t<\/div>\n\t\t\t\t<\/div>\n\t\t\t\t\t<\/div>\n\t\t<\/div>\n\t\t\t\t\t<\/div>\n\t\t<\/section>\n\t\t\t\t<section class=\"elementor-section elementor-top-section elementor-element elementor-element-7581907 elementor-section-boxed elementor-section-height-default elementor-section-height-default\" data-id=\"7581907\" data-element_type=\"section\" data-e-type=\"section\">\n\t\t\t\t\t\t<div class=\"elementor-container elementor-column-gap-default\">\n\t\t\t\t\t<div class=\"elementor-column elementor-col-100 elementor-top-column elementor-element elementor-element-ac99d28\" data-id=\"ac99d28\" data-element_type=\"column\" data-e-type=\"column\">\n\t\t\t<div class=\"elementor-widget-wrap elementor-element-populated\">\n\t\t\t\t\t\t<div class=\"elementor-element elementor-element-243af23d elementor-align-center elementor-widget elementor-widget-button\" data-id=\"243af23d\" data-element_type=\"widget\" data-e-type=\"widget\" data-widget_type=\"button.default\">\n\t\t\t\t<div class=\"elementor-widget-container\">\n\t\t\t\t\t\t\t\t\t<div class=\"elementor-button-wrapper\">\n\t\t\t\t\t<a class=\"elementor-button elementor-button-link elementor-size-lg elementor-animation-shrink\" href=\"https:\/\/adveniat-paris.org\/wp-content\/uploads\/1-CHARTRE-FR-1.pdf\" target=\"_blank\">\n\t\t\t\t\t\t<span class=\"elementor-button-content-wrapper\">\n\t\t\t\t\t\t\t\t\t<span class=\"elementor-button-text\">D\u00e9couvrez notre charte environnementale<\/span>\n\t\t\t\t\t<\/span>\n\t\t\t\t\t<\/a>\n\t\t\t\t<\/div>\n\t\t\t\t\t\t\t\t<\/div>\n\t\t\t\t<\/div>\n\t\t\t\t\t<\/div>\n\t\t<\/div>\n\t\t\t\t\t<\/div>\n\t\t<\/section>\n\t\t\t\t<section class=\"elementor-section elementor-top-section elementor-element elementor-element-675dcfa elementor-section-boxed elementor-section-height-default elementor-section-height-default\" data-id=\"675dcfa\" data-element_type=\"section\" data-e-type=\"section\">\n\t\t\t\t\t\t<div class=\"elementor-container elementor-column-gap-default\">\n\t\t\t\t\t<div class=\"elementor-column elementor-col-100 elementor-top-column elementor-element elementor-element-b1929f6\" data-id=\"b1929f6\" data-element_type=\"column\" data-e-type=\"column\">\n\t\t\t<div class=\"elementor-widget-wrap elementor-element-populated\">\n\t\t\t\t\t\t<section class=\"elementor-section elementor-inner-section elementor-element elementor-element-6157d7b elementor-section-boxed elementor-section-height-default elementor-section-height-default\" data-id=\"6157d7b\" data-element_type=\"section\" data-e-type=\"section\">\n\t\t\t\t\t\t<div class=\"elementor-container elementor-column-gap-default\">\n\t\t\t\t\t<div class=\"elementor-column elementor-col-50 elementor-inner-column elementor-element elementor-element-48e0c04\" data-id=\"48e0c04\" data-element_type=\"column\" data-e-type=\"column\">\n\t\t\t<div class=\"elementor-widget-wrap\">\n\t\t\t\t\t\t\t<\/div>\n\t\t<\/div>\n\t\t\t\t<div class=\"elementor-column elementor-col-50 elementor-inner-column elementor-element elementor-element-d2744dd\" data-id=\"d2744dd\" data-element_type=\"column\" data-e-type=\"column\">\n\t\t\t<div class=\"elementor-widget-wrap\">\n\t\t\t\t\t\t\t<\/div>\n\t\t<\/div>\n\t\t\t\t\t<\/div>\n\t\t<\/section>\n\t\t\t\t\t<\/div>\n\t\t<\/div>\n\t\t\t\t\t<\/div>\n\t\t<\/section>\n\t\t\t\t<\/div>\n\t\t","protected":false},"excerpt":{"rendered":"<p>AUBERGE DE JEUNESSE CHR\u00c9TIENNE ET \u00c9CO-RESPONSABLE R\u00e9server \u00a0 Depuis Avril 2025, l\u2019auberge Adveniat est certifi\u00e9e par le label Clef verte 1er \u00e9colabel international pour l\u2019h\u00e9bergement touristique qui permet \u00e0 travers sa certification unique de reconnaitre les \u00e9tablissements engag\u00e9s dans une d\u00e9marche de tourisme durable continue et progressive. Le label Clef\u00a0Verte atteste que l\u2019\u00e9tablissement touristique r\u00e9pond [&hellip;]<\/p>\n","protected":false},"author":5,"featured_media":0,"parent":0,"menu_order":3,"comment_status":"closed","ping_status":"closed","template":"","meta":{"om_disable_all_campaigns":false,"_monsterinsights_skip_tracking":false,"_monsterinsights_sitenote_active":false,"_monsterinsights_sitenote_note":"","_monsterinsights_sitenote_category":0,"_uf_show_specific_survey":0,"_uf_disable_surveys":false,"footnotes":""},"class_list":["post-4825","page","type-page","status-publish","hentry"],"aioseo_notices":[],"yoast_head":"<!-- This site is optimized with the Yoast SEO plugin v27.5 - https:\/\/yoast.com\/product\/yoast-seo-wordpress\/ -->\n<title>Le quartier, pr\u00e8s des Champs-\u00c9lys\u00e9es - Auberge Adveniat Paris<\/title>\n<meta name=\"description\" content=\"Une auberge de jeunesse \u00e0 c\u00f4t\u00e9 des Champs-\u00c9lys\u00e9es ? Non, vous ne r\u00eavez pas. Adveniat est bien situ\u00e9e un quartier embl\u00e9matique de Paris.\" \/>\n<meta name=\"robots\" content=\"index, follow, max-snippet:-1, max-image-preview:large, max-video-preview:-1\" \/>\n<link rel=\"canonical\" href=\"https:\/\/adveniat-paris.org\/en\/auberge-de-jeunesse-chretienne-et-eco-responsable\/\" \/>\n<meta property=\"og:locale\" content=\"en_US\" \/>\n<meta property=\"og:type\" content=\"article\" \/>\n<meta property=\"og:title\" content=\"Le quartier, pr\u00e8s des Champs-\u00c9lys\u00e9es - Auberge Adveniat Paris\" \/>\n<meta property=\"og:description\" content=\"Une auberge de jeunesse \u00e0 c\u00f4t\u00e9 des Champs-\u00c9lys\u00e9es ? Non, vous ne r\u00eavez pas. Adveniat est bien situ\u00e9e un quartier embl\u00e9matique de Paris.\" \/>\n<meta property=\"og:url\" content=\"https:\/\/adveniat-paris.org\/en\/auberge-de-jeunesse-chretienne-et-eco-responsable\/\" \/>\n<meta property=\"og:site_name\" content=\"Adveniat Paris\" \/>\n<meta property=\"article:modified_time\" content=\"2025-12-31T09:58:50+00:00\" \/>\n<meta property=\"og:image\" content=\"https:\/\/adveniat-paris.org\/wp-content\/uploads\/logo-cv-hd-18-web.jpeg\" \/>\n\t<meta property=\"og:image:width\" content=\"1024\" \/>\n\t<meta property=\"og:image:height\" content=\"1181\" \/>\n\t<meta property=\"og:image:type\" content=\"image\/jpeg\" \/>\n<meta name=\"twitter:card\" content=\"summary_large_image\" \/>\n<meta name=\"twitter:label1\" content=\"Est. reading time\" \/>\n\t<meta name=\"twitter:data1\" content=\"2 minutes\" \/>\n<script type=\"application\/ld+json\" class=\"yoast-schema-graph\">{\"@context\":\"https:\\\/\\\/schema.org\",\"@graph\":[{\"@type\":\"WebPage\",\"@id\":\"https:\\\/\\\/adveniat-paris.org\\\/en\\\/auberge-de-jeunesse-chretienne-et-eco-responsable\\\/\",\"url\":\"https:\\\/\\\/adveniat-paris.org\\\/en\\\/auberge-de-jeunesse-chretienne-et-eco-responsable\\\/\",\"name\":\"Le quartier, pr\u00e8s des Champs-\u00c9lys\u00e9es - Auberge Adveniat Paris\",\"isPartOf\":{\"@id\":\"https:\\\/\\\/adveniat-paris.org\\\/fr\\\/#website\"},\"primaryImageOfPage\":{\"@id\":\"https:\\\/\\\/adveniat-paris.org\\\/en\\\/auberge-de-jeunesse-chretienne-et-eco-responsable\\\/#primaryimage\"},\"image\":{\"@id\":\"https:\\\/\\\/adveniat-paris.org\\\/en\\\/auberge-de-jeunesse-chretienne-et-eco-responsable\\\/#primaryimage\"},\"thumbnailUrl\":\"https:\\\/\\\/adveniat-paris.org\\\/wp-content\\\/uploads\\\/logo-cv-hd-18-web.jpeg\",\"datePublished\":\"2025-12-14T17:04:54+00:00\",\"dateModified\":\"2025-12-31T09:58:50+00:00\",\"description\":\"Une auberge de jeunesse \u00e0 c\u00f4t\u00e9 des Champs-\u00c9lys\u00e9es ? Non, vous ne r\u00eavez pas. Adveniat est bien situ\u00e9e un quartier embl\u00e9matique de Paris.\",\"breadcrumb\":{\"@id\":\"https:\\\/\\\/adveniat-paris.org\\\/en\\\/auberge-de-jeunesse-chretienne-et-eco-responsable\\\/#breadcrumb\"},\"inLanguage\":\"en-US\",\"potentialAction\":[{\"@type\":\"ReadAction\",\"target\":[\"https:\\\/\\\/adveniat-paris.org\\\/en\\\/auberge-de-jeunesse-chretienne-et-eco-responsable\\\/\"]}]},{\"@type\":\"ImageObject\",\"inLanguage\":\"en-US\",\"@id\":\"https:\\\/\\\/adveniat-paris.org\\\/en\\\/auberge-de-jeunesse-chretienne-et-eco-responsable\\\/#primaryimage\",\"url\":\"https:\\\/\\\/adveniat-paris.org\\\/wp-content\\\/uploads\\\/logo-cv-hd-18-web.jpeg\",\"contentUrl\":\"https:\\\/\\\/adveniat-paris.org\\\/wp-content\\\/uploads\\\/logo-cv-hd-18-web.jpeg\"},{\"@type\":\"BreadcrumbList\",\"@id\":\"https:\\\/\\\/adveniat-paris.org\\\/en\\\/auberge-de-jeunesse-chretienne-et-eco-responsable\\\/#breadcrumb\",\"itemListElement\":[{\"@type\":\"ListItem\",\"position\":1,\"name\":\"Accueil\",\"item\":\"https:\\\/\\\/adveniat-paris.org\\\/en\\\/\"},{\"@type\":\"ListItem\",\"position\":2,\"name\":\"AUBERGE DE JEUNESSE CHR\u00c9TIENNE ET \u00c9CO-RESPONSABLE\"}]},{\"@type\":\"WebSite\",\"@id\":\"https:\\\/\\\/adveniat-paris.org\\\/fr\\\/#website\",\"url\":\"https:\\\/\\\/adveniat-paris.org\\\/fr\\\/\",\"name\":\"Adveniat Paris\",\"description\":\"Auberge de jeunesse \u00e0 2 pas des Champs Elys\u00e9es\",\"publisher\":{\"@id\":\"https:\\\/\\\/adveniat-paris.org\\\/fr\\\/#organization\"},\"potentialAction\":[{\"@type\":\"SearchAction\",\"target\":{\"@type\":\"EntryPoint\",\"urlTemplate\":\"https:\\\/\\\/adveniat-paris.org\\\/fr\\\/?s={search_term_string}\"},\"query-input\":{\"@type\":\"PropertyValueSpecification\",\"valueRequired\":true,\"valueName\":\"search_term_string\"}}],\"inLanguage\":\"en-US\"},{\"@type\":\"Organization\",\"@id\":\"https:\\\/\\\/adveniat-paris.org\\\/fr\\\/#organization\",\"name\":\"Adveniat Paris\",\"url\":\"https:\\\/\\\/adveniat-paris.org\\\/fr\\\/\",\"logo\":{\"@type\":\"ImageObject\",\"inLanguage\":\"en-US\",\"@id\":\"https:\\\/\\\/adveniat-paris.org\\\/fr\\\/#\\\/schema\\\/logo\\\/image\\\/\",\"url\":\"https:\\\/\\\/adveniat-paris.org\\\/wp-content\\\/uploads\\\/Adveniat_logo_exe_Adveniat_logo_CMJN_baseline_blanc-1-e1737565095903.png\",\"contentUrl\":\"https:\\\/\\\/adveniat-paris.org\\\/wp-content\\\/uploads\\\/Adveniat_logo_exe_Adveniat_logo_CMJN_baseline_blanc-1-e1737565095903.png\",\"width\":1968,\"height\":613,\"caption\":\"Adveniat Paris\"},\"image\":{\"@id\":\"https:\\\/\\\/adveniat-paris.org\\\/fr\\\/#\\\/schema\\\/logo\\\/image\\\/\"}}]}<\/script>\n<!-- \/ Yoast SEO plugin. -->","yoast_head_json":{"title":"Le quartier, pr\u00e8s des Champs-\u00c9lys\u00e9es - Auberge Adveniat Paris","description":"Une auberge de jeunesse \u00e0 c\u00f4t\u00e9 des Champs-\u00c9lys\u00e9es ? Non, vous ne r\u00eavez pas. Adveniat est bien situ\u00e9e un quartier embl\u00e9matique de Paris.","robots":{"index":"index","follow":"follow","max-snippet":"max-snippet:-1","max-image-preview":"max-image-preview:large","max-video-preview":"max-video-preview:-1"},"canonical":"https:\/\/adveniat-paris.org\/en\/auberge-de-jeunesse-chretienne-et-eco-responsable\/","og_locale":"en_US","og_type":"article","og_title":"Le quartier, pr\u00e8s des Champs-\u00c9lys\u00e9es - Auberge Adveniat Paris","og_description":"Une auberge de jeunesse \u00e0 c\u00f4t\u00e9 des Champs-\u00c9lys\u00e9es ? Non, vous ne r\u00eavez pas. Adveniat est bien situ\u00e9e un quartier embl\u00e9matique de Paris.","og_url":"https:\/\/adveniat-paris.org\/en\/auberge-de-jeunesse-chretienne-et-eco-responsable\/","og_site_name":"Adveniat Paris","article_modified_time":"2025-12-31T09:58:50+00:00","og_image":[{"width":1024,"height":1181,"url":"https:\/\/adveniat-paris.org\/wp-content\/uploads\/logo-cv-hd-18-web.jpeg","type":"image\/jpeg"}],"twitter_card":"summary_large_image","twitter_misc":{"Est. reading time":"2 minutes"},"schema":{"@context":"https:\/\/schema.org","@graph":[{"@type":"WebPage","@id":"https:\/\/adveniat-paris.org\/en\/auberge-de-jeunesse-chretienne-et-eco-responsable\/","url":"https:\/\/adveniat-paris.org\/en\/auberge-de-jeunesse-chretienne-et-eco-responsable\/","name":"Le quartier, pr\u00e8s des Champs-\u00c9lys\u00e9es - Auberge Adveniat Paris","isPartOf":{"@id":"https:\/\/adveniat-paris.org\/fr\/#website"},"primaryImageOfPage":{"@id":"https:\/\/adveniat-paris.org\/en\/auberge-de-jeunesse-chretienne-et-eco-responsable\/#primaryimage"},"image":{"@id":"https:\/\/adveniat-paris.org\/en\/auberge-de-jeunesse-chretienne-et-eco-responsable\/#primaryimage"},"thumbnailUrl":"https:\/\/adveniat-paris.org\/wp-content\/uploads\/logo-cv-hd-18-web.jpeg","datePublished":"2025-12-14T17:04:54+00:00","dateModified":"2025-12-31T09:58:50+00:00","description":"Une auberge de jeunesse \u00e0 c\u00f4t\u00e9 des Champs-\u00c9lys\u00e9es ? Non, vous ne r\u00eavez pas. Adveniat est bien situ\u00e9e un quartier embl\u00e9matique de Paris.","breadcrumb":{"@id":"https:\/\/adveniat-paris.org\/en\/auberge-de-jeunesse-chretienne-et-eco-responsable\/#breadcrumb"},"inLanguage":"en-US","potentialAction":[{"@type":"ReadAction","target":["https:\/\/adveniat-paris.org\/en\/auberge-de-jeunesse-chretienne-et-eco-responsable\/"]}]},{"@type":"ImageObject","inLanguage":"en-US","@id":"https:\/\/adveniat-paris.org\/en\/auberge-de-jeunesse-chretienne-et-eco-responsable\/#primaryimage","url":"https:\/\/adveniat-paris.org\/wp-content\/uploads\/logo-cv-hd-18-web.jpeg","contentUrl":"https:\/\/adveniat-paris.org\/wp-content\/uploads\/logo-cv-hd-18-web.jpeg"},{"@type":"BreadcrumbList","@id":"https:\/\/adveniat-paris.org\/en\/auberge-de-jeunesse-chretienne-et-eco-responsable\/#breadcrumb","itemListElement":[{"@type":"ListItem","position":1,"name":"Accueil","item":"https:\/\/adveniat-paris.org\/en\/"},{"@type":"ListItem","position":2,"name":"AUBERGE DE JEUNESSE CHR\u00c9TIENNE ET \u00c9CO-RESPONSABLE"}]},{"@type":"WebSite","@id":"https:\/\/adveniat-paris.org\/fr\/#website","url":"https:\/\/adveniat-paris.org\/fr\/","name":"Adveniat Paris","description":"Auberge de jeunesse \u00e0 2 pas des Champs Elys\u00e9es","publisher":{"@id":"https:\/\/adveniat-paris.org\/fr\/#organization"},"potentialAction":[{"@type":"SearchAction","target":{"@type":"EntryPoint","urlTemplate":"https:\/\/adveniat-paris.org\/fr\/?s={search_term_string}"},"query-input":{"@type":"PropertyValueSpecification","valueRequired":true,"valueName":"search_term_string"}}],"inLanguage":"en-US"},{"@type":"Organization","@id":"https:\/\/adveniat-paris.org\/fr\/#organization","name":"Adveniat Paris","url":"https:\/\/adveniat-paris.org\/fr\/","logo":{"@type":"ImageObject","inLanguage":"en-US","@id":"https:\/\/adveniat-paris.org\/fr\/#\/schema\/logo\/image\/","url":"https:\/\/adveniat-paris.org\/wp-content\/uploads\/Adveniat_logo_exe_Adveniat_logo_CMJN_baseline_blanc-1-e1737565095903.png","contentUrl":"https:\/\/adveniat-paris.org\/wp-content\/uploads\/Adveniat_logo_exe_Adveniat_logo_CMJN_baseline_blanc-1-e1737565095903.png","width":1968,"height":613,"caption":"Adveniat Paris"},"image":{"@id":"https:\/\/adveniat-paris.org\/fr\/#\/schema\/logo\/image\/"}}]}},"_links":{"self":[{"href":"https:\/\/adveniat-paris.org\/en\/wp-json\/wp\/v2\/pages\/4825","targetHints":{"allow":["GET"]}}],"collection":[{"href":"https:\/\/adveniat-paris.org\/en\/wp-json\/wp\/v2\/pages"}],"about":[{"href":"https:\/\/adveniat-paris.org\/en\/wp-json\/wp\/v2\/types\/page"}],"author":[{"embeddable":true,"href":"https:\/\/adveniat-paris.org\/en\/wp-json\/wp\/v2\/users\/5"}],"replies":[{"embeddable":true,"href":"https:\/\/adveniat-paris.org\/en\/wp-json\/wp\/v2\/comments?post=4825"}],"version-history":[{"count":10,"href":"https:\/\/adveniat-paris.org\/en\/wp-json\/wp\/v2\/pages\/4825\/revisions"}],"predecessor-version":[{"id":4853,"href":"https:\/\/adveniat-paris.org\/en\/wp-json\/wp\/v2\/pages\/4825\/revisions\/4853"}],"wp:attachment":[{"href":"https:\/\/adveniat-paris.org\/en\/wp-json\/wp\/v2\/media?parent=4825"}],"curies":[{"name":"wp","href":"https:\/\/api.w.org\/{rel}","templated":true}]}}