{"id":1151,"date":"2018-10-07T16:32:07","date_gmt":"2018-10-07T14:32:07","guid":{"rendered":"https:\/\/adveniat-paris.org\/?page_id=1151"},"modified":"2022-09-14T16:54:14","modified_gmt":"2022-09-14T14:54:14","slug":"los-alrededores","status":"publish","type":"page","link":"https:\/\/adveniat-paris.org\/es\/los-alrededores\/","title":{"rendered":"Los alrededores"},"content":{"rendered":"\t\t<div data-elementor-type=\"wp-post\" data-elementor-id=\"1151\" class=\"elementor elementor-1151\" data-elementor-post-type=\"page\">\n\t\t\t\t\t\t<section class=\"elementor-section elementor-top-section elementor-element elementor-element-e7cbe67 elementor-section-height-min-height elementor-section-boxed elementor-section-height-default elementor-section-items-middle\" data-id=\"e7cbe67\" data-element_type=\"section\" data-e-type=\"section\" data-settings=\"{&quot;background_background&quot;:&quot;classic&quot;}\">\n\t\t\t\t\t\t<div class=\"elementor-container elementor-column-gap-default\">\n\t\t\t\t\t<div class=\"elementor-column elementor-col-100 elementor-top-column elementor-element elementor-element-63a17174\" data-id=\"63a17174\" data-element_type=\"column\" data-e-type=\"column\">\n\t\t\t<div class=\"elementor-widget-wrap elementor-element-populated\">\n\t\t\t\t\t\t<div class=\"elementor-element elementor-element-376a1c0e elementor-widget elementor-widget-heading\" data-id=\"376a1c0e\" data-element_type=\"widget\" data-e-type=\"widget\" data-widget_type=\"heading.default\">\n\t\t\t\t<div class=\"elementor-widget-container\">\n\t\t\t\t\t<h2 class=\"elementor-heading-title elementor-size-default\">Los alrededores<\/h2>\t\t\t\t<\/div>\n\t\t\t\t<\/div>\n\t\t\t\t<div class=\"elementor-element elementor-element-1365fa2f elementor-widget elementor-widget-heading\" data-id=\"1365fa2f\" data-element_type=\"widget\" data-e-type=\"widget\" data-widget_type=\"heading.default\">\n\t\t\t\t<div class=\"elementor-widget-container\">\n\t\t\t\t\t<h3 class=\"elementor-heading-title elementor-size-default\">Una situaci\u00f3n excepcional en<br>\nun barrio emblem\u00e1tico<\/h3>\t\t\t\t<\/div>\n\t\t\t\t<\/div>\n\t\t\t\t\t<\/div>\n\t\t<\/div>\n\t\t\t\t\t<\/div>\n\t\t<\/section>\n\t\t\t\t<section class=\"elementor-section elementor-top-section elementor-element elementor-element-4fcc76f2 elementor-section-boxed elementor-section-height-default elementor-section-height-default\" data-id=\"4fcc76f2\" data-element_type=\"section\" data-e-type=\"section\">\n\t\t\t\t\t\t<div class=\"elementor-container elementor-column-gap-default\">\n\t\t\t\t\t<div class=\"elementor-column elementor-col-100 elementor-top-column elementor-element elementor-element-719840ac\" data-id=\"719840ac\" data-element_type=\"column\" data-e-type=\"column\">\n\t\t\t<div class=\"elementor-widget-wrap elementor-element-populated\">\n\t\t\t\t\t\t<div class=\"elementor-element elementor-element-29190f02 elementor-widget elementor-widget-heading\" data-id=\"29190f02\" data-element_type=\"widget\" data-e-type=\"widget\" data-widget_type=\"heading.default\">\n\t\t\t\t<div class=\"elementor-widget-container\">\n\t\t\t\t\t<h2 class=\"elementor-heading-title elementor-size-default\">Los Campos El\u00edseos, el Grand Palais,<br>la Torre Eiffel y la orilla del Sena<br>\nest\u00e1n a dos pasos<\/h2>\t\t\t\t<\/div>\n\t\t\t\t<\/div>\n\t\t\t\t<div class=\"elementor-element elementor-element-39dd6784 elementor-widget elementor-widget-text-editor\" data-id=\"39dd6784\" data-element_type=\"widget\" data-e-type=\"widget\" data-widget_type=\"text-editor.default\">\n\t\t\t\t<div class=\"elementor-widget-container\">\n\t\t\t\t\t\t\t\t\t<p>\u00bfUn albergue juvenil al lado de los Campos El\u00edseos?&#8230; No, no est\u00e1s so\u00f1ando. Adveniat est\u00e1 perfectamente situado al borde de lo que los parisinos llaman orgullosamente el triangle d\u2019or, esto es, el \u00abtri\u00e1ngulo de oro\u00bb que queda delimitado por las avenidas Montaigne, George-V y los Campos El\u00edseos, que es una de las zonas m\u00e1s emblem\u00e1ticas de Par\u00eds. Esta localizaci\u00f3n asegurar\u00e1 que est\u00e9s a unos pocos minutos de los lugares que tanto los turistas como los enamorados de Par\u00eds quieren ver.<\/p>\t\t\t\t\t\t\t\t<\/div>\n\t\t\t\t<\/div>\n\t\t\t\t<div class=\"elementor-element elementor-element-7e28ae50 elementor-widget elementor-widget-image\" data-id=\"7e28ae50\" data-element_type=\"widget\" data-e-type=\"widget\" data-widget_type=\"image.default\">\n\t\t\t\t<div class=\"elementor-widget-container\">\n\t\t\t\t\t\t\t\t\t\t\t\t\t\t\t<img fetchpriority=\"high\" decoding=\"async\" width=\"900\" height=\"720\" src=\"https:\/\/adveniat-paris.org\/wp-content\/uploads\/ADVENIAT_carte_PARIS-e1536576774125-1600x1280.png\" class=\"attachment-large size-large wp-image-811\" alt=\"Carte de Paris - Adveniat Auberge de Jeunesse Paris Centre Champs Elys\u00e9es\" srcset=\"https:\/\/adveniat-paris.org\/wp-content\/uploads\/ADVENIAT_carte_PARIS-e1536576774125-1600x1280.png 1600w, https:\/\/adveniat-paris.org\/wp-content\/uploads\/ADVENIAT_carte_PARIS-e1536576774125-400x320.png 400w, https:\/\/adveniat-paris.org\/wp-content\/uploads\/ADVENIAT_carte_PARIS-e1536576774125-768x614.png 768w, https:\/\/adveniat-paris.org\/wp-content\/uploads\/ADVENIAT_carte_PARIS-e1536576774125-120x96.png 120w\" sizes=\"(max-width: 900px) 100vw, 900px\" \/>\t\t\t\t\t\t\t\t\t\t\t\t\t\t\t<\/div>\n\t\t\t\t<\/div>\n\t\t\t\t\t<\/div>\n\t\t<\/div>\n\t\t\t\t\t<\/div>\n\t\t<\/section>\n\t\t\t\t<section class=\"elementor-section elementor-top-section elementor-element elementor-element-26867f45 elementor-section-boxed elementor-section-height-default elementor-section-height-default\" data-id=\"26867f45\" data-element_type=\"section\" data-e-type=\"section\">\n\t\t\t\t\t\t<div class=\"elementor-container elementor-column-gap-default\">\n\t\t\t\t\t<div class=\"elementor-column elementor-col-100 elementor-top-column elementor-element elementor-element-13032793\" data-id=\"13032793\" data-element_type=\"column\" data-e-type=\"column\">\n\t\t\t<div class=\"elementor-widget-wrap elementor-element-populated\">\n\t\t\t\t\t\t<div class=\"elementor-element elementor-element-67ce41e8 elementor-widget elementor-widget-heading\" data-id=\"67ce41e8\" data-element_type=\"widget\" data-e-type=\"widget\" data-widget_type=\"heading.default\">\n\t\t\t\t<div class=\"elementor-widget-container\">\n\t\t\t\t\t<h2 class=\"elementor-heading-title elementor-size-default\">El barrio en im\u00e1genes<\/h2>\t\t\t\t<\/div>\n\t\t\t\t<\/div>\n\t\t\t\t<div class=\"elementor-element elementor-element-26bcd984 elementor-widget elementor-widget-heading\" data-id=\"26bcd984\" data-element_type=\"widget\" data-e-type=\"widget\" data-widget_type=\"heading.default\">\n\t\t\t\t<div class=\"elementor-widget-container\">\n\t\t\t\t\t<p class=\"elementor-heading-title elementor-size-default\">Pasa unos d\u00edas en el coraz\u00f3n<br>de un barrio ineludible de Par\u00eds<\/p>\t\t\t\t<\/div>\n\t\t\t\t<\/div>\n\t\t\t\t<div class=\"elementor-element elementor-element-e6b0ba2 elementor-widget elementor-widget-image-gallery\" data-id=\"e6b0ba2\" data-element_type=\"widget\" data-e-type=\"widget\" data-widget_type=\"image-gallery.default\">\n\t\t\t\t<div class=\"elementor-widget-container\">\n\t\t\t\t\t\t\t<div class=\"elementor-image-gallery\">\n\t\t\t\n\t\t<style type=\"text\/css\">\n\t\t\t#gallery-1 {\n\t\t\t\tmargin: auto;\n\t\t\t}\n\t\t\t#gallery-1 .gallery-item {\n\t\t\t\tfloat: left;\n\t\t\t\tmargin-top: 10px;\n\t\t\t\ttext-align: center;\n\t\t\t\twidth: 33%;\n\t\t\t}\n\t\t\t#gallery-1 img {\n\t\t\t\tborder: 2px solid #cfcfcf;\n\t\t\t}\n\t\t\t#gallery-1 .gallery-caption {\n\t\t\t\tmargin-left: 0;\n\t\t\t}\n\t\t\t\/* see gallery_shortcode() in wp-includes\/media.php *\/\n\t\t<\/style>\n\t\t<div id='gallery-1' class='gallery galleryid-1151 gallery-columns-3 gallery-size-thumbnail'><dl class='gallery-item'>\n\t\t\t<dt class='gallery-icon landscape'>\n\t\t\t\t<a data-elementor-open-lightbox=\"yes\" data-elementor-lightbox-slideshow=\"e6b0ba2\" data-e-action-hash=\"#elementor-action%3Aaction%3Dlightbox%26settings%3DeyJpZCI6NjA5LCJ1cmwiOiJodHRwczpcL1wvYWR2ZW5pYXQtcGFyaXMub3JnXC93cC1jb250ZW50XC91cGxvYWRzXC9Db3BpZS1kZS1fRFNDMTMyOC5qcGciLCJzbGlkZXNob3ciOiJlNmIwYmEyIn0%3D\" href='https:\/\/adveniat-paris.org\/wp-content\/uploads\/Copie-de-_DSC1328.jpg'><img decoding=\"async\" width=\"300\" height=\"300\" src=\"https:\/\/adveniat-paris.org\/wp-content\/uploads\/Copie-de-_DSC1328-e1536577196293-300x300.jpg\" class=\"attachment-thumbnail size-thumbnail\" alt=\"Le quartier de l&#039;auberge de Jeunesse Adveniat Paris Centre Champs Elys\u00e9es\" \/><\/a>\n\t\t\t<\/dt><\/dl><dl class='gallery-item'>\n\t\t\t<dt class='gallery-icon landscape'>\n\t\t\t\t<a data-elementor-open-lightbox=\"yes\" data-elementor-lightbox-slideshow=\"e6b0ba2\" data-e-action-hash=\"#elementor-action%3Aaction%3Dlightbox%26settings%3DeyJpZCI6NjEwLCJ1cmwiOiJodHRwczpcL1wvYWR2ZW5pYXQtcGFyaXMub3JnXC93cC1jb250ZW50XC91cGxvYWRzXC9Db3BpZS1kZS1fRFNDMTM4Mi5qcGciLCJzbGlkZXNob3ciOiJlNmIwYmEyIn0%3D\" href='https:\/\/adveniat-paris.org\/wp-content\/uploads\/Copie-de-_DSC1382.jpg'><img decoding=\"async\" width=\"300\" height=\"300\" src=\"https:\/\/adveniat-paris.org\/wp-content\/uploads\/Copie-de-_DSC1382-e1536583617421-300x300.jpg\" class=\"attachment-thumbnail size-thumbnail\" alt=\"Le quartier de l&#039;auberge de Jeunesse Adveniat Paris Centre Champs Elys\u00e9es\" \/><\/a>\n\t\t\t<\/dt><\/dl><dl class='gallery-item'>\n\t\t\t<dt class='gallery-icon landscape'>\n\t\t\t\t<a data-elementor-open-lightbox=\"yes\" data-elementor-lightbox-slideshow=\"e6b0ba2\" data-e-action-hash=\"#elementor-action%3Aaction%3Dlightbox%26settings%3DeyJpZCI6NjA4LCJ1cmwiOiJodHRwczpcL1wvYWR2ZW5pYXQtcGFyaXMub3JnXC93cC1jb250ZW50XC91cGxvYWRzXC9Db3BpZS1kZS1fRFNDMTMyNC5qcGciLCJzbGlkZXNob3ciOiJlNmIwYmEyIn0%3D\" href='https:\/\/adveniat-paris.org\/wp-content\/uploads\/Copie-de-_DSC1324.jpg'><img loading=\"lazy\" decoding=\"async\" width=\"300\" height=\"300\" src=\"https:\/\/adveniat-paris.org\/wp-content\/uploads\/Copie-de-_DSC1324-300x300.jpg\" class=\"attachment-thumbnail size-thumbnail\" alt=\"Le quartier de l&#039;auberge de Jeunesse Adveniat Paris Centre Champs Elys\u00e9es\" srcset=\"https:\/\/adveniat-paris.org\/wp-content\/uploads\/Copie-de-_DSC1324-300x300.jpg 300w, https:\/\/adveniat-paris.org\/wp-content\/uploads\/Copie-de-_DSC1324-250x250.jpg 250w, https:\/\/adveniat-paris.org\/wp-content\/uploads\/Copie-de-_DSC1324-150x150.jpg 150w\" sizes=\"(max-width: 300px) 100vw, 300px\" \/><\/a>\n\t\t\t<\/dt><\/dl><br style=\"clear: both\" \/><dl class='gallery-item'>\n\t\t\t<dt class='gallery-icon landscape'>\n\t\t\t\t<a data-elementor-open-lightbox=\"yes\" data-elementor-lightbox-slideshow=\"e6b0ba2\" data-e-action-hash=\"#elementor-action%3Aaction%3Dlightbox%26settings%3DeyJpZCI6NjExLCJ1cmwiOiJodHRwczpcL1wvYWR2ZW5pYXQtcGFyaXMub3JnXC93cC1jb250ZW50XC91cGxvYWRzXC9Db3BpZS1kZS1fRFNDMTM4Ny5qcGciLCJzbGlkZXNob3ciOiJlNmIwYmEyIn0%3D\" href='https:\/\/adveniat-paris.org\/wp-content\/uploads\/Copie-de-_DSC1387.jpg'><img loading=\"lazy\" decoding=\"async\" width=\"300\" height=\"300\" src=\"https:\/\/adveniat-paris.org\/wp-content\/uploads\/Copie-de-_DSC1387-300x300.jpg\" class=\"attachment-thumbnail size-thumbnail\" alt=\"Le quartier de l&#039;auberge de Jeunesse Adveniat Paris Centre Champs Elys\u00e9es\" srcset=\"https:\/\/adveniat-paris.org\/wp-content\/uploads\/Copie-de-_DSC1387-300x300.jpg 300w, https:\/\/adveniat-paris.org\/wp-content\/uploads\/Copie-de-_DSC1387-250x250.jpg 250w, https:\/\/adveniat-paris.org\/wp-content\/uploads\/Copie-de-_DSC1387-150x150.jpg 150w\" sizes=\"(max-width: 300px) 100vw, 300px\" \/><\/a>\n\t\t\t<\/dt><\/dl><dl class='gallery-item'>\n\t\t\t<dt class='gallery-icon portrait'>\n\t\t\t\t<a data-elementor-open-lightbox=\"yes\" data-elementor-lightbox-slideshow=\"e6b0ba2\" data-e-action-hash=\"#elementor-action%3Aaction%3Dlightbox%26settings%3DeyJpZCI6NjA3LCJ1cmwiOiJodHRwczpcL1wvYWR2ZW5pYXQtcGFyaXMub3JnXC93cC1jb250ZW50XC91cGxvYWRzXC9BcmMuanBlZyIsInNsaWRlc2hvdyI6ImU2YjBiYTIifQ%3D%3D\" href='https:\/\/adveniat-paris.org\/wp-content\/uploads\/Arc.jpeg'><img loading=\"lazy\" decoding=\"async\" width=\"300\" height=\"300\" src=\"https:\/\/adveniat-paris.org\/wp-content\/uploads\/Arc-300x300.jpeg\" class=\"attachment-thumbnail size-thumbnail\" alt=\"Le quartier de l&#039;auberge de Jeunesse Adveniat Paris Centre Champs Elys\u00e9es\" srcset=\"https:\/\/adveniat-paris.org\/wp-content\/uploads\/Arc-300x300.jpeg 300w, https:\/\/adveniat-paris.org\/wp-content\/uploads\/Arc-250x250.jpeg 250w, https:\/\/adveniat-paris.org\/wp-content\/uploads\/Arc-150x150.jpeg 150w\" sizes=\"(max-width: 300px) 100vw, 300px\" \/><\/a>\n\t\t\t<\/dt><\/dl><dl class='gallery-item'>\n\t\t\t<dt class='gallery-icon landscape'>\n\t\t\t\t<a data-elementor-open-lightbox=\"yes\" data-elementor-lightbox-slideshow=\"e6b0ba2\" data-e-action-hash=\"#elementor-action%3Aaction%3Dlightbox%26settings%3DeyJpZCI6NjEyLCJ1cmwiOiJodHRwczpcL1wvYWR2ZW5pYXQtcGFyaXMub3JnXC93cC1jb250ZW50XC91cGxvYWRzXC90b3VyLWVpZmZlbC5qcGVnIiwic2xpZGVzaG93IjoiZTZiMGJhMiJ9\" href='https:\/\/adveniat-paris.org\/wp-content\/uploads\/tour-eiffel.jpeg'><img loading=\"lazy\" decoding=\"async\" width=\"300\" height=\"300\" src=\"https:\/\/adveniat-paris.org\/wp-content\/uploads\/tour-eiffel-300x300.jpeg\" class=\"attachment-thumbnail size-thumbnail\" alt=\"Le quartier de l&#039;auberge de Jeunesse Adveniat Paris Centre Champs Elys\u00e9es\" srcset=\"https:\/\/adveniat-paris.org\/wp-content\/uploads\/tour-eiffel-300x300.jpeg 300w, https:\/\/adveniat-paris.org\/wp-content\/uploads\/tour-eiffel-250x250.jpeg 250w, https:\/\/adveniat-paris.org\/wp-content\/uploads\/tour-eiffel-150x150.jpeg 150w\" sizes=\"(max-width: 300px) 100vw, 300px\" \/><\/a>\n\t\t\t<\/dt><\/dl><br style=\"clear: both\" \/><dl class='gallery-item'>\n\t\t\t<dt class='gallery-icon landscape'>\n\t\t\t\t<a data-elementor-open-lightbox=\"yes\" data-elementor-lightbox-slideshow=\"e6b0ba2\" data-e-action-hash=\"#elementor-action%3Aaction%3Dlightbox%26settings%3DeyJpZCI6NzU0LCJ1cmwiOiJodHRwczpcL1wvYWR2ZW5pYXQtcGFyaXMub3JnXC93cC1jb250ZW50XC91cGxvYWRzXC9EU0MwODY2LmpwZWciLCJzbGlkZXNob3ciOiJlNmIwYmEyIn0%3D\" href='https:\/\/adveniat-paris.org\/wp-content\/uploads\/DSC0866.jpeg'><img loading=\"lazy\" decoding=\"async\" width=\"300\" height=\"300\" src=\"https:\/\/adveniat-paris.org\/wp-content\/uploads\/DSC0866-e1536577447698-300x300.jpeg\" class=\"attachment-thumbnail size-thumbnail\" alt=\"Le quartier de l&#039;auberge de Jeunesse Adveniat Paris Centre Champs Elys\u00e9es\" \/><\/a>\n\t\t\t<\/dt><\/dl><dl class='gallery-item'>\n\t\t\t<dt class='gallery-icon landscape'>\n\t\t\t\t<a data-elementor-open-lightbox=\"yes\" data-elementor-lightbox-slideshow=\"e6b0ba2\" data-e-action-hash=\"#elementor-action%3Aaction%3Dlightbox%26settings%3DeyJpZCI6NzU1LCJ1cmwiOiJodHRwczpcL1wvYWR2ZW5pYXQtcGFyaXMub3JnXC93cC1jb250ZW50XC91cGxvYWRzXC9EU0MxMzEwLmpwZWciLCJzbGlkZXNob3ciOiJlNmIwYmEyIn0%3D\" href='https:\/\/adveniat-paris.org\/wp-content\/uploads\/DSC1310.jpeg'><img loading=\"lazy\" decoding=\"async\" width=\"300\" height=\"300\" src=\"https:\/\/adveniat-paris.org\/wp-content\/uploads\/DSC1310-300x300.jpeg\" class=\"attachment-thumbnail size-thumbnail\" alt=\"Le quartier de l&#039;auberge de Jeunesse Adveniat Paris Centre Champs Elys\u00e9es\" srcset=\"https:\/\/adveniat-paris.org\/wp-content\/uploads\/DSC1310-300x300.jpeg 300w, https:\/\/adveniat-paris.org\/wp-content\/uploads\/DSC1310-250x250.jpeg 250w\" sizes=\"(max-width: 300px) 100vw, 300px\" \/><\/a>\n\t\t\t<\/dt><\/dl><dl class='gallery-item'>\n\t\t\t<dt class='gallery-icon landscape'>\n\t\t\t\t<a data-elementor-open-lightbox=\"yes\" data-elementor-lightbox-slideshow=\"e6b0ba2\" data-e-action-hash=\"#elementor-action%3Aaction%3Dlightbox%26settings%3DeyJpZCI6NzU2LCJ1cmwiOiJodHRwczpcL1wvYWR2ZW5pYXQtcGFyaXMub3JnXC93cC1jb250ZW50XC91cGxvYWRzXC9EU0MxMzcyLmpwZyIsInNsaWRlc2hvdyI6ImU2YjBiYTIifQ%3D%3D\" href='https:\/\/adveniat-paris.org\/wp-content\/uploads\/DSC1372.jpg'><img loading=\"lazy\" decoding=\"async\" width=\"300\" height=\"300\" src=\"https:\/\/adveniat-paris.org\/wp-content\/uploads\/DSC1372-e1536577323201-300x300.jpg\" class=\"attachment-thumbnail size-thumbnail\" alt=\"Le quartier de l&#039;auberge de Jeunesse Adveniat Paris Centre Champs Elys\u00e9es\" \/><\/a>\n\t\t\t<\/dt><\/dl><br style=\"clear: both\" \/>\n\t\t<\/div>\n\t\t<\/div>\n\t\t\t\t\t\t<\/div>\n\t\t\t\t<\/div>\n\t\t\t\t\t<\/div>\n\t\t<\/div>\n\t\t\t\t\t<\/div>\n\t\t<\/section>\n\t\t\t\t<section class=\"elementor-section elementor-top-section elementor-element elementor-element-dc00801 elementor-section-boxed elementor-section-height-default elementor-section-height-default\" data-id=\"dc00801\" data-element_type=\"section\" data-e-type=\"section\">\n\t\t\t\t\t\t<div class=\"elementor-container elementor-column-gap-default\">\n\t\t\t\t\t<div class=\"elementor-column elementor-col-100 elementor-top-column elementor-element elementor-element-29e8a9b3\" data-id=\"29e8a9b3\" data-element_type=\"column\" data-e-type=\"column\">\n\t\t\t<div class=\"elementor-widget-wrap elementor-element-populated\">\n\t\t\t\t\t\t<div class=\"elementor-element elementor-element-69db5c35 elementor-widget elementor-widget-heading\" data-id=\"69db5c35\" data-element_type=\"widget\" data-e-type=\"widget\" data-widget_type=\"heading.default\">\n\t\t\t\t<div class=\"elementor-widget-container\">\n\t\t\t\t\t<h2 class=\"elementor-heading-title elementor-size-default\">Sit\u00faanos<\/h2>\t\t\t\t<\/div>\n\t\t\t\t<\/div>\n\t\t\t\t<div class=\"elementor-element elementor-element-6c960fb elementor-widget elementor-widget-google_maps\" data-id=\"6c960fb\" data-element_type=\"widget\" data-e-type=\"widget\" data-widget_type=\"google_maps.default\">\n\t\t\t\t<div class=\"elementor-widget-container\">\n\t\t\t\t\t\t\t<div class=\"elementor-custom-embed\">\n\t\t\t<iframe loading=\"lazy\"\n\t\t\t\t\tsrc=\"https:\/\/maps.google.com\/maps?q=Adveniat%20Paris%20&#038;t=m&#038;z=15&#038;output=embed&#038;iwloc=near\"\n\t\t\t\t\ttitle=\"Adveniat Paris \"\n\t\t\t\t\taria-label=\"Adveniat Paris \"\n\t\t\t><\/iframe>\n\t\t<\/div>\n\t\t\t\t\t\t<\/div>\n\t\t\t\t<\/div>\n\t\t\t\t\t<\/div>\n\t\t<\/div>\n\t\t\t\t\t<\/div>\n\t\t<\/section>\n\t\t\t\t<section class=\"elementor-section elementor-top-section elementor-element elementor-element-425a89c3 elementor-section-boxed elementor-section-height-default elementor-section-height-default\" data-id=\"425a89c3\" data-element_type=\"section\" data-e-type=\"section\">\n\t\t\t\t\t\t<div class=\"elementor-container elementor-column-gap-default\">\n\t\t\t\t\t<div class=\"elementor-column elementor-col-33 elementor-top-column elementor-element elementor-element-4997467e\" data-id=\"4997467e\" data-element_type=\"column\" data-e-type=\"column\">\n\t\t\t<div class=\"elementor-widget-wrap elementor-element-populated\">\n\t\t\t\t\t\t<div class=\"elementor-element elementor-element-577ad536 elementor-align-center elementor-widget elementor-widget-button\" data-id=\"577ad536\" data-element_type=\"widget\" data-e-type=\"widget\" data-widget_type=\"button.default\">\n\t\t\t\t<div class=\"elementor-widget-container\">\n\t\t\t\t\t\t\t\t\t<div class=\"elementor-button-wrapper\">\n\t\t\t\t\t<a class=\"elementor-button elementor-button-link elementor-size-md elementor-animation-shrink\" href=\"https:\/\/adveniat-paris.org\/es\/el-abergue\/\">\n\t\t\t\t\t\t<span class=\"elementor-button-content-wrapper\">\n\t\t\t\t\t\t\t\t\t<span class=\"elementor-button-text\">Saber m\u00e1s del albergue<\/span>\n\t\t\t\t\t<\/span>\n\t\t\t\t\t<\/a>\n\t\t\t\t<\/div>\n\t\t\t\t\t\t\t\t<\/div>\n\t\t\t\t<\/div>\n\t\t\t\t\t<\/div>\n\t\t<\/div>\n\t\t\t\t<div class=\"elementor-column elementor-col-33 elementor-top-column elementor-element elementor-element-72e1c31e\" data-id=\"72e1c31e\" data-element_type=\"column\" data-e-type=\"column\">\n\t\t\t<div class=\"elementor-widget-wrap elementor-element-populated\">\n\t\t\t\t\t\t<div class=\"elementor-element elementor-element-30212523 elementor-align-center elementor-widget elementor-widget-button\" data-id=\"30212523\" data-element_type=\"widget\" data-e-type=\"widget\" data-widget_type=\"button.default\">\n\t\t\t\t<div class=\"elementor-widget-container\">\n\t\t\t\t\t\t\t\t\t<div class=\"elementor-button-wrapper\">\n\t\t\t\t\t<a class=\"elementor-button elementor-button-link elementor-size-md elementor-animation-shrink\" href=\"https:\/\/adveniat-paris.org\/es\/habitaciones-y-tarifas\/\">\n\t\t\t\t\t\t<span class=\"elementor-button-content-wrapper\">\n\t\t\t\t\t\t\t\t\t<span class=\"elementor-button-text\">Informaci\u00f3n sobre las habitaciones<\/span>\n\t\t\t\t\t<\/span>\n\t\t\t\t\t<\/a>\n\t\t\t\t<\/div>\n\t\t\t\t\t\t\t\t<\/div>\n\t\t\t\t<\/div>\n\t\t\t\t\t<\/div>\n\t\t<\/div>\n\t\t\t\t<div class=\"elementor-column elementor-col-33 elementor-top-column elementor-element elementor-element-139bf780\" data-id=\"139bf780\" data-element_type=\"column\" data-e-type=\"column\">\n\t\t\t<div class=\"elementor-widget-wrap elementor-element-populated\">\n\t\t\t\t\t\t<div class=\"elementor-element elementor-element-1913cad1 elementor-align-center distributor elementor-widget elementor-widget-button\" data-id=\"1913cad1\" data-element_type=\"widget\" data-e-type=\"widget\" data-widget_type=\"button.default\">\n\t\t\t\t<div class=\"elementor-widget-container\">\n\t\t\t\t\t\t\t\t\t<div class=\"elementor-button-wrapper\">\n\t\t\t\t\t<a class=\"elementor-button elementor-button-link elementor-size-md elementor-animation-grow\" href=\"#\">\n\t\t\t\t\t\t<span class=\"elementor-button-content-wrapper\">\n\t\t\t\t\t\t\t\t\t<span class=\"elementor-button-text\">Hacer una reserva<\/span>\n\t\t\t\t\t<\/span>\n\t\t\t\t\t<\/a>\n\t\t\t\t<\/div>\n\t\t\t\t\t\t\t\t<\/div>\n\t\t\t\t<\/div>\n\t\t\t\t\t<\/div>\n\t\t<\/div>\n\t\t\t\t\t<\/div>\n\t\t<\/section>\n\t\t\t\t<\/div>\n\t\t","protected":false},"excerpt":{"rendered":"<p>Los alrededores Una situaci\u00f3n excepcional en un barrio emblem\u00e1tico Los Campos El\u00edseos, el Grand Palais,la Torre Eiffel y la orilla del Sena est\u00e1n a dos pasos \u00bfUn albergue juvenil al lado de los Campos El\u00edseos?&#8230; No, no est\u00e1s so\u00f1ando. Adveniat est\u00e1 perfectamente situado al borde de lo que los parisinos llaman orgullosamente el triangle d\u2019or, [&hellip;]<\/p>\n","protected":false},"author":1,"featured_media":0,"parent":0,"menu_order":3,"comment_status":"closed","ping_status":"closed","template":"","meta":{"om_disable_all_campaigns":false,"_monsterinsights_skip_tracking":false,"_monsterinsights_sitenote_active":false,"_monsterinsights_sitenote_note":"","_monsterinsights_sitenote_category":0,"_uf_show_specific_survey":0,"_uf_disable_surveys":false,"footnotes":""},"class_list":["post-1151","page","type-page","status-publish","hentry"],"aioseo_notices":[],"yoast_head":"<!-- This site is optimized with the Yoast SEO plugin v27.5 - https:\/\/yoast.com\/product\/yoast-seo-wordpress\/ -->\n<title>Los alrededores (Campos El\u00edseos) - Albergue Adveniat<\/title>\n<meta name=\"description\" content=\"Un albergue juvenil al lado de los Campos El\u00edseos?\u2026 No, no est\u00e1s so\u00f1ando. Adveniat est\u00e1 perfectamente situado al borde del triangle d\u2019or.\" \/>\n<meta name=\"robots\" content=\"index, follow, max-snippet:-1, max-image-preview:large, max-video-preview:-1\" \/>\n<link rel=\"canonical\" href=\"https:\/\/adveniat-paris.org\/es\/los-alrededores\/\" \/>\n<meta property=\"og:locale\" content=\"es_ES\" \/>\n<meta property=\"og:type\" content=\"article\" \/>\n<meta property=\"og:title\" content=\"Los alrededores (Campos El\u00edseos) - Albergue Adveniat\" \/>\n<meta property=\"og:description\" content=\"Un albergue juvenil al lado de los Campos El\u00edseos?\u2026 No, no est\u00e1s so\u00f1ando. Adveniat est\u00e1 perfectamente situado al borde del triangle d\u2019or.\" \/>\n<meta property=\"og:url\" content=\"https:\/\/adveniat-paris.org\/es\/los-alrededores\/\" \/>\n<meta property=\"og:site_name\" content=\"Adveniat Paris\" \/>\n<meta property=\"article:modified_time\" content=\"2022-09-14T14:54:14+00:00\" \/>\n<meta property=\"og:image\" content=\"https:\/\/adveniat-paris.org\/wp-content\/uploads\/ADVENIAT_carte_PARIS-e1536576774125-1600x1280.png\" \/>\n<meta name=\"twitter:card\" content=\"summary_large_image\" \/>\n<meta name=\"twitter:label1\" content=\"Tiempo de lectura\" \/>\n\t<meta name=\"twitter:data1\" content=\"3 minutos\" \/>\n<script type=\"application\/ld+json\" class=\"yoast-schema-graph\">{\"@context\":\"https:\\\/\\\/schema.org\",\"@graph\":[{\"@type\":\"WebPage\",\"@id\":\"https:\\\/\\\/adveniat-paris.org\\\/es\\\/los-alrededores\\\/\",\"url\":\"https:\\\/\\\/adveniat-paris.org\\\/es\\\/los-alrededores\\\/\",\"name\":\"Los alrededores (Campos El\u00edseos) - Albergue Adveniat\",\"isPartOf\":{\"@id\":\"https:\\\/\\\/adveniat-paris.org\\\/fr\\\/#website\"},\"primaryImageOfPage\":{\"@id\":\"https:\\\/\\\/adveniat-paris.org\\\/es\\\/los-alrededores\\\/#primaryimage\"},\"image\":{\"@id\":\"https:\\\/\\\/adveniat-paris.org\\\/es\\\/los-alrededores\\\/#primaryimage\"},\"thumbnailUrl\":\"https:\\\/\\\/adveniat-paris.org\\\/wp-content\\\/uploads\\\/ADVENIAT_carte_PARIS-e1536576774125-1600x1280.png\",\"datePublished\":\"2018-10-07T14:32:07+00:00\",\"dateModified\":\"2022-09-14T14:54:14+00:00\",\"description\":\"Un albergue juvenil al lado de los Campos El\u00edseos?\u2026 No, no est\u00e1s so\u00f1ando. Adveniat est\u00e1 perfectamente situado al borde del triangle d\u2019or.\",\"breadcrumb\":{\"@id\":\"https:\\\/\\\/adveniat-paris.org\\\/es\\\/los-alrededores\\\/#breadcrumb\"},\"inLanguage\":\"es\",\"potentialAction\":[{\"@type\":\"ReadAction\",\"target\":[\"https:\\\/\\\/adveniat-paris.org\\\/es\\\/los-alrededores\\\/\"]}]},{\"@type\":\"ImageObject\",\"inLanguage\":\"es\",\"@id\":\"https:\\\/\\\/adveniat-paris.org\\\/es\\\/los-alrededores\\\/#primaryimage\",\"url\":\"https:\\\/\\\/adveniat-paris.org\\\/wp-content\\\/uploads\\\/ADVENIAT_carte_PARIS-e1536576774125-1600x1280.png\",\"contentUrl\":\"https:\\\/\\\/adveniat-paris.org\\\/wp-content\\\/uploads\\\/ADVENIAT_carte_PARIS-e1536576774125-1600x1280.png\"},{\"@type\":\"BreadcrumbList\",\"@id\":\"https:\\\/\\\/adveniat-paris.org\\\/es\\\/los-alrededores\\\/#breadcrumb\",\"itemListElement\":[{\"@type\":\"ListItem\",\"position\":1,\"name\":\"Accueil\",\"item\":\"https:\\\/\\\/adveniat-paris.org\\\/es\\\/\"},{\"@type\":\"ListItem\",\"position\":2,\"name\":\"Los alrededores\"}]},{\"@type\":\"WebSite\",\"@id\":\"https:\\\/\\\/adveniat-paris.org\\\/fr\\\/#website\",\"url\":\"https:\\\/\\\/adveniat-paris.org\\\/fr\\\/\",\"name\":\"Adveniat Paris\",\"description\":\"Auberge de jeunesse \u00e0 2 pas des Champs Elys\u00e9es\",\"publisher\":{\"@id\":\"https:\\\/\\\/adveniat-paris.org\\\/fr\\\/#organization\"},\"potentialAction\":[{\"@type\":\"SearchAction\",\"target\":{\"@type\":\"EntryPoint\",\"urlTemplate\":\"https:\\\/\\\/adveniat-paris.org\\\/fr\\\/?s={search_term_string}\"},\"query-input\":{\"@type\":\"PropertyValueSpecification\",\"valueRequired\":true,\"valueName\":\"search_term_string\"}}],\"inLanguage\":\"es\"},{\"@type\":\"Organization\",\"@id\":\"https:\\\/\\\/adveniat-paris.org\\\/fr\\\/#organization\",\"name\":\"Adveniat Paris\",\"url\":\"https:\\\/\\\/adveniat-paris.org\\\/fr\\\/\",\"logo\":{\"@type\":\"ImageObject\",\"inLanguage\":\"es\",\"@id\":\"https:\\\/\\\/adveniat-paris.org\\\/fr\\\/#\\\/schema\\\/logo\\\/image\\\/\",\"url\":\"https:\\\/\\\/adveniat-paris.org\\\/wp-content\\\/uploads\\\/Adveniat_logo_exe_Adveniat_logo_CMJN_baseline_blanc-1-e1737565095903.png\",\"contentUrl\":\"https:\\\/\\\/adveniat-paris.org\\\/wp-content\\\/uploads\\\/Adveniat_logo_exe_Adveniat_logo_CMJN_baseline_blanc-1-e1737565095903.png\",\"width\":1968,\"height\":613,\"caption\":\"Adveniat Paris\"},\"image\":{\"@id\":\"https:\\\/\\\/adveniat-paris.org\\\/fr\\\/#\\\/schema\\\/logo\\\/image\\\/\"}}]}<\/script>\n<!-- \/ Yoast SEO plugin. -->","yoast_head_json":{"title":"Los alrededores (Campos El\u00edseos) - Albergue Adveniat","description":"Un albergue juvenil al lado de los Campos El\u00edseos?\u2026 No, no est\u00e1s so\u00f1ando. Adveniat est\u00e1 perfectamente situado al borde del triangle d\u2019or.","robots":{"index":"index","follow":"follow","max-snippet":"max-snippet:-1","max-image-preview":"max-image-preview:large","max-video-preview":"max-video-preview:-1"},"canonical":"https:\/\/adveniat-paris.org\/es\/los-alrededores\/","og_locale":"es_ES","og_type":"article","og_title":"Los alrededores (Campos El\u00edseos) - Albergue Adveniat","og_description":"Un albergue juvenil al lado de los Campos El\u00edseos?\u2026 No, no est\u00e1s so\u00f1ando. Adveniat est\u00e1 perfectamente situado al borde del triangle d\u2019or.","og_url":"https:\/\/adveniat-paris.org\/es\/los-alrededores\/","og_site_name":"Adveniat Paris","article_modified_time":"2022-09-14T14:54:14+00:00","og_image":[{"url":"https:\/\/adveniat-paris.org\/wp-content\/uploads\/ADVENIAT_carte_PARIS-e1536576774125-1600x1280.png","type":"","width":"","height":""}],"twitter_card":"summary_large_image","twitter_misc":{"Tiempo de lectura":"3 minutos"},"schema":{"@context":"https:\/\/schema.org","@graph":[{"@type":"WebPage","@id":"https:\/\/adveniat-paris.org\/es\/los-alrededores\/","url":"https:\/\/adveniat-paris.org\/es\/los-alrededores\/","name":"Los alrededores (Campos El\u00edseos) - Albergue Adveniat","isPartOf":{"@id":"https:\/\/adveniat-paris.org\/fr\/#website"},"primaryImageOfPage":{"@id":"https:\/\/adveniat-paris.org\/es\/los-alrededores\/#primaryimage"},"image":{"@id":"https:\/\/adveniat-paris.org\/es\/los-alrededores\/#primaryimage"},"thumbnailUrl":"https:\/\/adveniat-paris.org\/wp-content\/uploads\/ADVENIAT_carte_PARIS-e1536576774125-1600x1280.png","datePublished":"2018-10-07T14:32:07+00:00","dateModified":"2022-09-14T14:54:14+00:00","description":"Un albergue juvenil al lado de los Campos El\u00edseos?\u2026 No, no est\u00e1s so\u00f1ando. Adveniat est\u00e1 perfectamente situado al borde del triangle d\u2019or.","breadcrumb":{"@id":"https:\/\/adveniat-paris.org\/es\/los-alrededores\/#breadcrumb"},"inLanguage":"es","potentialAction":[{"@type":"ReadAction","target":["https:\/\/adveniat-paris.org\/es\/los-alrededores\/"]}]},{"@type":"ImageObject","inLanguage":"es","@id":"https:\/\/adveniat-paris.org\/es\/los-alrededores\/#primaryimage","url":"https:\/\/adveniat-paris.org\/wp-content\/uploads\/ADVENIAT_carte_PARIS-e1536576774125-1600x1280.png","contentUrl":"https:\/\/adveniat-paris.org\/wp-content\/uploads\/ADVENIAT_carte_PARIS-e1536576774125-1600x1280.png"},{"@type":"BreadcrumbList","@id":"https:\/\/adveniat-paris.org\/es\/los-alrededores\/#breadcrumb","itemListElement":[{"@type":"ListItem","position":1,"name":"Accueil","item":"https:\/\/adveniat-paris.org\/es\/"},{"@type":"ListItem","position":2,"name":"Los alrededores"}]},{"@type":"WebSite","@id":"https:\/\/adveniat-paris.org\/fr\/#website","url":"https:\/\/adveniat-paris.org\/fr\/","name":"Adveniat Paris","description":"Auberge de jeunesse \u00e0 2 pas des Champs Elys\u00e9es","publisher":{"@id":"https:\/\/adveniat-paris.org\/fr\/#organization"},"potentialAction":[{"@type":"SearchAction","target":{"@type":"EntryPoint","urlTemplate":"https:\/\/adveniat-paris.org\/fr\/?s={search_term_string}"},"query-input":{"@type":"PropertyValueSpecification","valueRequired":true,"valueName":"search_term_string"}}],"inLanguage":"es"},{"@type":"Organization","@id":"https:\/\/adveniat-paris.org\/fr\/#organization","name":"Adveniat Paris","url":"https:\/\/adveniat-paris.org\/fr\/","logo":{"@type":"ImageObject","inLanguage":"es","@id":"https:\/\/adveniat-paris.org\/fr\/#\/schema\/logo\/image\/","url":"https:\/\/adveniat-paris.org\/wp-content\/uploads\/Adveniat_logo_exe_Adveniat_logo_CMJN_baseline_blanc-1-e1737565095903.png","contentUrl":"https:\/\/adveniat-paris.org\/wp-content\/uploads\/Adveniat_logo_exe_Adveniat_logo_CMJN_baseline_blanc-1-e1737565095903.png","width":1968,"height":613,"caption":"Adveniat Paris"},"image":{"@id":"https:\/\/adveniat-paris.org\/fr\/#\/schema\/logo\/image\/"}}]}},"_links":{"self":[{"href":"https:\/\/adveniat-paris.org\/es\/wp-json\/wp\/v2\/pages\/1151","targetHints":{"allow":["GET"]}}],"collection":[{"href":"https:\/\/adveniat-paris.org\/es\/wp-json\/wp\/v2\/pages"}],"about":[{"href":"https:\/\/adveniat-paris.org\/es\/wp-json\/wp\/v2\/types\/page"}],"author":[{"embeddable":true,"href":"https:\/\/adveniat-paris.org\/es\/wp-json\/wp\/v2\/users\/1"}],"replies":[{"embeddable":true,"href":"https:\/\/adveniat-paris.org\/es\/wp-json\/wp\/v2\/comments?post=1151"}],"version-history":[{"count":0,"href":"https:\/\/adveniat-paris.org\/es\/wp-json\/wp\/v2\/pages\/1151\/revisions"}],"wp:attachment":[{"href":"https:\/\/adveniat-paris.org\/es\/wp-json\/wp\/v2\/media?parent=1151"}],"curies":[{"name":"wp","href":"https:\/\/api.w.org\/{rel}","templated":true}]}}