{"id":1193,"date":"2018-11-02T15:54:12","date_gmt":"2018-11-02T14:54:12","guid":{"rendered":"https:\/\/adveniat-paris.org\/?page_id=1193"},"modified":"2019-04-28T15:15:39","modified_gmt":"2019-04-28T13:15:39","slug":"quienes-somos","status":"publish","type":"page","link":"https:\/\/adveniat-paris.org\/es\/quienes-somos\/","title":{"rendered":"\u00bfQui\u00e9nes somos?"},"content":{"rendered":"\t\t<div data-elementor-type=\"wp-post\" data-elementor-id=\"1193\" class=\"elementor elementor-1193\" data-elementor-post-type=\"page\">\n\t\t\t\t\t\t<section class=\"elementor-section elementor-top-section elementor-element elementor-element-16327c1d elementor-section-height-min-height elementor-section-boxed elementor-section-height-default elementor-section-items-middle\" data-id=\"16327c1d\" data-element_type=\"section\" data-e-type=\"section\" data-settings=\"{&quot;background_background&quot;:&quot;classic&quot;}\">\n\t\t\t\t\t\t<div class=\"elementor-container elementor-column-gap-default\">\n\t\t\t\t\t<div class=\"elementor-column elementor-col-100 elementor-top-column elementor-element elementor-element-2c8f43d1\" data-id=\"2c8f43d1\" data-element_type=\"column\" data-e-type=\"column\">\n\t\t\t<div class=\"elementor-widget-wrap elementor-element-populated\">\n\t\t\t\t\t\t<div class=\"elementor-element elementor-element-56b83f70 elementor-widget elementor-widget-heading\" data-id=\"56b83f70\" data-element_type=\"widget\" data-e-type=\"widget\" data-widget_type=\"heading.default\">\n\t\t\t\t<div class=\"elementor-widget-container\">\n\t\t\t\t\t<h2 class=\"elementor-heading-title elementor-size-default\">\u00bfQui\u00e9nes somos?<\/h2>\t\t\t\t<\/div>\n\t\t\t\t<\/div>\n\t\t\t\t\t<\/div>\n\t\t<\/div>\n\t\t\t\t\t<\/div>\n\t\t<\/section>\n\t\t\t\t<section class=\"elementor-section elementor-top-section elementor-element elementor-element-3c9e51f elementor-section-content-middle elementor-section-boxed elementor-section-height-default elementor-section-height-default\" data-id=\"3c9e51f\" data-element_type=\"section\" data-e-type=\"section\">\n\t\t\t\t\t\t<div class=\"elementor-container elementor-column-gap-default\">\n\t\t\t\t\t<div class=\"elementor-column elementor-col-50 elementor-top-column elementor-element elementor-element-78b57eba\" data-id=\"78b57eba\" data-element_type=\"column\" data-e-type=\"column\">\n\t\t\t<div class=\"elementor-widget-wrap elementor-element-populated\">\n\t\t\t\t\t\t<div class=\"elementor-element elementor-element-2835ed4f elementor-widget elementor-widget-image\" data-id=\"2835ed4f\" data-element_type=\"widget\" data-e-type=\"widget\" data-widget_type=\"image.default\">\n\t\t\t\t<div class=\"elementor-widget-container\">\n\t\t\t\t\t\t\t\t\t\t\t\t\t\t\t<img decoding=\"async\" src=\"https:\/\/adveniat-paris.org\/wp-content\/uploads\/elementor\/thumbs\/DSC1265-ntnh1jevg026wuqbewh8fj5xvc5r8ao4r99r40i2k0.jpg\" title=\"\" alt=\"L&#039;\u00e9quipe Adveniat Auberge de Jeunesse Paris Centre Champs Elys\u00e9es\" loading=\"lazy\" \/>\t\t\t\t\t\t\t\t\t\t\t\t\t\t\t<\/div>\n\t\t\t\t<\/div>\n\t\t\t\t\t<\/div>\n\t\t<\/div>\n\t\t\t\t<div class=\"elementor-column elementor-col-50 elementor-top-column elementor-element elementor-element-27512e6f\" data-id=\"27512e6f\" data-element_type=\"column\" data-e-type=\"column\">\n\t\t\t<div class=\"elementor-widget-wrap elementor-element-populated\">\n\t\t\t\t\t\t<div class=\"elementor-element elementor-element-5ebbb29 elementor-widget elementor-widget-heading\" data-id=\"5ebbb29\" data-element_type=\"widget\" data-e-type=\"widget\" data-widget_type=\"heading.default\">\n\t\t\t\t<div class=\"elementor-widget-container\">\n\t\t\t\t\t<h3 class=\"elementor-heading-title elementor-size-default\">Una misma misi\u00f3n<\/h3>\t\t\t\t<\/div>\n\t\t\t\t<\/div>\n\t\t\t\t<div class=\"elementor-element elementor-element-30536285 elementor-widget elementor-widget-text-editor\" data-id=\"30536285\" data-element_type=\"widget\" data-e-type=\"widget\" data-widget_type=\"text-editor.default\">\n\t\t\t\t<div class=\"elementor-widget-container\">\n\t\t\t\t\t\t\t\t\t<p>Adveniat no es un albergue convencional\u2026 Nuestro proyecto ha sido sostenido desde el principio por la congregaci\u00f3n cat\u00f3lica de los Asuncionistas, que fue fundada en Nimes por el padre Emmanuel d\u2019Alzon (1810-1880). Es por esta raz\u00f3n que en el mismo edificio del albergue reside una comunidad religiosa que, por amor a Cristo, ha elegido consagrarle toda su vida. Consagrarse a Dios no significa desentenderse del mundo: al contrario, decimos con mucho gusto que estamos invitados a \u00ab ser hombres de fe, hombres de comuni\u00f3n y solidarios con los pobres \u00bb. Extra\u00eddo del padrenuestro, nuestro lema Adveniat Regnum Tuum (\u201cque venga tu reino\u201d, en lat\u00edn) es lo que ha dado el nombre al albergue.<\/p><p>\u00a0<\/p><p>Es este esp\u00edritu el que nos ha incitado a aventurarnos en distintas actividades en Francia y en el resto del mundo: residencias de estudiantes, lugares de acogida para inmigrantes, centros para empresas, instituciones escolares, grupo de prensa Bayard, misiones en el oriente cristiano, di\u00e1logo ecum\u00e9nico e interreligioso\u2026 y un albergue juvenil.<\/p><p>\u00a0<\/p><p>Pero los religiosos no son los \u00fanicos anfitriones que vas a encontrar\u2026 Nuestro equipo est\u00e1 constituido por una peque\u00f1a decena de empleados, voluntarios, as\u00ed como de estudiantes que viven con la comunidad religiosa o en la residencia situada en los \u00faltimos pisos del edificio. En cualquier caso, seamos religiosos, empleados, voluntarios o estudiantes, todos tenemos una misma misi\u00f3n: acogerte y transmitir la fraternidad que une todos los seres humanos.<\/p>\t\t\t\t\t\t\t\t<\/div>\n\t\t\t\t<\/div>\n\t\t\t\t\t<\/div>\n\t\t<\/div>\n\t\t\t\t\t<\/div>\n\t\t<\/section>\n\t\t\t\t<section class=\"elementor-section elementor-top-section elementor-element elementor-element-7bbd77a1 elementor-section-content-middle elementor-reverse-mobile elementor-section-boxed elementor-section-height-default elementor-section-height-default\" data-id=\"7bbd77a1\" data-element_type=\"section\" data-e-type=\"section\">\n\t\t\t\t\t\t<div class=\"elementor-container elementor-column-gap-default\">\n\t\t\t\t\t<div class=\"elementor-column elementor-col-50 elementor-top-column elementor-element elementor-element-22a91a32\" data-id=\"22a91a32\" data-element_type=\"column\" data-e-type=\"column\">\n\t\t\t<div class=\"elementor-widget-wrap elementor-element-populated\">\n\t\t\t\t\t\t<div class=\"elementor-element elementor-element-625581c0 elementor-widget elementor-widget-heading\" data-id=\"625581c0\" data-element_type=\"widget\" data-e-type=\"widget\" data-widget_type=\"heading.default\">\n\t\t\t\t<div class=\"elementor-widget-container\">\n\t\t\t\t\t<h3 class=\"elementor-heading-title elementor-size-default\">Nuestra historia<\/h3>\t\t\t\t<\/div>\n\t\t\t\t<\/div>\n\t\t\t\t<div class=\"elementor-element elementor-element-461acd1f elementor-widget elementor-widget-text-editor\" data-id=\"461acd1f\" data-element_type=\"widget\" data-e-type=\"widget\" data-widget_type=\"text-editor.default\">\n\t\t\t\t<div class=\"elementor-widget-container\">\n\t\t\t\t\t\t\t\t\t<p>Cuando los religiosos asuncionistas se establecieron en la calle Fran\u00e7ois 1er, el barrio acababa de ser acondicionado. Instalados en una peque\u00f1a casa, los hermanos comenzaron diversas actividades, algunas de las cuales contin\u00faan hoy en d\u00eda:\u00a0 la asociaci\u00f3n Notre-Dame de Salut, que organiza todos los a\u00f1os la peregrinaci\u00f3n nacional a Lourdes, o el grupo de prensa Bayard, que est\u00e1 presente en cuatro de los cinco continentes. En 2008 decidimos rehacer totalmente la distribuci\u00f3n del inmueble para poder realizar un nuevo proyecto: el albergue Adveniat.<\/p>\t\t\t\t\t\t\t\t<\/div>\n\t\t\t\t<\/div>\n\t\t\t\t\t<\/div>\n\t\t<\/div>\n\t\t\t\t<div class=\"elementor-column elementor-col-50 elementor-top-column elementor-element elementor-element-45625e4d\" data-id=\"45625e4d\" data-element_type=\"column\" data-e-type=\"column\">\n\t\t\t<div class=\"elementor-widget-wrap elementor-element-populated\">\n\t\t\t\t\t\t<div class=\"elementor-element elementor-element-720aa720 elementor-widget elementor-widget-image\" data-id=\"720aa720\" data-element_type=\"widget\" data-e-type=\"widget\" data-widget_type=\"image.default\">\n\t\t\t\t<div class=\"elementor-widget-container\">\n\t\t\t\t\t\t\t\t\t\t\t\t\t\t\t<img decoding=\"async\" src=\"https:\/\/adveniat-paris.org\/wp-content\/uploads\/elementor\/thumbs\/circa1890-e1533568694290-nu88twerli07clekevjqvrtuan4kihmyao8wgvewz4.jpg\" title=\"\" alt=\"Histoire Adveniat Auberge de Jeunesse Paris Centre Champs Elys\u00e9es\" loading=\"lazy\" \/>\t\t\t\t\t\t\t\t\t\t\t\t\t\t\t<\/div>\n\t\t\t\t<\/div>\n\t\t\t\t\t<\/div>\n\t\t<\/div>\n\t\t\t\t\t<\/div>\n\t\t<\/section>\n\t\t\t\t<section class=\"elementor-section elementor-top-section elementor-element elementor-element-4068a97e elementor-section-content-middle elementor-section-boxed elementor-section-height-default elementor-section-height-default\" data-id=\"4068a97e\" data-element_type=\"section\" data-e-type=\"section\">\n\t\t\t\t\t\t<div class=\"elementor-container elementor-column-gap-default\">\n\t\t\t\t\t<div class=\"elementor-column elementor-col-50 elementor-top-column elementor-element elementor-element-7d8350e7\" data-id=\"7d8350e7\" data-element_type=\"column\" data-e-type=\"column\">\n\t\t\t<div class=\"elementor-widget-wrap elementor-element-populated\">\n\t\t\t\t\t\t<div class=\"elementor-element elementor-element-68302c9b elementor-widget elementor-widget-image\" data-id=\"68302c9b\" data-element_type=\"widget\" data-e-type=\"widget\" data-widget_type=\"image.default\">\n\t\t\t\t<div class=\"elementor-widget-container\">\n\t\t\t\t\t\t\t\t\t\t\t\t\t\t\t<img decoding=\"async\" src=\"https:\/\/adveniat-paris.org\/wp-content\/uploads\/elementor\/thumbs\/IMG_0090-ntnhahtik6bjj3q049u9ort1mi0nkh82bl1apx819s.jpg\" title=\"\" alt=\"Adveniat Auberge de Jeunesse Paris Centre Champs Elys\u00e9es\" loading=\"lazy\" \/>\t\t\t\t\t\t\t\t\t\t\t\t\t\t\t<\/div>\n\t\t\t\t<\/div>\n\t\t\t\t\t<\/div>\n\t\t<\/div>\n\t\t\t\t<div class=\"elementor-column elementor-col-50 elementor-top-column elementor-element elementor-element-68942e5c\" data-id=\"68942e5c\" data-element_type=\"column\" data-e-type=\"column\">\n\t\t\t<div class=\"elementor-widget-wrap elementor-element-populated\">\n\t\t\t\t\t\t<div class=\"elementor-element elementor-element-1656af9 elementor-widget elementor-widget-heading\" data-id=\"1656af9\" data-element_type=\"widget\" data-e-type=\"widget\" data-widget_type=\"heading.default\">\n\t\t\t\t<div class=\"elementor-widget-container\">\n\t\t\t\t\t<h3 class=\"elementor-heading-title elementor-size-default\">Nuestros valores<\/h3>\t\t\t\t<\/div>\n\t\t\t\t<\/div>\n\t\t\t\t<div class=\"elementor-element elementor-element-798699d0 elementor-widget elementor-widget-text-editor\" data-id=\"798699d0\" data-element_type=\"widget\" data-e-type=\"widget\" data-widget_type=\"text-editor.default\">\n\t\t\t\t<div class=\"elementor-widget-container\">\n\t\t\t\t\t\t\t\t\t<p>Como albergue cristiano, Adveniat es ante todo un lugar de hospitalidad abierto a todos. En este sentido, los asuncionistas se rigen por la regla de San Agust\u00edn (354-430), que pone el acento sobre la unidad, la acogida de los dem\u00e1s y la fraternidad. La ambici\u00f3n de nuestro albergue es de permitir el encuentro entre personas de pa\u00edses, religiones y edades diferentes, sabiendo que El que nos ha reunido es mucho m\u00e1s fuerte que todo lo que nos divide. Adveniat se podr\u00eda tambi\u00e9n entender como un lugar propicio para el encuentro entre la Iglesia y la sociedad moderna, en un esp\u00edritu de apertura y respeto mutuo.<\/p>\t\t\t\t\t\t\t\t<\/div>\n\t\t\t\t<\/div>\n\t\t\t\t\t<\/div>\n\t\t<\/div>\n\t\t\t\t\t<\/div>\n\t\t<\/section>\n\t\t\t\t<section class=\"elementor-section elementor-top-section elementor-element elementor-element-1566d54b elementor-section-boxed elementor-section-height-default elementor-section-height-default\" data-id=\"1566d54b\" data-element_type=\"section\" data-e-type=\"section\">\n\t\t\t\t\t\t<div class=\"elementor-container elementor-column-gap-default\">\n\t\t\t\t\t<div class=\"elementor-column elementor-col-100 elementor-top-column elementor-element elementor-element-6f988c6a\" data-id=\"6f988c6a\" data-element_type=\"column\" data-e-type=\"column\">\n\t\t\t<div class=\"elementor-widget-wrap elementor-element-populated\">\n\t\t\t\t\t\t<div class=\"elementor-element elementor-element-57227664 elementor-widget elementor-widget-heading\" data-id=\"57227664\" data-element_type=\"widget\" data-e-type=\"widget\" data-widget_type=\"heading.default\">\n\t\t\t\t<div class=\"elementor-widget-container\">\n\t\t\t\t\t<h3 class=\"elementor-heading-title elementor-size-default\">Enlaces de inter\u00e9s:<\/h3>\t\t\t\t<\/div>\n\t\t\t\t<\/div>\n\t\t\t\t<div class=\"elementor-element elementor-element-2d7bf712 elementor-widget elementor-widget-text-editor\" data-id=\"2d7bf712\" data-element_type=\"widget\" data-e-type=\"widget\" data-widget_type=\"text-editor.default\">\n\t\t\t\t<div class=\"elementor-widget-container\">\n\t\t\t\t\t\t\t\t\t<p>&#8211; P\u00e1gina web de los Auncionistas: <a href=\"http:\/\/www.assomption.org\/\" target=\"_blank\" rel=\"noopener\">www.assomption.org<\/a><\/p><p>&#8211; Bayard, grupo de prensa: <a href=\"http:\/\/www.groupebayard.com\/\" target=\"_blank\" rel=\"noopener\">www.groupebayard.com<\/a><\/p><p>&#8211; Centro de seminarios Port-Royal\u00a0(cerca de St Quentin-en-Yvelines): <a href=\"https:\/\/centreportroyal.com\/\" target=\"_blank\" rel=\"noopener\">https:\/\/centreportroyal.com<\/a><\/p><p>&#8211; Centro de seminarios y hotel de Valpr\u00e9\u00a0(cerca de Lyon): <a href=\"http:\/\/www.valpre.com\/\" target=\"_blank\" rel=\"noopener\">www.valpre.com<\/a><\/p><p>&#8211; Lo que queremos vivir en Adveniat: <a href=\"https:\/\/adveniat-paris.org\/wp-content\/uploads\/ESP_Projet-pastoral.pdf\" target=\"_blank\" rel=\"noopener\">nuestro proyecto pastoral<\/a><\/p>\t\t\t\t\t\t\t\t<\/div>\n\t\t\t\t<\/div>\n\t\t\t\t\t<\/div>\n\t\t<\/div>\n\t\t\t\t\t<\/div>\n\t\t<\/section>\n\t\t\t\t<section class=\"elementor-section elementor-top-section elementor-element elementor-element-55c1f43a elementor-section-height-min-height elementor-section-boxed elementor-section-height-default elementor-section-items-middle\" data-id=\"55c1f43a\" data-element_type=\"section\" data-e-type=\"section\" data-settings=\"{&quot;background_background&quot;:&quot;classic&quot;}\">\n\t\t\t\t\t\t<div class=\"elementor-container elementor-column-gap-default\">\n\t\t\t\t\t<div class=\"elementor-column elementor-col-100 elementor-top-column elementor-element elementor-element-49406011\" data-id=\"49406011\" data-element_type=\"column\" data-e-type=\"column\">\n\t\t\t<div class=\"elementor-widget-wrap elementor-element-populated\">\n\t\t\t\t\t\t<div class=\"elementor-element elementor-element-2d90f21a elementor-widget elementor-widget-heading\" data-id=\"2d90f21a\" data-element_type=\"widget\" data-e-type=\"widget\" data-widget_type=\"heading.default\">\n\t\t\t\t<div class=\"elementor-widget-container\">\n\t\t\t\t\t<h2 class=\"elementor-heading-title elementor-size-default\">Voluntariado<\/h2>\t\t\t\t<\/div>\n\t\t\t\t<\/div>\n\t\t\t\t<div class=\"elementor-element elementor-element-29759dd3 elementor-widget elementor-widget-text-editor\" data-id=\"29759dd3\" data-element_type=\"widget\" data-e-type=\"widget\" data-widget_type=\"text-editor.default\">\n\t\t\t\t<div class=\"elementor-widget-container\">\n\t\t\t\t\t\t\t\t\t<p>\u00bfTe gustar\u00eda poder ayudarnos viviendo durante varias semanas o meses en Adveniat, compartiendo las comidas con la comunidad religiosa, de forma gratuita? Esto es una peque\u00f1a parte de todo lo que podemos ofrecerte si vienes como voluntario.<\/p>\t\t\t\t\t\t\t\t<\/div>\n\t\t\t\t<\/div>\n\t\t\t\t<div class=\"elementor-element elementor-element-57b606a0 elementor-align-center elementor-widget elementor-widget-button\" data-id=\"57b606a0\" data-element_type=\"widget\" data-e-type=\"widget\" data-widget_type=\"button.default\">\n\t\t\t\t<div class=\"elementor-widget-container\">\n\t\t\t\t\t\t\t\t\t<div class=\"elementor-button-wrapper\">\n\t\t\t\t\t<a class=\"elementor-button elementor-button-link elementor-size-lg elementor-animation-shrink\" href=\"https:\/\/adveniat-paris.org\/es\/voluntariado\/\">\n\t\t\t\t\t\t<span class=\"elementor-button-content-wrapper\">\n\t\t\t\t\t\t\t\t\t<span class=\"elementor-button-text\">Saber m\u00e1s<\/span>\n\t\t\t\t\t<\/span>\n\t\t\t\t\t<\/a>\n\t\t\t\t<\/div>\n\t\t\t\t\t\t\t\t<\/div>\n\t\t\t\t<\/div>\n\t\t\t\t\t<\/div>\n\t\t<\/div>\n\t\t\t\t\t<\/div>\n\t\t<\/section>\n\t\t\t\t<\/div>\n\t\t","protected":false},"excerpt":{"rendered":"<p>\u00bfQui\u00e9nes somos? Una misma misi\u00f3n Adveniat no es un albergue convencional\u2026 Nuestro proyecto ha sido sostenido desde el principio por la congregaci\u00f3n cat\u00f3lica de los Asuncionistas, que fue fundada en Nimes por el padre Emmanuel d\u2019Alzon (1810-1880). Es por esta raz\u00f3n que en el mismo edificio del albergue reside una comunidad religiosa que, por amor [&hellip;]<\/p>\n","protected":false},"author":1,"featured_media":0,"parent":0,"menu_order":0,"comment_status":"closed","ping_status":"closed","template":"","meta":{"om_disable_all_campaigns":false,"_monsterinsights_skip_tracking":false,"_monsterinsights_sitenote_active":false,"_monsterinsights_sitenote_note":"","_monsterinsights_sitenote_category":0,"_uf_show_specific_survey":0,"_uf_disable_surveys":false,"footnotes":""},"class_list":["post-1193","page","type-page","status-publish","hentry"],"aioseo_notices":[],"yoast_head":"<!-- This site is optimized with the Yoast SEO plugin v27.5 - https:\/\/yoast.com\/product\/yoast-seo-wordpress\/ -->\n<title>\u00bfQui\u00e9nes somos? - Albergue Adveniat Paris<\/title>\n<meta name=\"description\" content=\"Adveniat no es un albergue convencional\u2026 Nuestro proyecto ha sido sostenido desde el principio por la congregaci\u00f3n cat\u00f3lica de los Asuncionistas.\" \/>\n<meta name=\"robots\" content=\"index, follow, max-snippet:-1, max-image-preview:large, max-video-preview:-1\" \/>\n<link rel=\"canonical\" href=\"https:\/\/adveniat-paris.org\/es\/quienes-somos\/\" \/>\n<meta property=\"og:locale\" content=\"es_ES\" \/>\n<meta property=\"og:type\" content=\"article\" \/>\n<meta property=\"og:title\" content=\"\u00bfQui\u00e9nes somos? - Albergue Adveniat Paris\" \/>\n<meta property=\"og:description\" content=\"Adveniat no es un albergue convencional\u2026 Nuestro proyecto ha sido sostenido desde el principio por la congregaci\u00f3n cat\u00f3lica de los Asuncionistas.\" \/>\n<meta property=\"og:url\" content=\"https:\/\/adveniat-paris.org\/es\/quienes-somos\/\" \/>\n<meta property=\"og:site_name\" content=\"Adveniat Paris\" \/>\n<meta property=\"article:modified_time\" content=\"2019-04-28T13:15:39+00:00\" \/>\n<meta property=\"og:image\" content=\"https:\/\/adveniat-paris.org\/wp-content\/uploads\/elementor\/thumbs\/DSC1265-ntnh1jevg026wuqbewh8fj5xvc5r8ao4r99r40i2k0.jpg\" \/>\n<meta name=\"twitter:card\" content=\"summary_large_image\" \/>\n<meta name=\"twitter:label1\" content=\"Tiempo de lectura\" \/>\n\t<meta name=\"twitter:data1\" content=\"3 minutos\" \/>\n<script type=\"application\/ld+json\" class=\"yoast-schema-graph\">{\"@context\":\"https:\\\/\\\/schema.org\",\"@graph\":[{\"@type\":\"WebPage\",\"@id\":\"https:\\\/\\\/adveniat-paris.org\\\/es\\\/quienes-somos\\\/\",\"url\":\"https:\\\/\\\/adveniat-paris.org\\\/es\\\/quienes-somos\\\/\",\"name\":\"\u00bfQui\u00e9nes somos? - Albergue Adveniat Paris\",\"isPartOf\":{\"@id\":\"https:\\\/\\\/adveniat-paris.org\\\/fr\\\/#website\"},\"primaryImageOfPage\":{\"@id\":\"https:\\\/\\\/adveniat-paris.org\\\/es\\\/quienes-somos\\\/#primaryimage\"},\"image\":{\"@id\":\"https:\\\/\\\/adveniat-paris.org\\\/es\\\/quienes-somos\\\/#primaryimage\"},\"thumbnailUrl\":\"https:\\\/\\\/adveniat-paris.org\\\/wp-content\\\/uploads\\\/elementor\\\/thumbs\\\/DSC1265-ntnh1jevg026wuqbewh8fj5xvc5r8ao4r99r40i2k0.jpg\",\"datePublished\":\"2018-11-02T14:54:12+00:00\",\"dateModified\":\"2019-04-28T13:15:39+00:00\",\"description\":\"Adveniat no es un albergue convencional\u2026 Nuestro proyecto ha sido sostenido desde el principio por la congregaci\u00f3n cat\u00f3lica de los Asuncionistas.\",\"breadcrumb\":{\"@id\":\"https:\\\/\\\/adveniat-paris.org\\\/es\\\/quienes-somos\\\/#breadcrumb\"},\"inLanguage\":\"es\",\"potentialAction\":[{\"@type\":\"ReadAction\",\"target\":[\"https:\\\/\\\/adveniat-paris.org\\\/es\\\/quienes-somos\\\/\"]}]},{\"@type\":\"ImageObject\",\"inLanguage\":\"es\",\"@id\":\"https:\\\/\\\/adveniat-paris.org\\\/es\\\/quienes-somos\\\/#primaryimage\",\"url\":\"https:\\\/\\\/adveniat-paris.org\\\/wp-content\\\/uploads\\\/elementor\\\/thumbs\\\/DSC1265-ntnh1jevg026wuqbewh8fj5xvc5r8ao4r99r40i2k0.jpg\",\"contentUrl\":\"https:\\\/\\\/adveniat-paris.org\\\/wp-content\\\/uploads\\\/elementor\\\/thumbs\\\/DSC1265-ntnh1jevg026wuqbewh8fj5xvc5r8ao4r99r40i2k0.jpg\"},{\"@type\":\"BreadcrumbList\",\"@id\":\"https:\\\/\\\/adveniat-paris.org\\\/es\\\/quienes-somos\\\/#breadcrumb\",\"itemListElement\":[{\"@type\":\"ListItem\",\"position\":1,\"name\":\"Accueil\",\"item\":\"https:\\\/\\\/adveniat-paris.org\\\/es\\\/\"},{\"@type\":\"ListItem\",\"position\":2,\"name\":\"\u00bfQui\u00e9nes somos?\"}]},{\"@type\":\"WebSite\",\"@id\":\"https:\\\/\\\/adveniat-paris.org\\\/fr\\\/#website\",\"url\":\"https:\\\/\\\/adveniat-paris.org\\\/fr\\\/\",\"name\":\"Adveniat Paris\",\"description\":\"Auberge de jeunesse \u00e0 2 pas des Champs Elys\u00e9es\",\"publisher\":{\"@id\":\"https:\\\/\\\/adveniat-paris.org\\\/fr\\\/#organization\"},\"potentialAction\":[{\"@type\":\"SearchAction\",\"target\":{\"@type\":\"EntryPoint\",\"urlTemplate\":\"https:\\\/\\\/adveniat-paris.org\\\/fr\\\/?s={search_term_string}\"},\"query-input\":{\"@type\":\"PropertyValueSpecification\",\"valueRequired\":true,\"valueName\":\"search_term_string\"}}],\"inLanguage\":\"es\"},{\"@type\":\"Organization\",\"@id\":\"https:\\\/\\\/adveniat-paris.org\\\/fr\\\/#organization\",\"name\":\"Adveniat Paris\",\"url\":\"https:\\\/\\\/adveniat-paris.org\\\/fr\\\/\",\"logo\":{\"@type\":\"ImageObject\",\"inLanguage\":\"es\",\"@id\":\"https:\\\/\\\/adveniat-paris.org\\\/fr\\\/#\\\/schema\\\/logo\\\/image\\\/\",\"url\":\"https:\\\/\\\/adveniat-paris.org\\\/wp-content\\\/uploads\\\/Adveniat_logo_exe_Adveniat_logo_CMJN_baseline_blanc-1-e1737565095903.png\",\"contentUrl\":\"https:\\\/\\\/adveniat-paris.org\\\/wp-content\\\/uploads\\\/Adveniat_logo_exe_Adveniat_logo_CMJN_baseline_blanc-1-e1737565095903.png\",\"width\":1968,\"height\":613,\"caption\":\"Adveniat Paris\"},\"image\":{\"@id\":\"https:\\\/\\\/adveniat-paris.org\\\/fr\\\/#\\\/schema\\\/logo\\\/image\\\/\"}}]}<\/script>\n<!-- \/ Yoast SEO plugin. -->","yoast_head_json":{"title":"\u00bfQui\u00e9nes somos? - Albergue Adveniat Paris","description":"Adveniat no es un albergue convencional\u2026 Nuestro proyecto ha sido sostenido desde el principio por la congregaci\u00f3n cat\u00f3lica de los Asuncionistas.","robots":{"index":"index","follow":"follow","max-snippet":"max-snippet:-1","max-image-preview":"max-image-preview:large","max-video-preview":"max-video-preview:-1"},"canonical":"https:\/\/adveniat-paris.org\/es\/quienes-somos\/","og_locale":"es_ES","og_type":"article","og_title":"\u00bfQui\u00e9nes somos? - Albergue Adveniat Paris","og_description":"Adveniat no es un albergue convencional\u2026 Nuestro proyecto ha sido sostenido desde el principio por la congregaci\u00f3n cat\u00f3lica de los Asuncionistas.","og_url":"https:\/\/adveniat-paris.org\/es\/quienes-somos\/","og_site_name":"Adveniat Paris","article_modified_time":"2019-04-28T13:15:39+00:00","og_image":[{"url":"https:\/\/adveniat-paris.org\/wp-content\/uploads\/elementor\/thumbs\/DSC1265-ntnh1jevg026wuqbewh8fj5xvc5r8ao4r99r40i2k0.jpg","type":"","width":"","height":""}],"twitter_card":"summary_large_image","twitter_misc":{"Tiempo de lectura":"3 minutos"},"schema":{"@context":"https:\/\/schema.org","@graph":[{"@type":"WebPage","@id":"https:\/\/adveniat-paris.org\/es\/quienes-somos\/","url":"https:\/\/adveniat-paris.org\/es\/quienes-somos\/","name":"\u00bfQui\u00e9nes somos? - Albergue Adveniat Paris","isPartOf":{"@id":"https:\/\/adveniat-paris.org\/fr\/#website"},"primaryImageOfPage":{"@id":"https:\/\/adveniat-paris.org\/es\/quienes-somos\/#primaryimage"},"image":{"@id":"https:\/\/adveniat-paris.org\/es\/quienes-somos\/#primaryimage"},"thumbnailUrl":"https:\/\/adveniat-paris.org\/wp-content\/uploads\/elementor\/thumbs\/DSC1265-ntnh1jevg026wuqbewh8fj5xvc5r8ao4r99r40i2k0.jpg","datePublished":"2018-11-02T14:54:12+00:00","dateModified":"2019-04-28T13:15:39+00:00","description":"Adveniat no es un albergue convencional\u2026 Nuestro proyecto ha sido sostenido desde el principio por la congregaci\u00f3n cat\u00f3lica de los Asuncionistas.","breadcrumb":{"@id":"https:\/\/adveniat-paris.org\/es\/quienes-somos\/#breadcrumb"},"inLanguage":"es","potentialAction":[{"@type":"ReadAction","target":["https:\/\/adveniat-paris.org\/es\/quienes-somos\/"]}]},{"@type":"ImageObject","inLanguage":"es","@id":"https:\/\/adveniat-paris.org\/es\/quienes-somos\/#primaryimage","url":"https:\/\/adveniat-paris.org\/wp-content\/uploads\/elementor\/thumbs\/DSC1265-ntnh1jevg026wuqbewh8fj5xvc5r8ao4r99r40i2k0.jpg","contentUrl":"https:\/\/adveniat-paris.org\/wp-content\/uploads\/elementor\/thumbs\/DSC1265-ntnh1jevg026wuqbewh8fj5xvc5r8ao4r99r40i2k0.jpg"},{"@type":"BreadcrumbList","@id":"https:\/\/adveniat-paris.org\/es\/quienes-somos\/#breadcrumb","itemListElement":[{"@type":"ListItem","position":1,"name":"Accueil","item":"https:\/\/adveniat-paris.org\/es\/"},{"@type":"ListItem","position":2,"name":"\u00bfQui\u00e9nes somos?"}]},{"@type":"WebSite","@id":"https:\/\/adveniat-paris.org\/fr\/#website","url":"https:\/\/adveniat-paris.org\/fr\/","name":"Adveniat Paris","description":"Auberge de jeunesse \u00e0 2 pas des Champs Elys\u00e9es","publisher":{"@id":"https:\/\/adveniat-paris.org\/fr\/#organization"},"potentialAction":[{"@type":"SearchAction","target":{"@type":"EntryPoint","urlTemplate":"https:\/\/adveniat-paris.org\/fr\/?s={search_term_string}"},"query-input":{"@type":"PropertyValueSpecification","valueRequired":true,"valueName":"search_term_string"}}],"inLanguage":"es"},{"@type":"Organization","@id":"https:\/\/adveniat-paris.org\/fr\/#organization","name":"Adveniat Paris","url":"https:\/\/adveniat-paris.org\/fr\/","logo":{"@type":"ImageObject","inLanguage":"es","@id":"https:\/\/adveniat-paris.org\/fr\/#\/schema\/logo\/image\/","url":"https:\/\/adveniat-paris.org\/wp-content\/uploads\/Adveniat_logo_exe_Adveniat_logo_CMJN_baseline_blanc-1-e1737565095903.png","contentUrl":"https:\/\/adveniat-paris.org\/wp-content\/uploads\/Adveniat_logo_exe_Adveniat_logo_CMJN_baseline_blanc-1-e1737565095903.png","width":1968,"height":613,"caption":"Adveniat Paris"},"image":{"@id":"https:\/\/adveniat-paris.org\/fr\/#\/schema\/logo\/image\/"}}]}},"_links":{"self":[{"href":"https:\/\/adveniat-paris.org\/es\/wp-json\/wp\/v2\/pages\/1193","targetHints":{"allow":["GET"]}}],"collection":[{"href":"https:\/\/adveniat-paris.org\/es\/wp-json\/wp\/v2\/pages"}],"about":[{"href":"https:\/\/adveniat-paris.org\/es\/wp-json\/wp\/v2\/types\/page"}],"author":[{"embeddable":true,"href":"https:\/\/adveniat-paris.org\/es\/wp-json\/wp\/v2\/users\/1"}],"replies":[{"embeddable":true,"href":"https:\/\/adveniat-paris.org\/es\/wp-json\/wp\/v2\/comments?post=1193"}],"version-history":[{"count":0,"href":"https:\/\/adveniat-paris.org\/es\/wp-json\/wp\/v2\/pages\/1193\/revisions"}],"wp:attachment":[{"href":"https:\/\/adveniat-paris.org\/es\/wp-json\/wp\/v2\/media?parent=1193"}],"curies":[{"name":"wp","href":"https:\/\/api.w.org\/{rel}","templated":true}]}}