{"id":15,"date":"2018-11-02T15:54:12","date_gmt":"2018-11-02T14:54:12","guid":{"rendered":"https:\/\/adveniat-paris.org\/?page_id=15"},"modified":"2026-04-02T15:14:43","modified_gmt":"2026-04-02T13:14:43","slug":"qui-sommes-nous","status":"publish","type":"page","link":"https:\/\/adveniat-paris.org\/fr\/qui-sommes-nous\/","title":{"rendered":"Qui sommes-nous ?"},"content":{"rendered":"\t\t<div data-elementor-type=\"wp-post\" data-elementor-id=\"15\" class=\"elementor elementor-15\" data-elementor-post-type=\"page\">\n\t\t\t\t\t\t<section class=\"elementor-section elementor-top-section elementor-element elementor-element-1adf8dbb elementor-section-height-min-height elementor-section-boxed elementor-section-height-default elementor-section-items-middle\" data-id=\"1adf8dbb\" data-element_type=\"section\" data-e-type=\"section\" data-settings=\"{&quot;background_background&quot;:&quot;classic&quot;}\">\n\t\t\t\t\t\t<div class=\"elementor-container elementor-column-gap-default\">\n\t\t\t\t\t<div class=\"elementor-column elementor-col-100 elementor-top-column elementor-element elementor-element-9431a8f\" data-id=\"9431a8f\" data-element_type=\"column\" data-e-type=\"column\">\n\t\t\t<div class=\"elementor-widget-wrap elementor-element-populated\">\n\t\t\t\t\t\t<div class=\"elementor-element elementor-element-28f2376 elementor-widget elementor-widget-heading\" data-id=\"28f2376\" data-element_type=\"widget\" data-e-type=\"widget\" data-widget_type=\"heading.default\">\n\t\t\t\t<div class=\"elementor-widget-container\">\n\t\t\t\t\t<h2 class=\"elementor-heading-title elementor-size-default\">Qui sommes-nous\u00a0? <\/h2>\t\t\t\t<\/div>\n\t\t\t\t<\/div>\n\t\t\t\t\t<\/div>\n\t\t<\/div>\n\t\t\t\t\t<\/div>\n\t\t<\/section>\n\t\t\t\t<section class=\"elementor-section elementor-top-section elementor-element elementor-element-9915591 elementor-section-boxed elementor-section-height-default elementor-section-height-default\" data-id=\"9915591\" data-element_type=\"section\" data-e-type=\"section\">\n\t\t\t\t\t\t<div class=\"elementor-container elementor-column-gap-default\">\n\t\t\t\t\t<div class=\"elementor-column elementor-col-100 elementor-top-column elementor-element elementor-element-20a0fb9\" data-id=\"20a0fb9\" data-element_type=\"column\" data-e-type=\"column\">\n\t\t\t<div class=\"elementor-widget-wrap elementor-element-populated\">\n\t\t\t\t\t\t<div class=\"elementor-element elementor-element-0ae1006 elementor-align-center distributor elementor-widget elementor-widget-button\" data-id=\"0ae1006\" data-element_type=\"widget\" data-e-type=\"widget\" data-widget_type=\"button.default\">\n\t\t\t\t<div class=\"elementor-widget-container\">\n\t\t\t\t\t\t\t\t\t<div class=\"elementor-button-wrapper\">\n\t\t\t\t\t<a class=\"elementor-button elementor-button-link elementor-size-xl elementor-animation-grow\" href=\"#\">\n\t\t\t\t\t\t<span class=\"elementor-button-content-wrapper\">\n\t\t\t\t\t\t\t\t\t<span class=\"elementor-button-text\">R\u00e9server<\/span>\n\t\t\t\t\t<\/span>\n\t\t\t\t\t<\/a>\n\t\t\t\t<\/div>\n\t\t\t\t\t\t\t\t<\/div>\n\t\t\t\t<\/div>\n\t\t\t\t\t<\/div>\n\t\t<\/div>\n\t\t\t\t\t<\/div>\n\t\t<\/section>\n\t\t\t\t<section class=\"elementor-section elementor-top-section elementor-element elementor-element-92f1a75 elementor-section-content-middle elementor-section-boxed elementor-section-height-default elementor-section-height-default\" data-id=\"92f1a75\" data-element_type=\"section\" data-e-type=\"section\">\n\t\t\t\t\t\t<div class=\"elementor-container elementor-column-gap-default\">\n\t\t\t\t\t<div class=\"elementor-column elementor-col-50 elementor-top-column elementor-element elementor-element-a22ceb8\" data-id=\"a22ceb8\" data-element_type=\"column\" data-e-type=\"column\">\n\t\t\t<div class=\"elementor-widget-wrap elementor-element-populated\">\n\t\t\t\t\t\t<div class=\"elementor-element elementor-element-3ffad71 elementor-widget elementor-widget-image\" data-id=\"3ffad71\" data-element_type=\"widget\" data-e-type=\"widget\" data-widget_type=\"image.default\">\n\t\t\t\t<div class=\"elementor-widget-container\">\n\t\t\t\t\t\t\t\t\t\t\t\t\t\t\t<img fetchpriority=\"high\" decoding=\"async\" width=\"2560\" height=\"1708\" src=\"https:\/\/adveniat-paris.org\/wp-content\/uploads\/20250124163913_2I5A8598-scaled.jpg\" class=\"attachment-full size-full wp-image-4233\" alt=\"\" srcset=\"https:\/\/adveniat-paris.org\/wp-content\/uploads\/20250124163913_2I5A8598-scaled.jpg 2560w, https:\/\/adveniat-paris.org\/wp-content\/uploads\/20250124163913_2I5A8598-400x267.jpg 400w, https:\/\/adveniat-paris.org\/wp-content\/uploads\/20250124163913_2I5A8598-1600x1067.jpg 1600w, https:\/\/adveniat-paris.org\/wp-content\/uploads\/20250124163913_2I5A8598-768x512.jpg 768w, https:\/\/adveniat-paris.org\/wp-content\/uploads\/20250124163913_2I5A8598-1536x1025.jpg 1536w, https:\/\/adveniat-paris.org\/wp-content\/uploads\/20250124163913_2I5A8598-2048x1366.jpg 2048w, https:\/\/adveniat-paris.org\/wp-content\/uploads\/20250124163913_2I5A8598-120x80.jpg 120w\" sizes=\"(max-width: 2560px) 100vw, 2560px\" \/>\t\t\t\t\t\t\t\t\t\t\t\t\t\t\t<\/div>\n\t\t\t\t<\/div>\n\t\t\t\t\t<\/div>\n\t\t<\/div>\n\t\t\t\t<div class=\"elementor-column elementor-col-50 elementor-top-column elementor-element elementor-element-3bc53ac\" data-id=\"3bc53ac\" data-element_type=\"column\" data-e-type=\"column\">\n\t\t\t<div class=\"elementor-widget-wrap elementor-element-populated\">\n\t\t\t\t\t\t<div class=\"elementor-element elementor-element-7c0f2d0 elementor-widget elementor-widget-heading\" data-id=\"7c0f2d0\" data-element_type=\"widget\" data-e-type=\"widget\" data-widget_type=\"heading.default\">\n\t\t\t\t<div class=\"elementor-widget-container\">\n\t\t\t\t\t<h3 class=\"elementor-heading-title elementor-size-default\">Nos valeurs<\/h3>\t\t\t\t<\/div>\n\t\t\t\t<\/div>\n\t\t\t\t<div class=\"elementor-element elementor-element-c808b2e elementor-widget elementor-widget-text-editor\" data-id=\"c808b2e\" data-element_type=\"widget\" data-e-type=\"widget\" data-widget_type=\"text-editor.default\">\n\t\t\t\t<div class=\"elementor-widget-container\">\n\t\t\t\t\t\t\t\t\t<p>Auberge chr\u00e9tienne, Adveniat est d\u2019abord un lieu d\u2019hospitalit\u00e9 ouvert \u00e0 tous. Les Assomptionnistes se rattachent \u00e0 la R\u00e8gle de saint Augustin (354-430) qui met en avant l\u2019unit\u00e9, l\u2019accueil de l\u2019autre et la fraternit\u00e9. L\u2019ambition de notre auberge est de permettre la rencontre entre personnes de pays, de culture, de religion, d\u2019\u00e2ge diff\u00e9rents, en faisant le pari que Celui qui nous r\u00e9unit est plus fort que ce qui nous divise. Adveniat peut ainsi devenir un lieu propice au partage entre l\u2019\u00c9glise et la soci\u00e9t\u00e9 actuelle, dans un esprit d\u2019ouverture et de respect mutuel.<\/p>\t\t\t\t\t\t\t\t<\/div>\n\t\t\t\t<\/div>\n\t\t\t\t\t<\/div>\n\t\t<\/div>\n\t\t\t\t\t<\/div>\n\t\t<\/section>\n\t\t\t\t<section class=\"elementor-section elementor-top-section elementor-element elementor-element-c49c04b elementor-section-content-middle elementor-section-boxed elementor-section-height-default elementor-section-height-default\" data-id=\"c49c04b\" data-element_type=\"section\" data-e-type=\"section\">\n\t\t\t\t\t\t<div class=\"elementor-container elementor-column-gap-default\">\n\t\t\t\t\t<div class=\"elementor-column elementor-col-50 elementor-top-column elementor-element elementor-element-93bbd64\" data-id=\"93bbd64\" data-element_type=\"column\" data-e-type=\"column\">\n\t\t\t<div class=\"elementor-widget-wrap elementor-element-populated\">\n\t\t\t\t\t\t<div class=\"elementor-element elementor-element-eaa0704 elementor-widget elementor-widget-heading\" data-id=\"eaa0704\" data-element_type=\"widget\" data-e-type=\"widget\" data-widget_type=\"heading.default\">\n\t\t\t\t<div class=\"elementor-widget-container\">\n\t\t\t\t\t<h3 class=\"elementor-heading-title elementor-size-default\">Une communaut\u00e9<\/h3>\t\t\t\t<\/div>\n\t\t\t\t<\/div>\n\t\t\t\t<div class=\"elementor-element elementor-element-5f92cb1 elementor-widget elementor-widget-text-editor\" data-id=\"5f92cb1\" data-element_type=\"widget\" data-e-type=\"widget\" data-widget_type=\"text-editor.default\">\n\t\t\t\t<div class=\"elementor-widget-container\">\n\t\t\t\t\t\t\t\t\t<p>Adveniat n\u2019est pas une auberge de jeunesse ordinaire. Fond\u00e9e<br \/>par les religieux assomptionnistes, elle tire son nom de leur devise : <i>Adveniat Regnum Tuum<\/i> <span style=\"font-size: 12.0pt; line-height: 115%; font-family: 'Aptos',sans-serif; mso-ascii-theme-font: minor-latin; mso-fareast-font-family: Aptos; mso-fareast-theme-font: minor-latin; mso-hansi-theme-font: minor-latin; mso-bidi-font-family: 'Times New Roman'; mso-bidi-theme-font: minor-bidi; mso-ansi-language: FR; mso-fareast-language: EN-US; mso-bidi-language: AR-SA;\">\u00ab\u00a0Que ton r\u00e8gne vienne\u00a0\u00bb<\/span>. La communaut\u00e9 qui y r\u00e9side, d\u00e9di\u00e9e \u00e0 Dieu par amour du Christ, reste pleinement engag\u00e9e dans le monde, pr\u00f4nant la foi, la communion et la solidarit\u00e9 avec les plus pauvres.<\/p><p>Cet esprit se traduit par des initiatives vari\u00e9es : foyers<br \/>d\u2019\u00e9tudiants, centres pour des s\u00e9minaires d\u2019entreprises, \u00e9tablissements<br \/>scolaires, groupe Bayard (<i>J\u2019aime Lire<\/i>, <i>Okapi<\/i>, <i>La\u00a0Croix<\/i>,\u00a0<i>Le P\u00e8lerin\u2026<\/i>), missions en Orient et dialogue interreligieux.<\/p><p>L\u2019\u00e9quipe, compos\u00e9e de religieux, salari\u00e9s, volontaires, \u00e9tudiants et b\u00e9n\u00e9voles, partage une mission commune : accueillir et t\u00e9moigner de la<br \/>fraternit\u00e9 humaine.<\/p>\t\t\t\t\t\t\t\t<\/div>\n\t\t\t\t<\/div>\n\t\t\t\t\t<\/div>\n\t\t<\/div>\n\t\t\t\t<div class=\"elementor-column elementor-col-50 elementor-top-column elementor-element elementor-element-8e45086\" data-id=\"8e45086\" data-element_type=\"column\" data-e-type=\"column\">\n\t\t\t<div class=\"elementor-widget-wrap elementor-element-populated\">\n\t\t\t\t\t\t<div class=\"elementor-element elementor-element-f6b6449 elementor-widget elementor-widget-image\" data-id=\"f6b6449\" data-element_type=\"widget\" data-e-type=\"widget\" data-widget_type=\"image.default\">\n\t\t\t\t<div class=\"elementor-widget-container\">\n\t\t\t\t\t\t\t\t\t\t\t\t\t\t\t<img decoding=\"async\" width=\"2560\" height=\"1772\" src=\"https:\/\/adveniat-paris.org\/wp-content\/uploads\/Communaute-2026-1-scaled.jpeg\" class=\"attachment-full size-full wp-image-4864\" alt=\"\" srcset=\"https:\/\/adveniat-paris.org\/wp-content\/uploads\/Communaute-2026-1-scaled.jpeg 2560w, https:\/\/adveniat-paris.org\/wp-content\/uploads\/Communaute-2026-1-400x277.jpeg 400w, https:\/\/adveniat-paris.org\/wp-content\/uploads\/Communaute-2026-1-1600x1108.jpeg 1600w, https:\/\/adveniat-paris.org\/wp-content\/uploads\/Communaute-2026-1-768x532.jpeg 768w, https:\/\/adveniat-paris.org\/wp-content\/uploads\/Communaute-2026-1-1536x1063.jpeg 1536w, https:\/\/adveniat-paris.org\/wp-content\/uploads\/Communaute-2026-1-2048x1418.jpeg 2048w, https:\/\/adveniat-paris.org\/wp-content\/uploads\/Communaute-2026-1-120x83.jpeg 120w\" sizes=\"(max-width: 2560px) 100vw, 2560px\" \/>\t\t\t\t\t\t\t\t\t\t\t\t\t\t\t<\/div>\n\t\t\t\t<\/div>\n\t\t\t\t\t<\/div>\n\t\t<\/div>\n\t\t\t\t\t<\/div>\n\t\t<\/section>\n\t\t\t\t<section class=\"elementor-section elementor-top-section elementor-element elementor-element-59ed3c1 elementor-section-content-middle elementor-reverse-mobile elementor-section-boxed elementor-section-height-default elementor-section-height-default\" data-id=\"59ed3c1\" data-element_type=\"section\" data-e-type=\"section\">\n\t\t\t\t\t\t<div class=\"elementor-container elementor-column-gap-default\">\n\t\t\t\t\t<div class=\"elementor-column elementor-col-50 elementor-top-column elementor-element elementor-element-f7ab7a6\" data-id=\"f7ab7a6\" data-element_type=\"column\" data-e-type=\"column\">\n\t\t\t<div class=\"elementor-widget-wrap elementor-element-populated\">\n\t\t\t\t\t\t<div class=\"elementor-element elementor-element-013ba92 elementor-widget elementor-widget-image\" data-id=\"013ba92\" data-element_type=\"widget\" data-e-type=\"widget\" data-widget_type=\"image.default\">\n\t\t\t\t<div class=\"elementor-widget-container\">\n\t\t\t\t\t\t\t\t\t\t\t\t\t\t\t<img decoding=\"async\" width=\"784\" height=\"561\" src=\"https:\/\/adveniat-paris.org\/wp-content\/uploads\/acra034_026b-e1737736447660.jpg\" class=\"attachment-full size-full wp-image-4239\" alt=\"\" srcset=\"https:\/\/adveniat-paris.org\/wp-content\/uploads\/acra034_026b-e1737736447660.jpg 784w, https:\/\/adveniat-paris.org\/wp-content\/uploads\/acra034_026b-e1737736447660-400x286.jpg 400w, https:\/\/adveniat-paris.org\/wp-content\/uploads\/acra034_026b-e1737736447660-768x550.jpg 768w, https:\/\/adveniat-paris.org\/wp-content\/uploads\/acra034_026b-e1737736447660-120x86.jpg 120w\" sizes=\"(max-width: 784px) 100vw, 784px\" \/>\t\t\t\t\t\t\t\t\t\t\t\t\t\t\t<\/div>\n\t\t\t\t<\/div>\n\t\t\t\t\t<\/div>\n\t\t<\/div>\n\t\t\t\t<div class=\"elementor-column elementor-col-50 elementor-top-column elementor-element elementor-element-42ea13c\" data-id=\"42ea13c\" data-element_type=\"column\" data-e-type=\"column\">\n\t\t\t<div class=\"elementor-widget-wrap elementor-element-populated\">\n\t\t\t\t\t\t<div class=\"elementor-element elementor-element-08c215b elementor-widget elementor-widget-heading\" data-id=\"08c215b\" data-element_type=\"widget\" data-e-type=\"widget\" data-widget_type=\"heading.default\">\n\t\t\t\t<div class=\"elementor-widget-container\">\n\t\t\t\t\t<h3 class=\"elementor-heading-title elementor-size-default\">Notre histoire<\/h3>\t\t\t\t<\/div>\n\t\t\t\t<\/div>\n\t\t\t\t<div class=\"elementor-element elementor-element-a2bdceb elementor-widget elementor-widget-text-editor\" data-id=\"a2bdceb\" data-element_type=\"widget\" data-e-type=\"widget\" data-widget_type=\"text-editor.default\">\n\t\t\t\t<div class=\"elementor-widget-container\">\n\t\t\t\t\t\t\t\t\t<p>Lorsque les religieux assomptionnistes se sont \u00e9tablis rue Fran\u00e7ois 1er, le quartier venait tout juste d\u2019\u00eatre am\u00e9nag\u00e9. Install\u00e9s dans une petite maison, les fr\u00e8res ont lanc\u00e9 de nombreuses activit\u00e9s dont certaines existent encore aujourd\u2019hui\u00a0: l\u2019Association Notre-Dame de Salut qui organise tous les ans le P\u00e8lerinage National \u00e0 Lourdes, ou le groupe de m\u00e9dias Bayard, pr\u00e9sent aujourd\u2019hui sur quatre continents. En 2008, nous d\u00e9cidons de refaire totalement l\u2019am\u00e9nagement de la maison pour accueillir un nouveau projet\u00a0: l\u2019auberge Adveniat.<\/p>\t\t\t\t\t\t\t\t<\/div>\n\t\t\t\t<\/div>\n\t\t\t\t\t<\/div>\n\t\t<\/div>\n\t\t\t\t\t<\/div>\n\t\t<\/section>\n\t\t\t\t<section class=\"elementor-section elementor-top-section elementor-element elementor-element-d8627ec elementor-section-boxed elementor-section-height-default elementor-section-height-default\" data-id=\"d8627ec\" data-element_type=\"section\" data-e-type=\"section\">\n\t\t\t\t\t\t<div class=\"elementor-container elementor-column-gap-default\">\n\t\t\t\t\t<div class=\"elementor-column elementor-col-100 elementor-top-column elementor-element elementor-element-7f1a6ea\" data-id=\"7f1a6ea\" data-element_type=\"column\" data-e-type=\"column\">\n\t\t\t<div class=\"elementor-widget-wrap elementor-element-populated\">\n\t\t\t\t\t\t<div class=\"elementor-element elementor-element-7627846 elementor-widget elementor-widget-video\" data-id=\"7627846\" data-element_type=\"widget\" data-e-type=\"widget\" data-settings=\"{&quot;youtube_url&quot;:&quot;https:\\\/\\\/www.youtube.com\\\/watch?v=m5EsH28TuCc&quot;,&quot;start&quot;:0,&quot;autoplay&quot;:&quot;yes&quot;,&quot;video_type&quot;:&quot;youtube&quot;,&quot;controls&quot;:&quot;yes&quot;}\" data-widget_type=\"video.default\">\n\t\t\t\t<div class=\"elementor-widget-container\">\n\t\t\t\t\t\t\t<div class=\"elementor-wrapper elementor-open-inline\">\n\t\t\t<div class=\"elementor-video\"><\/div>\t\t<\/div>\n\t\t\t\t\t\t<\/div>\n\t\t\t\t<\/div>\n\t\t\t\t\t<\/div>\n\t\t<\/div>\n\t\t\t\t\t<\/div>\n\t\t<\/section>\n\t\t\t\t<section class=\"elementor-section elementor-top-section elementor-element elementor-element-a90d643 elementor-section-boxed elementor-section-height-default elementor-section-height-default\" data-id=\"a90d643\" data-element_type=\"section\" data-e-type=\"section\">\n\t\t\t\t\t\t<div class=\"elementor-container elementor-column-gap-default\">\n\t\t\t\t\t<div class=\"elementor-column elementor-col-100 elementor-top-column elementor-element elementor-element-b4882d6\" data-id=\"b4882d6\" data-element_type=\"column\" data-e-type=\"column\">\n\t\t\t<div class=\"elementor-widget-wrap elementor-element-populated\">\n\t\t\t\t\t\t<div class=\"elementor-element elementor-element-0b44b1d elementor-widget elementor-widget-heading\" data-id=\"0b44b1d\" data-element_type=\"widget\" data-e-type=\"widget\" data-widget_type=\"heading.default\">\n\t\t\t\t<div class=\"elementor-widget-container\">\n\t\t\t\t\t<h3 class=\"elementor-heading-title elementor-size-default\">Liens :<\/h3>\t\t\t\t<\/div>\n\t\t\t\t<\/div>\n\t\t\t\t<div class=\"elementor-element elementor-element-4d141c0 elementor-widget elementor-widget-text-editor\" data-id=\"4d141c0\" data-element_type=\"widget\" data-e-type=\"widget\" data-widget_type=\"text-editor.default\">\n\t\t\t\t<div class=\"elementor-widget-container\">\n\t\t\t\t\t\t\t\t\t<p>&#8211; Le site des Assomptionnistes : <a href=\"http:\/\/www.assomption.org\/\" target=\"_blank\" rel=\"noopener\">www.assomption.org<\/a><\/p><p>&#8211; Bayard, groupe de presse et de m\u00e9dias\u00a0: <a href=\"http:\/\/www.groupebayard.com\/\" target=\"_blank\" rel=\"noopener\">www.groupebayard.com<\/a><\/p><p>&#8211; Centre de s\u00e9minaires Port-Royal\u00a0(\u00e0 proximit\u00e9 de St Quentin-en-Yvelines) : <a href=\"https:\/\/centreportroyal.com\/\" target=\"_blank\" rel=\"noopener\">https:\/\/centreportroyal.com<\/a><\/p><p>&#8211; Centre de s\u00e9minaires et h\u00f4tellerie de Valpr\u00e9\u00a0(\u00e0 proximit\u00e9 de Lyon) : <a href=\"http:\/\/www.valpre.com\/\" target=\"_blank\" rel=\"noopener\">www.valpre.com<\/a><\/p><p>&#8211; Ce que nous voulons vivre \u00e0 Adveniat : <a href=\"https:\/\/adveniat-paris.org\/wp-content\/uploads\/Projet-pastoral-adveniat_Definitif.pdf\" target=\"_blank\" rel=\"noopener\">notre projet pastoral<\/a><\/p>\t\t\t\t\t\t\t\t<\/div>\n\t\t\t\t<\/div>\n\t\t\t\t\t<\/div>\n\t\t<\/div>\n\t\t\t\t\t<\/div>\n\t\t<\/section>\n\t\t\t\t<section class=\"elementor-section elementor-top-section elementor-element elementor-element-71be5480 elementor-section-height-min-height elementor-section-boxed elementor-section-height-default elementor-section-items-middle\" data-id=\"71be5480\" data-element_type=\"section\" data-e-type=\"section\" data-settings=\"{&quot;background_background&quot;:&quot;classic&quot;}\">\n\t\t\t\t\t\t<div class=\"elementor-container elementor-column-gap-default\">\n\t\t\t\t\t<div class=\"elementor-column elementor-col-100 elementor-top-column elementor-element elementor-element-124ed49\" data-id=\"124ed49\" data-element_type=\"column\" data-e-type=\"column\">\n\t\t\t<div class=\"elementor-widget-wrap elementor-element-populated\">\n\t\t\t\t\t\t<div class=\"elementor-element elementor-element-27ef649 elementor-widget elementor-widget-heading\" data-id=\"27ef649\" data-element_type=\"widget\" data-e-type=\"widget\" data-widget_type=\"heading.default\">\n\t\t\t\t<div class=\"elementor-widget-container\">\n\t\t\t\t\t<h2 class=\"elementor-heading-title elementor-size-default\">volontariat<\/h2>\t\t\t\t<\/div>\n\t\t\t\t<\/div>\n\t\t\t\t<div class=\"elementor-element elementor-element-ae71afb elementor-widget elementor-widget-text-editor\" data-id=\"ae71afb\" data-element_type=\"widget\" data-e-type=\"widget\" data-widget_type=\"text-editor.default\">\n\t\t\t\t<div class=\"elementor-widget-container\">\n\t\t\t\t\t\t\t\t\t<p>Envie d\u2019\u00eatre au service des clients pendant un ou plusieurs plusieurs mois \u00e0 Adveniat, tout en partageant la vie de la communaut\u00e9 religieuse ? Devient volontaire pour nous aider dans notre mission.<\/p>\t\t\t\t\t\t\t\t<\/div>\n\t\t\t\t<\/div>\n\t\t\t\t<div class=\"elementor-element elementor-element-e49727a elementor-align-center elementor-widget elementor-widget-button\" data-id=\"e49727a\" data-element_type=\"widget\" data-e-type=\"widget\" data-widget_type=\"button.default\">\n\t\t\t\t<div class=\"elementor-widget-container\">\n\t\t\t\t\t\t\t\t\t<div class=\"elementor-button-wrapper\">\n\t\t\t\t\t<a class=\"elementor-button elementor-button-link elementor-size-lg elementor-animation-shrink\" href=\"https:\/\/adveniat-paris.org\/benevolat-et-volontariat\/\">\n\t\t\t\t\t\t<span class=\"elementor-button-content-wrapper\">\n\t\t\t\t\t\t\t\t\t<span class=\"elementor-button-text\">En savoir plus<\/span>\n\t\t\t\t\t<\/span>\n\t\t\t\t\t<\/a>\n\t\t\t\t<\/div>\n\t\t\t\t\t\t\t\t<\/div>\n\t\t\t\t<\/div>\n\t\t\t\t\t<\/div>\n\t\t<\/div>\n\t\t\t\t\t<\/div>\n\t\t<\/section>\n\t\t\t\t<\/div>\n\t\t","protected":false},"excerpt":{"rendered":"<p>Qui sommes-nous\u00a0? R\u00e9server Nos valeurs Auberge chr\u00e9tienne, Adveniat est d\u2019abord un lieu d\u2019hospitalit\u00e9 ouvert \u00e0 tous. Les Assomptionnistes se rattachent \u00e0 la R\u00e8gle de saint Augustin (354-430) qui met en avant l\u2019unit\u00e9, l\u2019accueil de l\u2019autre et la fraternit\u00e9. L\u2019ambition de notre auberge est de permettre la rencontre entre personnes de pays, de culture, de religion, [&hellip;]<\/p>\n","protected":false},"author":1,"featured_media":0,"parent":0,"menu_order":0,"comment_status":"closed","ping_status":"closed","template":"","meta":{"om_disable_all_campaigns":false,"_monsterinsights_skip_tracking":false,"_monsterinsights_sitenote_active":false,"_monsterinsights_sitenote_note":"","_monsterinsights_sitenote_category":0,"_uf_show_specific_survey":0,"_uf_disable_surveys":false,"footnotes":""},"class_list":["post-15","page","type-page","status-publish","hentry"],"aioseo_notices":[],"yoast_head":"<!-- This site is optimized with the Yoast SEO plugin v27.5 - https:\/\/yoast.com\/product\/yoast-seo-wordpress\/ -->\n<title>Qui sommes-nous ? Des Assomptionnistes - Adveniat Paris<\/title>\n<meta name=\"description\" content=\"Adveniat n\u2019est pas une auberge de jeunesse comme les autres\u2026 Notre projet est port\u00e9 depuis le d\u00e9but par des religieux assomptionnistes.\" \/>\n<meta name=\"robots\" content=\"index, follow, max-snippet:-1, max-image-preview:large, max-video-preview:-1\" \/>\n<link rel=\"canonical\" href=\"https:\/\/adveniat-paris.org\/fr\/qui-sommes-nous\/\" \/>\n<meta property=\"og:locale\" content=\"fr_FR\" \/>\n<meta property=\"og:type\" content=\"article\" \/>\n<meta property=\"og:title\" content=\"Qui sommes-nous ? Des Assomptionnistes - Adveniat Paris\" \/>\n<meta property=\"og:description\" content=\"Adveniat n\u2019est pas une auberge de jeunesse comme les autres\u2026 Notre projet est port\u00e9 depuis le d\u00e9but par des religieux assomptionnistes.\" \/>\n<meta property=\"og:url\" content=\"https:\/\/adveniat-paris.org\/fr\/qui-sommes-nous\/\" \/>\n<meta property=\"og:site_name\" content=\"Adveniat Paris\" \/>\n<meta property=\"article:modified_time\" content=\"2026-04-02T13:14:43+00:00\" \/>\n<meta property=\"og:image\" content=\"https:\/\/adveniat-paris.org\/wp-content\/uploads\/20250124163913_2I5A8598-scaled.jpg\" \/>\n\t<meta property=\"og:image:width\" content=\"2560\" \/>\n\t<meta property=\"og:image:height\" content=\"1708\" \/>\n\t<meta property=\"og:image:type\" content=\"image\/jpeg\" \/>\n<meta name=\"twitter:card\" content=\"summary_large_image\" \/>\n<meta name=\"twitter:label1\" content=\"Dur\u00e9e de lecture estim\u00e9e\" \/>\n\t<meta name=\"twitter:data1\" content=\"3 minutes\" \/>\n<script type=\"application\/ld+json\" class=\"yoast-schema-graph\">{\"@context\":\"https:\\\/\\\/schema.org\",\"@graph\":[{\"@type\":\"WebPage\",\"@id\":\"https:\\\/\\\/adveniat-paris.org\\\/fr\\\/qui-sommes-nous\\\/\",\"url\":\"https:\\\/\\\/adveniat-paris.org\\\/fr\\\/qui-sommes-nous\\\/\",\"name\":\"Qui sommes-nous ? Des Assomptionnistes - Adveniat Paris\",\"isPartOf\":{\"@id\":\"https:\\\/\\\/adveniat-paris.org\\\/fr\\\/#website\"},\"primaryImageOfPage\":{\"@id\":\"https:\\\/\\\/adveniat-paris.org\\\/fr\\\/qui-sommes-nous\\\/#primaryimage\"},\"image\":{\"@id\":\"https:\\\/\\\/adveniat-paris.org\\\/fr\\\/qui-sommes-nous\\\/#primaryimage\"},\"thumbnailUrl\":\"https:\\\/\\\/adveniat-paris.org\\\/wp-content\\\/uploads\\\/20250124163913_2I5A8598-scaled.jpg\",\"datePublished\":\"2018-11-02T14:54:12+00:00\",\"dateModified\":\"2026-04-02T13:14:43+00:00\",\"description\":\"Adveniat n\u2019est pas une auberge de jeunesse comme les autres\u2026 Notre projet est port\u00e9 depuis le d\u00e9but par des religieux assomptionnistes.\",\"breadcrumb\":{\"@id\":\"https:\\\/\\\/adveniat-paris.org\\\/fr\\\/qui-sommes-nous\\\/#breadcrumb\"},\"inLanguage\":\"fr-FR\",\"potentialAction\":[{\"@type\":\"ReadAction\",\"target\":[\"https:\\\/\\\/adveniat-paris.org\\\/fr\\\/qui-sommes-nous\\\/\"]}]},{\"@type\":\"ImageObject\",\"inLanguage\":\"fr-FR\",\"@id\":\"https:\\\/\\\/adveniat-paris.org\\\/fr\\\/qui-sommes-nous\\\/#primaryimage\",\"url\":\"https:\\\/\\\/adveniat-paris.org\\\/wp-content\\\/uploads\\\/20250124163913_2I5A8598-scaled.jpg\",\"contentUrl\":\"https:\\\/\\\/adveniat-paris.org\\\/wp-content\\\/uploads\\\/20250124163913_2I5A8598-scaled.jpg\"},{\"@type\":\"BreadcrumbList\",\"@id\":\"https:\\\/\\\/adveniat-paris.org\\\/fr\\\/qui-sommes-nous\\\/#breadcrumb\",\"itemListElement\":[{\"@type\":\"ListItem\",\"position\":1,\"name\":\"Accueil\",\"item\":\"https:\\\/\\\/adveniat-paris.org\\\/fr\\\/\"},{\"@type\":\"ListItem\",\"position\":2,\"name\":\"Qui sommes-nous ?\"}]},{\"@type\":\"WebSite\",\"@id\":\"https:\\\/\\\/adveniat-paris.org\\\/fr\\\/#website\",\"url\":\"https:\\\/\\\/adveniat-paris.org\\\/fr\\\/\",\"name\":\"Adveniat Paris\",\"description\":\"Auberge de jeunesse \u00e0 2 pas des Champs Elys\u00e9es\",\"publisher\":{\"@id\":\"https:\\\/\\\/adveniat-paris.org\\\/fr\\\/#organization\"},\"potentialAction\":[{\"@type\":\"SearchAction\",\"target\":{\"@type\":\"EntryPoint\",\"urlTemplate\":\"https:\\\/\\\/adveniat-paris.org\\\/fr\\\/?s={search_term_string}\"},\"query-input\":{\"@type\":\"PropertyValueSpecification\",\"valueRequired\":true,\"valueName\":\"search_term_string\"}}],\"inLanguage\":\"fr-FR\"},{\"@type\":\"Organization\",\"@id\":\"https:\\\/\\\/adveniat-paris.org\\\/fr\\\/#organization\",\"name\":\"Adveniat Paris\",\"url\":\"https:\\\/\\\/adveniat-paris.org\\\/fr\\\/\",\"logo\":{\"@type\":\"ImageObject\",\"inLanguage\":\"fr-FR\",\"@id\":\"https:\\\/\\\/adveniat-paris.org\\\/fr\\\/#\\\/schema\\\/logo\\\/image\\\/\",\"url\":\"https:\\\/\\\/adveniat-paris.org\\\/wp-content\\\/uploads\\\/Adveniat_logo_exe_Adveniat_logo_CMJN_baseline_blanc-1-e1737565095903.png\",\"contentUrl\":\"https:\\\/\\\/adveniat-paris.org\\\/wp-content\\\/uploads\\\/Adveniat_logo_exe_Adveniat_logo_CMJN_baseline_blanc-1-e1737565095903.png\",\"width\":1968,\"height\":613,\"caption\":\"Adveniat Paris\"},\"image\":{\"@id\":\"https:\\\/\\\/adveniat-paris.org\\\/fr\\\/#\\\/schema\\\/logo\\\/image\\\/\"}}]}<\/script>\n<!-- \/ Yoast SEO plugin. -->","yoast_head_json":{"title":"Qui sommes-nous ? Des Assomptionnistes - Adveniat Paris","description":"Adveniat n\u2019est pas une auberge de jeunesse comme les autres\u2026 Notre projet est port\u00e9 depuis le d\u00e9but par des religieux assomptionnistes.","robots":{"index":"index","follow":"follow","max-snippet":"max-snippet:-1","max-image-preview":"max-image-preview:large","max-video-preview":"max-video-preview:-1"},"canonical":"https:\/\/adveniat-paris.org\/fr\/qui-sommes-nous\/","og_locale":"fr_FR","og_type":"article","og_title":"Qui sommes-nous ? Des Assomptionnistes - Adveniat Paris","og_description":"Adveniat n\u2019est pas une auberge de jeunesse comme les autres\u2026 Notre projet est port\u00e9 depuis le d\u00e9but par des religieux assomptionnistes.","og_url":"https:\/\/adveniat-paris.org\/fr\/qui-sommes-nous\/","og_site_name":"Adveniat Paris","article_modified_time":"2026-04-02T13:14:43+00:00","og_image":[{"width":2560,"height":1708,"url":"https:\/\/adveniat-paris.org\/wp-content\/uploads\/20250124163913_2I5A8598-scaled.jpg","type":"image\/jpeg"}],"twitter_card":"summary_large_image","twitter_misc":{"Dur\u00e9e de lecture estim\u00e9e":"3 minutes"},"schema":{"@context":"https:\/\/schema.org","@graph":[{"@type":"WebPage","@id":"https:\/\/adveniat-paris.org\/fr\/qui-sommes-nous\/","url":"https:\/\/adveniat-paris.org\/fr\/qui-sommes-nous\/","name":"Qui sommes-nous ? Des Assomptionnistes - Adveniat Paris","isPartOf":{"@id":"https:\/\/adveniat-paris.org\/fr\/#website"},"primaryImageOfPage":{"@id":"https:\/\/adveniat-paris.org\/fr\/qui-sommes-nous\/#primaryimage"},"image":{"@id":"https:\/\/adveniat-paris.org\/fr\/qui-sommes-nous\/#primaryimage"},"thumbnailUrl":"https:\/\/adveniat-paris.org\/wp-content\/uploads\/20250124163913_2I5A8598-scaled.jpg","datePublished":"2018-11-02T14:54:12+00:00","dateModified":"2026-04-02T13:14:43+00:00","description":"Adveniat n\u2019est pas une auberge de jeunesse comme les autres\u2026 Notre projet est port\u00e9 depuis le d\u00e9but par des religieux assomptionnistes.","breadcrumb":{"@id":"https:\/\/adveniat-paris.org\/fr\/qui-sommes-nous\/#breadcrumb"},"inLanguage":"fr-FR","potentialAction":[{"@type":"ReadAction","target":["https:\/\/adveniat-paris.org\/fr\/qui-sommes-nous\/"]}]},{"@type":"ImageObject","inLanguage":"fr-FR","@id":"https:\/\/adveniat-paris.org\/fr\/qui-sommes-nous\/#primaryimage","url":"https:\/\/adveniat-paris.org\/wp-content\/uploads\/20250124163913_2I5A8598-scaled.jpg","contentUrl":"https:\/\/adveniat-paris.org\/wp-content\/uploads\/20250124163913_2I5A8598-scaled.jpg"},{"@type":"BreadcrumbList","@id":"https:\/\/adveniat-paris.org\/fr\/qui-sommes-nous\/#breadcrumb","itemListElement":[{"@type":"ListItem","position":1,"name":"Accueil","item":"https:\/\/adveniat-paris.org\/fr\/"},{"@type":"ListItem","position":2,"name":"Qui sommes-nous ?"}]},{"@type":"WebSite","@id":"https:\/\/adveniat-paris.org\/fr\/#website","url":"https:\/\/adveniat-paris.org\/fr\/","name":"Adveniat Paris","description":"Auberge de jeunesse \u00e0 2 pas des Champs Elys\u00e9es","publisher":{"@id":"https:\/\/adveniat-paris.org\/fr\/#organization"},"potentialAction":[{"@type":"SearchAction","target":{"@type":"EntryPoint","urlTemplate":"https:\/\/adveniat-paris.org\/fr\/?s={search_term_string}"},"query-input":{"@type":"PropertyValueSpecification","valueRequired":true,"valueName":"search_term_string"}}],"inLanguage":"fr-FR"},{"@type":"Organization","@id":"https:\/\/adveniat-paris.org\/fr\/#organization","name":"Adveniat Paris","url":"https:\/\/adveniat-paris.org\/fr\/","logo":{"@type":"ImageObject","inLanguage":"fr-FR","@id":"https:\/\/adveniat-paris.org\/fr\/#\/schema\/logo\/image\/","url":"https:\/\/adveniat-paris.org\/wp-content\/uploads\/Adveniat_logo_exe_Adveniat_logo_CMJN_baseline_blanc-1-e1737565095903.png","contentUrl":"https:\/\/adveniat-paris.org\/wp-content\/uploads\/Adveniat_logo_exe_Adveniat_logo_CMJN_baseline_blanc-1-e1737565095903.png","width":1968,"height":613,"caption":"Adveniat Paris"},"image":{"@id":"https:\/\/adveniat-paris.org\/fr\/#\/schema\/logo\/image\/"}}]}},"_links":{"self":[{"href":"https:\/\/adveniat-paris.org\/fr\/wp-json\/wp\/v2\/pages\/15","targetHints":{"allow":["GET"]}}],"collection":[{"href":"https:\/\/adveniat-paris.org\/fr\/wp-json\/wp\/v2\/pages"}],"about":[{"href":"https:\/\/adveniat-paris.org\/fr\/wp-json\/wp\/v2\/types\/page"}],"author":[{"embeddable":true,"href":"https:\/\/adveniat-paris.org\/fr\/wp-json\/wp\/v2\/users\/1"}],"replies":[{"embeddable":true,"href":"https:\/\/adveniat-paris.org\/fr\/wp-json\/wp\/v2\/comments?post=15"}],"version-history":[{"count":21,"href":"https:\/\/adveniat-paris.org\/fr\/wp-json\/wp\/v2\/pages\/15\/revisions"}],"predecessor-version":[{"id":5025,"href":"https:\/\/adveniat-paris.org\/fr\/wp-json\/wp\/v2\/pages\/15\/revisions\/5025"}],"wp:attachment":[{"href":"https:\/\/adveniat-paris.org\/fr\/wp-json\/wp\/v2\/media?parent=15"}],"curies":[{"name":"wp","href":"https:\/\/api.w.org\/{rel}","templated":true}]}}