{"id":190,"date":"2018-07-13T16:12:53","date_gmt":"2018-07-13T14:12:53","guid":{"rendered":"https:\/\/adveniat-paris.org\/?page_id=190"},"modified":"2024-07-30T17:20:01","modified_gmt":"2024-07-30T15:20:01","slug":"accueil-de-groupe","status":"publish","type":"page","link":"https:\/\/adveniat-paris.org\/fr\/accueil-de-groupe\/","title":{"rendered":"Accueil des groupes"},"content":{"rendered":"\t\t<div data-elementor-type=\"wp-post\" data-elementor-id=\"190\" class=\"elementor elementor-190\" data-elementor-post-type=\"page\">\n\t\t\t\t\t\t<section class=\"elementor-section elementor-top-section elementor-element elementor-element-548674e8 elementor-section-height-min-height elementor-section-boxed elementor-section-height-default elementor-section-items-middle\" data-id=\"548674e8\" data-element_type=\"section\" data-e-type=\"section\" data-settings=\"{&quot;background_background&quot;:&quot;classic&quot;}\">\n\t\t\t\t\t\t<div class=\"elementor-container elementor-column-gap-default\">\n\t\t\t\t\t<div class=\"elementor-column elementor-col-100 elementor-top-column elementor-element elementor-element-649a6151\" data-id=\"649a6151\" data-element_type=\"column\" data-e-type=\"column\">\n\t\t\t<div class=\"elementor-widget-wrap elementor-element-populated\">\n\t\t\t\t\t\t<div class=\"elementor-element elementor-element-d4d8046 elementor-widget elementor-widget-heading\" data-id=\"d4d8046\" data-element_type=\"widget\" data-e-type=\"widget\" data-widget_type=\"heading.default\">\n\t\t\t\t<div class=\"elementor-widget-container\">\n\t\t\t\t\t<h2 class=\"elementor-heading-title elementor-size-default\">Venir en groupe<br>\n\u00e0 Adveniat<\/h2>\t\t\t\t<\/div>\n\t\t\t\t<\/div>\n\t\t\t\t\t<\/div>\n\t\t<\/div>\n\t\t\t\t\t<\/div>\n\t\t<\/section>\n\t\t\t\t<section class=\"elementor-section elementor-top-section elementor-element elementor-element-33e41ef elementor-section-boxed elementor-section-height-default elementor-section-height-default\" data-id=\"33e41ef\" data-element_type=\"section\" data-e-type=\"section\">\n\t\t\t\t\t\t<div class=\"elementor-container elementor-column-gap-default\">\n\t\t\t\t\t<div class=\"elementor-column elementor-col-100 elementor-top-column elementor-element elementor-element-265ef2c\" data-id=\"265ef2c\" data-element_type=\"column\" data-e-type=\"column\">\n\t\t\t<div class=\"elementor-widget-wrap elementor-element-populated\">\n\t\t\t\t\t\t<div class=\"elementor-element elementor-element-add3f4d elementor-widget elementor-widget-heading\" data-id=\"add3f4d\" data-element_type=\"widget\" data-e-type=\"widget\" data-widget_type=\"heading.default\">\n\t\t\t\t<div class=\"elementor-widget-container\">\n\t\t\t\t\t<h2 class=\"elementor-heading-title elementor-size-default\"><b>Tarif de groupe<\/b><br>\n(de 11 \u00e0 55 personnes)<\/h2>\t\t\t\t<\/div>\n\t\t\t\t<\/div>\n\t\t\t\t<section class=\"elementor-section elementor-inner-section elementor-element elementor-element-9d9a922 elementor-section-content-middle elementor-section-boxed elementor-section-height-default elementor-section-height-default\" data-id=\"9d9a922\" data-element_type=\"section\" data-e-type=\"section\">\n\t\t\t\t\t\t<div class=\"elementor-container elementor-column-gap-default\">\n\t\t\t\t\t<div class=\"elementor-column elementor-col-33 elementor-inner-column elementor-element elementor-element-c459164\" data-id=\"c459164\" data-element_type=\"column\" data-e-type=\"column\">\n\t\t\t<div class=\"elementor-widget-wrap elementor-element-populated\">\n\t\t\t\t\t\t<div class=\"elementor-element elementor-element-b63d046 elementor-widget elementor-widget-heading\" data-id=\"b63d046\" data-element_type=\"widget\" data-e-type=\"widget\" data-widget_type=\"heading.default\">\n\t\t\t\t<div class=\"elementor-widget-container\">\n\t\t\t\t\t<h2 class=\"elementor-heading-title elementor-size-default\"><span><h2 data-elementor-setting-key=\"title\" data-pen-placeholder=\"\u00c9crivez ici...\"><span>A partir de<\/span><\/h2><\/span>39<span>\u20ac<\/span><\/h2>\t\t\t\t<\/div>\n\t\t\t\t<\/div>\n\t\t\t\t<div class=\"elementor-element elementor-element-d00188f elementor-widget elementor-widget-text-editor\" data-id=\"d00188f\" data-element_type=\"widget\" data-e-type=\"widget\" data-widget_type=\"text-editor.default\">\n\t\t\t\t<div class=\"elementor-widget-container\">\n\t\t\t\t\t\t\t\t\t<p>par personne et par nuit,<br \/>en dortoirs (de 2 \u00e0 11 lits)<\/p>\t\t\t\t\t\t\t\t<\/div>\n\t\t\t\t<\/div>\n\t\t\t\t\t<\/div>\n\t\t<\/div>\n\t\t\t\t<div class=\"elementor-column elementor-col-33 elementor-inner-column elementor-element elementor-element-bc30b32\" data-id=\"bc30b32\" data-element_type=\"column\" data-e-type=\"column\">\n\t\t\t<div class=\"elementor-widget-wrap\">\n\t\t\t\t\t\t\t<\/div>\n\t\t<\/div>\n\t\t\t\t<div class=\"elementor-column elementor-col-33 elementor-inner-column elementor-element elementor-element-55ea0a6\" data-id=\"55ea0a6\" data-element_type=\"column\" data-e-type=\"column\">\n\t\t\t<div class=\"elementor-widget-wrap elementor-element-populated\">\n\t\t\t\t\t\t<div class=\"elementor-element elementor-element-9843aee elementor-widget elementor-widget-text-editor\" data-id=\"9843aee\" data-element_type=\"widget\" data-e-type=\"widget\" data-widget_type=\"text-editor.default\">\n\t\t\t\t<div class=\"elementor-widget-container\">\n\t\t\t\t\t\t\t\t\t<p>Adveniat \u00e9tant une auberge associative, il est n\u00e9cessaire d\u2019\u00eatre membre de l\u2019association pour pouvoir loger chez nous.<\/p><p>En tant que groupe, vous b\u00e9n\u00e9ficiez d&rsquo;une adh\u00e9sion annuelle \u00e0 l&rsquo;association \u00e0 prix r\u00e9duit :<\/p><p>de 11 \u00e0 19 personnes : 90\u20ac<br \/>de 20 \u00e0 29 personnes : 135\u20ac<br \/>de 30 \u00e0 39 personnes : 160\u20ac<\/p>\t\t\t\t\t\t\t\t<\/div>\n\t\t\t\t<\/div>\n\t\t\t\t\t<\/div>\n\t\t<\/div>\n\t\t\t\t\t<\/div>\n\t\t<\/section>\n\t\t\t\t\t<\/div>\n\t\t<\/div>\n\t\t\t\t\t<\/div>\n\t\t<\/section>\n\t\t\t\t<section class=\"elementor-section elementor-top-section elementor-element elementor-element-9f67d75 elementor-section-content-top elementor-section-boxed elementor-section-height-default elementor-section-height-default\" data-id=\"9f67d75\" data-element_type=\"section\" data-e-type=\"section\">\n\t\t\t\t\t\t<div class=\"elementor-container elementor-column-gap-wider\">\n\t\t\t\t\t<div class=\"elementor-column elementor-col-33 elementor-top-column elementor-element elementor-element-b3186da\" data-id=\"b3186da\" data-element_type=\"column\" data-e-type=\"column\">\n\t\t\t<div class=\"elementor-widget-wrap elementor-element-populated\">\n\t\t\t\t\t\t<div class=\"elementor-element elementor-element-009d89f elementor-align-start elementor-icon-list--layout-traditional elementor-list-item-link-full_width elementor-widget elementor-widget-icon-list\" data-id=\"009d89f\" data-element_type=\"widget\" data-e-type=\"widget\" data-widget_type=\"icon-list.default\">\n\t\t\t\t<div class=\"elementor-widget-container\">\n\t\t\t\t\t\t\t<ul class=\"elementor-icon-list-items\">\n\t\t\t\t\t\t\t<li class=\"elementor-icon-list-item\">\n\t\t\t\t\t\t\t\t\t\t\t<span class=\"elementor-icon-list-icon\">\n\t\t\t\t\t\t\t<i aria-hidden=\"true\" class=\"fas fa-check\"><\/i>\t\t\t\t\t\t<\/span>\n\t\t\t\t\t\t\t\t\t\t<span class=\"elementor-icon-list-text\">Effectif maximum accept\u00e9 : 55 personnes (accompagnateurs inclus)<\/span>\n\t\t\t\t\t\t\t\t\t<\/li>\n\t\t\t\t\t\t\t\t<li class=\"elementor-icon-list-item\">\n\t\t\t\t\t\t\t\t\t\t\t<span class=\"elementor-icon-list-icon\">\n\t\t\t\t\t\t\t<i aria-hidden=\"true\" class=\"fas fa-check\"><\/i>\t\t\t\t\t\t<\/span>\n\t\t\t\t\t\t\t\t\t\t<span class=\"elementor-icon-list-text\">Dortoir de 3\/4\/5\/11 lits avec douche et toilettes partag\u00e9es<\/span>\n\t\t\t\t\t\t\t\t\t<\/li>\n\t\t\t\t\t\t\t\t<li class=\"elementor-icon-list-item\">\n\t\t\t\t\t\t\t\t\t\t\t<span class=\"elementor-icon-list-icon\">\n\t\t\t\t\t\t\t<i aria-hidden=\"true\" class=\"fas fa-check\"><\/i>\t\t\t\t\t\t<\/span>\n\t\t\t\t\t\t\t\t\t\t<span class=\"elementor-icon-list-text\">Chambre avec douche et toilettes privatives pour l<span data-elementor-setting-key=\"icon_list.3.text\" data-pen-placeholder=\"\u00c9crivez ici...\">es accompagnateurs<\/span><\/span>\n\t\t\t\t\t\t\t\t\t<\/li>\n\t\t\t\t\t\t\t\t<li class=\"elementor-icon-list-item\">\n\t\t\t\t\t\t\t\t\t\t\t<span class=\"elementor-icon-list-icon\">\n\t\t\t\t\t\t\t<i aria-hidden=\"true\" class=\"fas fa-check\"><\/i>\t\t\t\t\t\t<\/span>\n\t\t\t\t\t\t\t\t\t\t<span class=\"elementor-icon-list-text\">Pendant le s\u00e9jour, les chambres ne sont pas accessibles entre 10h et 15h<\/span>\n\t\t\t\t\t\t\t\t\t<\/li>\n\t\t\t\t\t\t<\/ul>\n\t\t\t\t\t\t<\/div>\n\t\t\t\t<\/div>\n\t\t\t\t\t<\/div>\n\t\t<\/div>\n\t\t\t\t<div class=\"elementor-column elementor-col-33 elementor-top-column elementor-element elementor-element-02bf1b9\" data-id=\"02bf1b9\" data-element_type=\"column\" data-e-type=\"column\">\n\t\t\t<div class=\"elementor-widget-wrap elementor-element-populated\">\n\t\t\t\t\t\t<div class=\"elementor-element elementor-element-f6317d5 elementor-position-left elementor-vertical-align-middle services elementor-widget elementor-widget-image-box\" data-id=\"f6317d5\" data-element_type=\"widget\" data-e-type=\"widget\" data-widget_type=\"image-box.default\">\n\t\t\t\t<div class=\"elementor-widget-container\">\n\t\t\t\t\t<div class=\"elementor-image-box-wrapper\"><figure class=\"elementor-image-box-img\"><img decoding=\"async\" width=\"120\" height=\"120\" src=\"https:\/\/adveniat-paris.org\/wp-content\/uploads\/ADVENIAT_couverture.png\" class=\"attachment-full size-full wp-image-135\" alt=\"#\" \/><\/figure><div class=\"elementor-image-box-content\"><h4 class=\"elementor-image-box-title\">Draps inclus<\/h4><p class=\"elementor-image-box-description\">et serviettes en location (5\u20ac\/pi\u00e8ce)<\/p><\/div><\/div>\t\t\t\t<\/div>\n\t\t\t\t<\/div>\n\t\t\t\t<div class=\"elementor-element elementor-element-a3e3dbd elementor-position-left elementor-vertical-align-middle services elementor-widget elementor-widget-image-box\" data-id=\"a3e3dbd\" data-element_type=\"widget\" data-e-type=\"widget\" data-widget_type=\"image-box.default\">\n\t\t\t\t<div class=\"elementor-widget-container\">\n\t\t\t\t\t<div class=\"elementor-image-box-wrapper\"><figure class=\"elementor-image-box-img\"><img decoding=\"async\" width=\"120\" height=\"120\" src=\"https:\/\/adveniat-paris.org\/wp-content\/uploads\/ADVENIAT_bagagerie.png\" class=\"attachment-full size-full wp-image-131\" alt=\"#\" \/><\/figure><div class=\"elementor-image-box-content\"><h4 class=\"elementor-image-box-title\">Bagagerie et casiers<\/h4><p class=\"elementor-image-box-description\">de 8h \u00e0 22h<\/p><\/div><\/div>\t\t\t\t<\/div>\n\t\t\t\t<\/div>\n\t\t\t\t<div class=\"elementor-element elementor-element-ab5fbd7 elementor-position-left elementor-vertical-align-middle services elementor-widget elementor-widget-image-box\" data-id=\"ab5fbd7\" data-element_type=\"widget\" data-e-type=\"widget\" data-widget_type=\"image-box.default\">\n\t\t\t\t<div class=\"elementor-widget-container\">\n\t\t\t\t\t<div class=\"elementor-image-box-wrapper\"><figure class=\"elementor-image-box-img\"><img decoding=\"async\" width=\"120\" height=\"120\" src=\"https:\/\/adveniat-paris.org\/wp-content\/uploads\/ADVENIAT_chapelle.png\" class=\"attachment-full size-full wp-image-133\" alt=\"#\" \/><\/figure><div class=\"elementor-image-box-content\"><h4 class=\"elementor-image-box-title\">Chapelle<\/h4><p class=\"elementor-image-box-description\">et temps de pri\u00e8res.\nVous avez la possibilit\u00e9 de demander un temps de pri\u00e8re ou de c\u00e9l\u00e9bration \u00e0 la chapelle. Merci de le pr\u00e9ciser lors de la r\u00e9servation<\/p><\/div><\/div>\t\t\t\t<\/div>\n\t\t\t\t<\/div>\n\t\t\t\t\t<\/div>\n\t\t<\/div>\n\t\t\t\t<div class=\"elementor-column elementor-col-33 elementor-top-column elementor-element elementor-element-8ca502e\" data-id=\"8ca502e\" data-element_type=\"column\" data-e-type=\"column\">\n\t\t\t<div class=\"elementor-widget-wrap elementor-element-populated\">\n\t\t\t\t\t\t<div class=\"elementor-element elementor-element-a2a6d94 elementor-position-left elementor-vertical-align-middle services elementor-widget elementor-widget-image-box\" data-id=\"a2a6d94\" data-element_type=\"widget\" data-e-type=\"widget\" data-widget_type=\"image-box.default\">\n\t\t\t\t<div class=\"elementor-widget-container\">\n\t\t\t\t\t<div class=\"elementor-image-box-wrapper\"><figure class=\"elementor-image-box-img\"><img loading=\"lazy\" decoding=\"async\" width=\"120\" height=\"120\" src=\"https:\/\/adveniat-paris.org\/wp-content\/uploads\/ADVENIAT_petit-dejeuner.png\" class=\"attachment-full size-full wp-image-94\" alt=\"Petit d\u00e9jeuner Jardin Auberge de Jeunesse Adveniat, Paris Centre Champs Elys\u00e9es\" \/><\/figure><div class=\"elementor-image-box-content\"><h4 class=\"elementor-image-box-title\">Petit-d\u00e9jeuner<\/h4><p class=\"elementor-image-box-description\">de 7h30 \u00e0 9h30<\/p><\/div><\/div>\t\t\t\t<\/div>\n\t\t\t\t<\/div>\n\t\t\t\t<div class=\"elementor-element elementor-element-7425c44 elementor-position-left elementor-vertical-align-middle services elementor-widget elementor-widget-image-box\" data-id=\"7425c44\" data-element_type=\"widget\" data-e-type=\"widget\" data-widget_type=\"image-box.default\">\n\t\t\t\t<div class=\"elementor-widget-container\">\n\t\t\t\t\t<div class=\"elementor-image-box-wrapper\"><figure class=\"elementor-image-box-img\"><img loading=\"lazy\" decoding=\"async\" width=\"120\" height=\"120\" src=\"https:\/\/adveniat-paris.org\/wp-content\/uploads\/ADVENIAT_cuisine.png\" class=\"attachment-full size-full wp-image-136\" alt=\"#\" \/><\/figure><div class=\"elementor-image-box-content\"><h4 class=\"elementor-image-box-title\">Cuisine \u00e9quip\u00e9e commune<\/h4><p class=\"elementor-image-box-description\">de 10h \u00e0 22h<\/p><\/div><\/div>\t\t\t\t<\/div>\n\t\t\t\t<\/div>\n\t\t\t\t<div class=\"elementor-element elementor-element-0b3cfdc elementor-position-left elementor-vertical-align-middle services elementor-widget elementor-widget-image-box\" data-id=\"0b3cfdc\" data-element_type=\"widget\" data-e-type=\"widget\" data-widget_type=\"image-box.default\">\n\t\t\t\t<div class=\"elementor-widget-container\">\n\t\t\t\t\t<div class=\"elementor-image-box-wrapper\"><figure class=\"elementor-image-box-img\"><img loading=\"lazy\" decoding=\"async\" width=\"120\" height=\"120\" src=\"https:\/\/adveniat-paris.org\/wp-content\/uploads\/panier-repas.png\" class=\"attachment-full size-full wp-image-485\" alt=\"#\" \/><\/figure><div class=\"elementor-image-box-content\"><h4 class=\"elementor-image-box-title\">Panier-repas frais \u00e0 partir 9,90\u20ac\/pi\u00e8ce <\/h4><p class=\"elementor-image-box-description\">Nous vous communiquons les adresses et on vous laisse vous organiser avec le prestataire directement.<\/p><\/div><\/div>\t\t\t\t<\/div>\n\t\t\t\t<\/div>\n\t\t\t\t\t<\/div>\n\t\t<\/div>\n\t\t\t\t\t<\/div>\n\t\t<\/section>\n\t\t\t\t<section class=\"elementor-section elementor-top-section elementor-element elementor-element-5f85fc10 elementor-section-boxed elementor-section-height-default elementor-section-height-default\" data-id=\"5f85fc10\" data-element_type=\"section\" data-e-type=\"section\" data-settings=\"{&quot;background_background&quot;:&quot;classic&quot;}\">\n\t\t\t\t\t\t<div class=\"elementor-container elementor-column-gap-default\">\n\t\t\t\t\t<div class=\"elementor-column elementor-col-100 elementor-top-column elementor-element elementor-element-702506ce\" data-id=\"702506ce\" data-element_type=\"column\" data-e-type=\"column\">\n\t\t\t<div class=\"elementor-widget-wrap elementor-element-populated\">\n\t\t\t\t\t\t<div class=\"elementor-element elementor-element-6c1c570d elementor-widget elementor-widget-heading\" data-id=\"6c1c570d\" data-element_type=\"widget\" data-e-type=\"widget\" data-widget_type=\"heading.default\">\n\t\t\t\t<div class=\"elementor-widget-container\">\n\t\t\t\t\t<h2 class=\"elementor-heading-title elementor-size-default\">Demande de r\u00e9servation<br \/>\n<b>pour un groupe<\/b><\/h2>\t\t\t\t<\/div>\n\t\t\t\t<\/div>\n\t\t\t\t<div class=\"elementor-element elementor-element-91ed6b1 elementor-widget elementor-widget-text-editor\" data-id=\"91ed6b1\" data-element_type=\"widget\" data-e-type=\"widget\" data-widget_type=\"text-editor.default\">\n\t\t\t\t<div class=\"elementor-widget-container\">\n\t\t\t\t\t\t\t\t\t<p>Pour toute r\u00e9servation de groupe, merci d&rsquo;envoyer un mail \u00e0 l&rsquo;adresse : contact@adveniat-paris.org<\/p><p>Afin de traiter au mieux votre demande, merci d&rsquo;indiquer :<\/p><ul><li><span style=\"color: var( --e-global-color-text ); font-family: var( --e-global-typography-text-font-family ), Sans-serif; font-weight: var( --e-global-typography-text-font-weight ); font-size: 1rem;\">Le nom de l&rsquo;organisation et du responsable du groupe.<\/span><\/li><li>L&rsquo;adresse postale, une adresse mail et un num\u00e9ro de t\u00e9l\u00e9phone valide.<\/li><li>Le nombre total du groupe en pr\u00e9cisant le nombre de filles, de gar\u00e7ons et le nombre des accompagnateur\/trice(s).<\/li><li>Les dates d&rsquo;arriv\u00e9e et de d\u00e9part.<\/li><\/ul>\t\t\t\t\t\t\t\t<\/div>\n\t\t\t\t<\/div>\n\t\t\t\t<div class=\"elementor-element elementor-element-9f34d28 elementor-widget elementor-widget-html\" data-id=\"9f34d28\" data-element_type=\"widget\" data-e-type=\"widget\" data-widget_type=\"html.default\">\n\t\t\t\t<div class=\"elementor-widget-container\">\n\t\t\t\t\t\t<script>\r\n        jQuery(document).ready(function(){\r\n        jQuery(\"#nom-etab\").hide();\r\n        jQuery(\"#date1\").hide();\r\n        jQuery(\"#add2\").hide();\r\n        jQuery(\"#date2\").hide();\r\n            jQuery(\".wpcf7-list-item.first\").click(function(){\r\n                jQuery(\"#nom-etab\").fadeToggle();\r\n            });\r\n\t\t\tjQuery(\".wpcf7-list-item.last\").click(function(){\r\n\t\t\t\tjQuery(\"#nom-etab\").hide();\r\n            });\r\n            jQuery(\"#add1\").click(function(){\r\n                jQuery(\"#date1\").show();\r\n\t\t\t\tjQuery(\"#add1\").hide();\r\n\t\t\t\tjQuery(\"#add2\").show();\r\n            });\r\n            jQuery(\"#add2\").click(function(){\r\n                jQuery(\"#date2\").show();\r\n\t\t\t\tjQuery(\"#add2\").hide();\r\n            });\r\n        });\r\n        <\/script>\r\n        <script type='text\/javascript'>jQuery(function($){\r\n\t$.datepicker.regional['fr'] = {\r\n\t\tcloseText: 'Fermer',\r\n\t\tprevText: 'Pr\u00e9c\u00e9dent',\r\n\t\tnextText: 'Suivant',\r\n\t\tcurrentText: 'Aujourd\\'hui',\r\n\t\tmonthNames: ['Janvier','F\u00e9vrier','Mars','Avril','Mai','Juin',\r\n\t\t'Juillet','Ao\u00fbt','Septembre','Octobre','Novembre','D\u00e9cembre'],\r\n\t\tmonthNamesShort: ['Janv.','F\u00e9vr.','Mars','Avril','Mai','Juin',\r\n\t\t'Juil.','Ao\u00fbt','Sept.','Oct.','Nov.','D\u00e9c.'],\r\n\t\tdayNames: ['Dimanche','Lundi','Mardi','Mercredi','Jeudi','Vendredi','Samedi'],\r\n\t\tdayNamesShort: ['Dim.','Lun.','Mar.','Mer.','Jeu.','Ven.','Sam.'],\r\n\t\tdayNamesMin: ['D','L','M','M','J','V','S'],\r\n\t\tweekHeader: 'Sem.',\r\n\t\tdateFormat: 'dd\/mm\/yy',\r\n\t\tfirstDay: 1,\r\n\t\tisRTL: false,\r\n\t\tshowMonthAfterYear: false,\r\n\t\tyearSuffix: ''};\r\n\t$.datepicker.setDefaults($.datepicker.regional['fr']);\r\n});\r\n \r\n\tfunction MM_jumpMenu(targ,selObj,restore){ \/\/v3.0\r\n\t\tvalue_select=selObj.options[selObj.selectedIndex].value;\r\n\t\trecup_centre_select=value_select.split('-');\r\n\t\teval(targ+\".location='?sGroupe=&sCodeSociete=\"+recup_centre_select[1]+\"&sCodeCentre=\"+recup_centre_select[0]+\"'\");\r\n\t\tif (restore) selObj.selectedIndex=0;\r\n\t}\r\nvar ranges_sem = [0];\r\nvar ranges_for = [0];\r\nvar ranges_nui = [{ start: new Date(2018,9,27), end: new Date(2019,11,31),day:-1}];\r\n\t\t\t   \r\nvar dateMinSem\r\nvar dateMinFor\r\nvar dateMinNui\r\n\r\nif (new Date() > ranges_sem[0].start) {\r\n    dateMinSem = new Date();\r\n} else {\r\n    dateMinSem = ranges_sem[0].start;\r\n}\r\n\r\nif (new Date() > ranges_for[0].start) {\r\n    dateMinFor = new Date();\r\n} else {\r\n    dateMinFor = ranges_for[0].start;\r\n}\r\n\r\nif (new Date() > ranges_nui[0].start) {\r\n    dateMinNui = new Date();\r\n} else {\r\n    dateMinNui = ranges_nui[0].start;\r\n}\t\t\t   \t\t    \r\n\t$(function() {\r\n\t\t\/\/var daysToEnable = [6];\r\n\t\t\r\n\t\t\t$( '#dDateDebutSem' ).datepicker({\r\n\t\t\tbeforeShow: function() {\r\n\t\t\t\tsetTimeout(function(){\r\n\t\t\t\t\t$('.ui-datepicker').css('z-index', 100);\r\n\t\t\t\t}, 0);\r\n\t\t\t},\r\n            defaultDate: '+1w',\r\n\t\t\tfirstDay: 1,\r\n            changeMonth: false,\r\n            numberOfMonths: 1,\r\n\t\t\tshowAnim: 'slideDown',\r\n\t\t\tminDate: dateMinSem,\r\n\t\t\tdateFormat: 'dd\/mm\/yy',\r\n\t\t\tbeforeShowDay: function(date) {\r\n\t\t\t\t\t\t\t\tvar day = date.getDay();\r\n\t\t\t\t\t\t\t\tfor(var i=0; i<ranges_sem.length; i++) {\r\n\t\t\t\t\t\t\t\t  if(date >= ranges_sem[i].start && date <= ranges_sem[i].end && day==ranges_sem[i].day) return [true, ''];\r\n\t\t\t\t\t\t\t\t}\r\n\t\t\t\t\t\t\t\treturn [false, ''];\r\n\t\t\t\t\t\t\t}\r\n        });\r\n\t\t\r\n\t\t\t\r\n\t\t\t\r\n\t\t\/\/var daysToEnableFor = [4];\r\n        $( '#dDateDebutFor' ).datepicker({\r\n\t\t\tbeforeShow: function() {\r\n\t\t\t\tsetTimeout(function(){\r\n\t\t\t\t\t$('.ui-datepicker').css('z-index', 100);\r\n\t\t\t\t}, 0);\r\n\t\t\t},\r\n            defaultDate: '+1w',\r\n\t\t\tfirstDay: 1,\r\n            changeMonth: false,\r\n            numberOfMonths: 1,\r\n\t\t\tshowAnim: 'slideDown',\r\n\t\t\tminDate: dateMinFor,\r\n\t\t\tdateFormat: 'dd\/mm\/yy',\r\n\t\t\tbeforeShowDay: function(date) {\r\n\t\t\t\t\t\t\t\tvar day = date.getDay();\r\n\t\t\t\t\t\t\t\tfor(var i=0; i<ranges_for.length; i++) {\r\n\t\t\t\t\t\t\t\t  if(date >= ranges_for[i].start && date <= ranges_for[i].end && day==ranges_for[i].day) return [true, ''];\r\n\t\t\t\t\t\t\t\t}\r\n\t\t\t\t\t\t\t\treturn [false, ''];\r\n\t\t\t\t\t\t\t}\r\n        });\r\n\t\t\r\n\t\t\t\r\n\t\t\t\r\n        $( '#dDateDebut' ).datepicker({\r\n\t\t\tbeforeShow: function() {\r\n\t\t\t\tsetTimeout(function(){\r\n\t\t\t\t\t$('.ui-datepicker').css('z-index', 100);\r\n\t\t\t\t}, 0);\r\n\t\t\t},\r\n            defaultDate: '+1w',\r\n\t\t\tfirstDay: 1,\r\n            changeMonth: false,\r\n            numberOfMonths: 1,\r\n\t\t\tshowAnim: 'slideDown',\r\n\t\t\tminDate: dateMinNui,\r\n\t\t\tdateFormat: 'dd\/mm\/yy',\r\n\t\t\tbeforeShowDay: function(date) {\r\n\t\t\t\t\t\t\t\tvar day = date.getDay();\r\n\t\t\t\t\t\t\t\tfor(var i=0; i<ranges_nui.length; i++) {\r\n\t\t\t\t\t\t\t\t  if(date >= ranges_nui[i].start && date <= ranges_nui[i].end) return [true, ''];\r\n\t\t\t\t\t\t\t\t}\r\n\t\t\t\t\t\t\t\treturn [false, ''];\r\n\t\t\t\t\t\t\t},\r\n\t\t\tonClose: function( selectedDate ) {\r\n\t\t\t\tnights = 14;\r\n\t\t\t\tvar dateFinLimit = $('#dDateDebut').datepicker('getDate');\r\n\t\t\t\tdateFinLimit.setDate(dateFinLimit.getDate() + 14);\r\n\t\t\t\t$( '#dDateFin' ).datepicker( 'option', 'minDate', selectedDate );\r\n\t\t\t\t$( '#dDateFin' ).datepicker( 'option', 'maxDate', dateFinLimit );\r\n\t\t\t  }\r\n\t  \r\n        });\r\n\r\n        $( '#dDateFin' ).datepicker({\r\n\t\t\tbeforeShow: function() {\r\n\t\t\t\tsetTimeout(function(){\r\n\t\t\t\t\t$('.ui-datepicker').css('z-index', 100);\r\n\t\t\t\t}, 0);\r\n\t\t\t},\r\n            defaultDate: '+1w',\r\n            changeMonth: false,\r\n            numberOfMonths: 1,\r\n\t\t\tshowAnim: 'slideDown',\r\n\t\t\tdateFormat: 'dd\/mm\/yy',\r\n\t\t\tminDate: 1,\r\n            beforeShowDay: function(date) {\r\n\t\t\t\t\t\t\t\tvar day = date.getDay();\r\n\t\t\t\t\t\t\t\tfor(var i=0; i<ranges_nui.length; i++) {\r\n\t\t\t\t\t\t\t\t  if(date >= ranges_nui[i].start && date <= ranges_nui[i].end) return [true, ''];\r\n\t\t\t\t\t\t\t\t}\r\n\t\t\t\t\t\t\t\treturn [false, ''];\r\n\t\t\t\t\t\t\t}\r\n        });\r\n    });\r\n\t\t\r\n\t$(function() {\r\n\t\r\n\t$('.chk_option').change(function() {\r\n\t\t   var champ_total = this.getAttribute('total');\r\n\t\tvar champ_prixunitaire = this.getAttribute('prixunitaire');\r\n\t\tvar champ_global = this.getAttribute('global');\r\n\t\tvar champ_montant = this.getAttribute('montant');\r\n\t\tvar sum = 0;\r\n\t\tif ( $(this).prop('checked')){\r\n\t\t\t$('.chk_option').val(1);\r\n\t\t\t$('#'+champ_total+'').text($('#'+champ_prixunitaire+'').text());\r\n\t\t} else {\r\n\t\t\t$('#'+champ_total+'').text('0.00');\r\n\t\t\t$('.chk_option').val(0);\r\n\t\t}\r\n\r\n\t\t$('.'+champ_montant+'').each(function() {\r\n\t\t\tsum += Number($(this).text());\r\n\t\t});\r\n\t\t$('#'+champ_global+'').text(sum);\r\n\t\t\r\n\t\t$('.montant*').each(function() {\r\n\t\t\tsum += Number($(this).text());\r\n\t\t\t\r\n\t\t});\r\n\t\t$('#total_total').text(sum.toFixed(2));\r\n\t\t$('#TotOptions').val(sum.toFixed(2));\r\n\t});\r\n\r\n  });\r\n  \r\n  \r\n  \r\n  \r\n  \r\n  \r\n<\/script>\t\r\n\t\t\t\t<\/div>\n\t\t\t\t<\/div>\n\t\t\t\t\t<\/div>\n\t\t<\/div>\n\t\t\t\t\t<\/div>\n\t\t<\/section>\n\t\t\t\t<\/div>\n\t\t","protected":false},"excerpt":{"rendered":"<p>Venir en groupe \u00e0 Adveniat Tarif de groupe (de 11 \u00e0 55 personnes) A partir de 39\u20ac par personne et par nuit,en dortoirs (de 2 \u00e0 11 lits) Adveniat \u00e9tant une auberge associative, il est n\u00e9cessaire d\u2019\u00eatre membre de l\u2019association pour pouvoir loger chez nous. En tant que groupe, vous b\u00e9n\u00e9ficiez d&rsquo;une adh\u00e9sion annuelle \u00e0 [&hellip;]<\/p>\n","protected":false},"author":1,"featured_media":0,"parent":0,"menu_order":0,"comment_status":"closed","ping_status":"closed","template":"","meta":{"om_disable_all_campaigns":false,"_monsterinsights_skip_tracking":false,"_monsterinsights_sitenote_active":false,"_monsterinsights_sitenote_note":"","_monsterinsights_sitenote_category":0,"_uf_show_specific_survey":0,"_uf_disable_surveys":false,"footnotes":""},"class_list":["post-190","page","type-page","status-publish","hentry"],"aioseo_notices":[],"yoast_head":"<!-- This site is optimized with the Yoast SEO plugin v27.5 - https:\/\/yoast.com\/product\/yoast-seo-wordpress\/ -->\n<title>Accueil de groupe - Auberge de jeunesse Adveniat Paris<\/title>\n<meta name=\"description\" content=\"Tarif de groupe (\u00e0 partir de 6 % personnes) : 37\u20ac par personne et par nuit en chambres multiples (de 2 \u00e0 8 lits) toute l\u2019ann\u00e9e.\" \/>\n<meta name=\"robots\" content=\"index, follow, max-snippet:-1, max-image-preview:large, max-video-preview:-1\" \/>\n<link rel=\"canonical\" href=\"https:\/\/adveniat-paris.org\/fr\/accueil-de-groupe\/\" \/>\n<meta property=\"og:locale\" content=\"fr_FR\" \/>\n<meta property=\"og:type\" content=\"article\" \/>\n<meta property=\"og:title\" content=\"Accueil de groupe - Auberge de jeunesse Adveniat Paris\" \/>\n<meta property=\"og:description\" content=\"Tarif de groupe (\u00e0 partir de 6 % personnes) : 37\u20ac par personne et par nuit en chambres multiples (de 2 \u00e0 8 lits) toute l\u2019ann\u00e9e.\" \/>\n<meta property=\"og:url\" content=\"https:\/\/adveniat-paris.org\/fr\/accueil-de-groupe\/\" \/>\n<meta property=\"og:site_name\" content=\"Adveniat Paris\" \/>\n<meta property=\"article:modified_time\" content=\"2024-07-30T15:20:01+00:00\" \/>\n<meta property=\"og:image\" content=\"https:\/\/adveniat-paris.org\/wp-content\/uploads\/ADVENIAT_couverture.png\" \/>\n<meta name=\"twitter:card\" content=\"summary_large_image\" \/>\n<meta name=\"twitter:label1\" content=\"Dur\u00e9e de lecture estim\u00e9e\" \/>\n\t<meta name=\"twitter:data1\" content=\"3 minutes\" \/>\n<script type=\"application\/ld+json\" class=\"yoast-schema-graph\">{\"@context\":\"https:\\\/\\\/schema.org\",\"@graph\":[{\"@type\":\"WebPage\",\"@id\":\"https:\\\/\\\/adveniat-paris.org\\\/fr\\\/accueil-de-groupe\\\/\",\"url\":\"https:\\\/\\\/adveniat-paris.org\\\/fr\\\/accueil-de-groupe\\\/\",\"name\":\"Accueil de groupe - Auberge de jeunesse Adveniat Paris\",\"isPartOf\":{\"@id\":\"https:\\\/\\\/adveniat-paris.org\\\/fr\\\/#website\"},\"primaryImageOfPage\":{\"@id\":\"https:\\\/\\\/adveniat-paris.org\\\/fr\\\/accueil-de-groupe\\\/#primaryimage\"},\"image\":{\"@id\":\"https:\\\/\\\/adveniat-paris.org\\\/fr\\\/accueil-de-groupe\\\/#primaryimage\"},\"thumbnailUrl\":\"https:\\\/\\\/adveniat-paris.org\\\/wp-content\\\/uploads\\\/ADVENIAT_couverture.png\",\"datePublished\":\"2018-07-13T14:12:53+00:00\",\"dateModified\":\"2024-07-30T15:20:01+00:00\",\"description\":\"Tarif de groupe (\u00e0 partir de 6 % personnes) : 37\u20ac par personne et par nuit en chambres multiples (de 2 \u00e0 8 lits) toute l\u2019ann\u00e9e.\",\"breadcrumb\":{\"@id\":\"https:\\\/\\\/adveniat-paris.org\\\/fr\\\/accueil-de-groupe\\\/#breadcrumb\"},\"inLanguage\":\"fr-FR\",\"potentialAction\":[{\"@type\":\"ReadAction\",\"target\":[\"https:\\\/\\\/adveniat-paris.org\\\/fr\\\/accueil-de-groupe\\\/\"]}]},{\"@type\":\"ImageObject\",\"inLanguage\":\"fr-FR\",\"@id\":\"https:\\\/\\\/adveniat-paris.org\\\/fr\\\/accueil-de-groupe\\\/#primaryimage\",\"url\":\"https:\\\/\\\/adveniat-paris.org\\\/wp-content\\\/uploads\\\/ADVENIAT_couverture.png\",\"contentUrl\":\"https:\\\/\\\/adveniat-paris.org\\\/wp-content\\\/uploads\\\/ADVENIAT_couverture.png\"},{\"@type\":\"BreadcrumbList\",\"@id\":\"https:\\\/\\\/adveniat-paris.org\\\/fr\\\/accueil-de-groupe\\\/#breadcrumb\",\"itemListElement\":[{\"@type\":\"ListItem\",\"position\":1,\"name\":\"Accueil\",\"item\":\"https:\\\/\\\/adveniat-paris.org\\\/fr\\\/\"},{\"@type\":\"ListItem\",\"position\":2,\"name\":\"Accueil des groupes\"}]},{\"@type\":\"WebSite\",\"@id\":\"https:\\\/\\\/adveniat-paris.org\\\/fr\\\/#website\",\"url\":\"https:\\\/\\\/adveniat-paris.org\\\/fr\\\/\",\"name\":\"Adveniat Paris\",\"description\":\"Auberge de jeunesse \u00e0 2 pas des Champs Elys\u00e9es\",\"publisher\":{\"@id\":\"https:\\\/\\\/adveniat-paris.org\\\/fr\\\/#organization\"},\"potentialAction\":[{\"@type\":\"SearchAction\",\"target\":{\"@type\":\"EntryPoint\",\"urlTemplate\":\"https:\\\/\\\/adveniat-paris.org\\\/fr\\\/?s={search_term_string}\"},\"query-input\":{\"@type\":\"PropertyValueSpecification\",\"valueRequired\":true,\"valueName\":\"search_term_string\"}}],\"inLanguage\":\"fr-FR\"},{\"@type\":\"Organization\",\"@id\":\"https:\\\/\\\/adveniat-paris.org\\\/fr\\\/#organization\",\"name\":\"Adveniat Paris\",\"url\":\"https:\\\/\\\/adveniat-paris.org\\\/fr\\\/\",\"logo\":{\"@type\":\"ImageObject\",\"inLanguage\":\"fr-FR\",\"@id\":\"https:\\\/\\\/adveniat-paris.org\\\/fr\\\/#\\\/schema\\\/logo\\\/image\\\/\",\"url\":\"https:\\\/\\\/adveniat-paris.org\\\/wp-content\\\/uploads\\\/Adveniat_logo_exe_Adveniat_logo_CMJN_baseline_blanc-1-e1737565095903.png\",\"contentUrl\":\"https:\\\/\\\/adveniat-paris.org\\\/wp-content\\\/uploads\\\/Adveniat_logo_exe_Adveniat_logo_CMJN_baseline_blanc-1-e1737565095903.png\",\"width\":1968,\"height\":613,\"caption\":\"Adveniat Paris\"},\"image\":{\"@id\":\"https:\\\/\\\/adveniat-paris.org\\\/fr\\\/#\\\/schema\\\/logo\\\/image\\\/\"}}]}<\/script>\n<!-- \/ Yoast SEO plugin. -->","yoast_head_json":{"title":"Accueil de groupe - Auberge de jeunesse Adveniat Paris","description":"Tarif de groupe (\u00e0 partir de 6 % personnes) : 37\u20ac par personne et par nuit en chambres multiples (de 2 \u00e0 8 lits) toute l\u2019ann\u00e9e.","robots":{"index":"index","follow":"follow","max-snippet":"max-snippet:-1","max-image-preview":"max-image-preview:large","max-video-preview":"max-video-preview:-1"},"canonical":"https:\/\/adveniat-paris.org\/fr\/accueil-de-groupe\/","og_locale":"fr_FR","og_type":"article","og_title":"Accueil de groupe - Auberge de jeunesse Adveniat Paris","og_description":"Tarif de groupe (\u00e0 partir de 6 % personnes) : 37\u20ac par personne et par nuit en chambres multiples (de 2 \u00e0 8 lits) toute l\u2019ann\u00e9e.","og_url":"https:\/\/adveniat-paris.org\/fr\/accueil-de-groupe\/","og_site_name":"Adveniat Paris","article_modified_time":"2024-07-30T15:20:01+00:00","og_image":[{"url":"https:\/\/adveniat-paris.org\/wp-content\/uploads\/ADVENIAT_couverture.png","type":"","width":"","height":""}],"twitter_card":"summary_large_image","twitter_misc":{"Dur\u00e9e de lecture estim\u00e9e":"3 minutes"},"schema":{"@context":"https:\/\/schema.org","@graph":[{"@type":"WebPage","@id":"https:\/\/adveniat-paris.org\/fr\/accueil-de-groupe\/","url":"https:\/\/adveniat-paris.org\/fr\/accueil-de-groupe\/","name":"Accueil de groupe - Auberge de jeunesse Adveniat Paris","isPartOf":{"@id":"https:\/\/adveniat-paris.org\/fr\/#website"},"primaryImageOfPage":{"@id":"https:\/\/adveniat-paris.org\/fr\/accueil-de-groupe\/#primaryimage"},"image":{"@id":"https:\/\/adveniat-paris.org\/fr\/accueil-de-groupe\/#primaryimage"},"thumbnailUrl":"https:\/\/adveniat-paris.org\/wp-content\/uploads\/ADVENIAT_couverture.png","datePublished":"2018-07-13T14:12:53+00:00","dateModified":"2024-07-30T15:20:01+00:00","description":"Tarif de groupe (\u00e0 partir de 6 % personnes) : 37\u20ac par personne et par nuit en chambres multiples (de 2 \u00e0 8 lits) toute l\u2019ann\u00e9e.","breadcrumb":{"@id":"https:\/\/adveniat-paris.org\/fr\/accueil-de-groupe\/#breadcrumb"},"inLanguage":"fr-FR","potentialAction":[{"@type":"ReadAction","target":["https:\/\/adveniat-paris.org\/fr\/accueil-de-groupe\/"]}]},{"@type":"ImageObject","inLanguage":"fr-FR","@id":"https:\/\/adveniat-paris.org\/fr\/accueil-de-groupe\/#primaryimage","url":"https:\/\/adveniat-paris.org\/wp-content\/uploads\/ADVENIAT_couverture.png","contentUrl":"https:\/\/adveniat-paris.org\/wp-content\/uploads\/ADVENIAT_couverture.png"},{"@type":"BreadcrumbList","@id":"https:\/\/adveniat-paris.org\/fr\/accueil-de-groupe\/#breadcrumb","itemListElement":[{"@type":"ListItem","position":1,"name":"Accueil","item":"https:\/\/adveniat-paris.org\/fr\/"},{"@type":"ListItem","position":2,"name":"Accueil des groupes"}]},{"@type":"WebSite","@id":"https:\/\/adveniat-paris.org\/fr\/#website","url":"https:\/\/adveniat-paris.org\/fr\/","name":"Adveniat Paris","description":"Auberge de jeunesse \u00e0 2 pas des Champs Elys\u00e9es","publisher":{"@id":"https:\/\/adveniat-paris.org\/fr\/#organization"},"potentialAction":[{"@type":"SearchAction","target":{"@type":"EntryPoint","urlTemplate":"https:\/\/adveniat-paris.org\/fr\/?s={search_term_string}"},"query-input":{"@type":"PropertyValueSpecification","valueRequired":true,"valueName":"search_term_string"}}],"inLanguage":"fr-FR"},{"@type":"Organization","@id":"https:\/\/adveniat-paris.org\/fr\/#organization","name":"Adveniat Paris","url":"https:\/\/adveniat-paris.org\/fr\/","logo":{"@type":"ImageObject","inLanguage":"fr-FR","@id":"https:\/\/adveniat-paris.org\/fr\/#\/schema\/logo\/image\/","url":"https:\/\/adveniat-paris.org\/wp-content\/uploads\/Adveniat_logo_exe_Adveniat_logo_CMJN_baseline_blanc-1-e1737565095903.png","contentUrl":"https:\/\/adveniat-paris.org\/wp-content\/uploads\/Adveniat_logo_exe_Adveniat_logo_CMJN_baseline_blanc-1-e1737565095903.png","width":1968,"height":613,"caption":"Adveniat Paris"},"image":{"@id":"https:\/\/adveniat-paris.org\/fr\/#\/schema\/logo\/image\/"}}]}},"_links":{"self":[{"href":"https:\/\/adveniat-paris.org\/fr\/wp-json\/wp\/v2\/pages\/190","targetHints":{"allow":["GET"]}}],"collection":[{"href":"https:\/\/adveniat-paris.org\/fr\/wp-json\/wp\/v2\/pages"}],"about":[{"href":"https:\/\/adveniat-paris.org\/fr\/wp-json\/wp\/v2\/types\/page"}],"author":[{"embeddable":true,"href":"https:\/\/adveniat-paris.org\/fr\/wp-json\/wp\/v2\/users\/1"}],"replies":[{"embeddable":true,"href":"https:\/\/adveniat-paris.org\/fr\/wp-json\/wp\/v2\/comments?post=190"}],"version-history":[{"count":12,"href":"https:\/\/adveniat-paris.org\/fr\/wp-json\/wp\/v2\/pages\/190\/revisions"}],"predecessor-version":[{"id":4067,"href":"https:\/\/adveniat-paris.org\/fr\/wp-json\/wp\/v2\/pages\/190\/revisions\/4067"}],"wp:attachment":[{"href":"https:\/\/adveniat-paris.org\/fr\/wp-json\/wp\/v2\/media?parent=190"}],"curies":[{"name":"wp","href":"https:\/\/api.w.org\/{rel}","templated":true}]}}