{"id":450,"date":"2018-07-23T18:22:38","date_gmt":"2018-07-23T16:22:38","guid":{"rendered":"https:\/\/adveniat-paris.org\/?page_id=450"},"modified":"2025-01-22T17:07:43","modified_gmt":"2025-01-22T16:07:43","slug":"benevolat-et-volontariat","status":"publish","type":"page","link":"https:\/\/adveniat-paris.org\/fr\/benevolat-et-volontariat\/","title":{"rendered":"B\u00e9n\u00e9volat et volontariat"},"content":{"rendered":"\t\t<div data-elementor-type=\"wp-post\" data-elementor-id=\"450\" class=\"elementor elementor-450\" data-elementor-post-type=\"page\">\n\t\t\t\t\t\t<section class=\"elementor-section elementor-top-section elementor-element elementor-element-1918bcb elementor-section-height-min-height elementor-section-boxed elementor-section-height-default elementor-section-items-middle\" data-id=\"1918bcb\" data-element_type=\"section\" data-e-type=\"section\" data-settings=\"{&quot;background_background&quot;:&quot;classic&quot;}\">\n\t\t\t\t\t\t\t<div class=\"elementor-background-overlay\"><\/div>\n\t\t\t\t\t\t\t<div class=\"elementor-container elementor-column-gap-default\">\n\t\t\t\t\t<div class=\"elementor-column elementor-col-100 elementor-top-column elementor-element elementor-element-60656fa2\" data-id=\"60656fa2\" data-element_type=\"column\" data-e-type=\"column\">\n\t\t\t<div class=\"elementor-widget-wrap elementor-element-populated\">\n\t\t\t\t\t\t<div class=\"elementor-element elementor-element-d836521 elementor-widget elementor-widget-heading\" data-id=\"d836521\" data-element_type=\"widget\" data-e-type=\"widget\" data-widget_type=\"heading.default\">\n\t\t\t\t<div class=\"elementor-widget-container\">\n\t\t\t\t\t<h2 class=\"elementor-heading-title elementor-size-default\">Volontariat<\/h2>\t\t\t\t<\/div>\n\t\t\t\t<\/div>\n\t\t\t\t\t<\/div>\n\t\t<\/div>\n\t\t\t\t\t<\/div>\n\t\t<\/section>\n\t\t\t\t<section class=\"elementor-section elementor-top-section elementor-element elementor-element-a7e265e elementor-section-boxed elementor-section-height-default elementor-section-height-default\" data-id=\"a7e265e\" data-element_type=\"section\" data-e-type=\"section\">\n\t\t\t\t\t\t<div class=\"elementor-container elementor-column-gap-wider\">\n\t\t\t\t\t<div class=\"elementor-column elementor-col-100 elementor-top-column elementor-element elementor-element-9e2222d\" data-id=\"9e2222d\" data-element_type=\"column\" data-e-type=\"column\">\n\t\t\t<div class=\"elementor-widget-wrap elementor-element-populated\">\n\t\t\t\t\t\t<div class=\"elementor-element elementor-element-5b4ee03 elementor-widget elementor-widget-heading\" data-id=\"5b4ee03\" data-element_type=\"widget\" data-e-type=\"widget\" data-widget_type=\"heading.default\">\n\t\t\t\t<div class=\"elementor-widget-container\">\n\t\t\t\t\t<h2 class=\"elementor-heading-title elementor-size-default\">Devenir volontaire\u00a0<\/h2>\t\t\t\t<\/div>\n\t\t\t\t<\/div>\n\t\t\t\t<div class=\"elementor-element elementor-element-9454493 elementor-widget elementor-widget-text-editor\" data-id=\"9454493\" data-element_type=\"widget\" data-e-type=\"widget\" data-widget_type=\"text-editor.default\">\n\t\t\t\t<div class=\"elementor-widget-container\">\n\t\t\t\t\t\t\t\t\t<p>Jeunes ayant entre 18 et 30 ans, gar\u00e7ons ou filles, les volontaires restent \u00e0 l\u2019auberge entre un et trois mois. Ils servent les petits-d\u00e9jeuners, aident \u00e0 l&rsquo;accueil des clients ou au m\u00e9nage, servent au bar&#8230; Log\u00e9s et nourris gratuitement, ils partagent les repas avec la communaut\u00e9 et participent aussi \u00e0 sa vie de pri\u00e8re. Les volontaires sont log\u00e9s au sein de l&rsquo;auberge\u00a0<\/p><p>Vivant en plein c\u0153ur de Paris, ils b\u00e9n\u00e9ficient de tout ce qu\u2019offre Adveniat. Ouverts \u00e0 la rencontre et sachant faire preuve d\u2019autonomie, ils sont pr\u00eats \u00e0 travailler en \u00e9quipe et doivent adh\u00e9rer au projet de l\u2019auberge.<\/p>\t\t\t\t\t\t\t\t<\/div>\n\t\t\t\t<\/div>\n\t\t\t\t\t<\/div>\n\t\t<\/div>\n\t\t\t\t\t<\/div>\n\t\t<\/section>\n\t\t\t\t<section class=\"elementor-section elementor-top-section elementor-element elementor-element-203c9f0 elementor-section-boxed elementor-section-height-default elementor-section-height-default\" data-id=\"203c9f0\" data-element_type=\"section\" data-e-type=\"section\" data-settings=\"{&quot;background_background&quot;:&quot;classic&quot;}\">\n\t\t\t\t\t\t<div class=\"elementor-container elementor-column-gap-default\">\n\t\t\t\t\t<div class=\"elementor-column elementor-col-100 elementor-top-column elementor-element elementor-element-4c748af\" data-id=\"4c748af\" data-element_type=\"column\" data-e-type=\"column\">\n\t\t\t<div class=\"elementor-widget-wrap elementor-element-populated\">\n\t\t\t\t\t\t<div class=\"elementor-element elementor-element-88eefad elementor-widget elementor-widget-heading\" data-id=\"88eefad\" data-element_type=\"widget\" data-e-type=\"widget\" data-widget_type=\"heading.default\">\n\t\t\t\t<div class=\"elementor-widget-container\">\n\t\t\t\t\t<h2 class=\"elementor-heading-title elementor-size-default\">t\u00e9moignages<\/h2>\t\t\t\t<\/div>\n\t\t\t\t<\/div>\n\t\t\t\t<section class=\"elementor-section elementor-inner-section elementor-element elementor-element-83512e7 elementor-section-boxed elementor-section-height-default elementor-section-height-default\" data-id=\"83512e7\" data-element_type=\"section\" data-e-type=\"section\">\n\t\t\t\t\t\t<div class=\"elementor-container elementor-column-gap-wider\">\n\t\t\t\t\t<div class=\"elementor-column elementor-col-33 elementor-inner-column elementor-element elementor-element-0921cf4\" data-id=\"0921cf4\" data-element_type=\"column\" data-e-type=\"column\">\n\t\t\t<div class=\"elementor-widget-wrap elementor-element-populated\">\n\t\t\t\t\t\t<div class=\"elementor-element elementor-element-7f45c9c elementor-widget elementor-widget-image\" data-id=\"7f45c9c\" data-element_type=\"widget\" data-e-type=\"widget\" data-widget_type=\"image.default\">\n\t\t\t\t<div class=\"elementor-widget-container\">\n\t\t\t\t\t\t\t\t\t\t\t\t\t\t\t<img decoding=\"async\" src=\"https:\/\/adveniat-paris.org\/wp-content\/uploads\/elementor\/thumbs\/Paloma-ntjyzjbftwa5hertzxb6bx0i32iu0xpi55m09jk5h4.jpg\" title=\"\" alt=\"Paloma\" loading=\"lazy\" \/>\t\t\t\t\t\t\t\t\t\t\t\t\t\t\t<\/div>\n\t\t\t\t<\/div>\n\t\t\t\t\t<\/div>\n\t\t<\/div>\n\t\t\t\t<div class=\"elementor-column elementor-col-66 elementor-inner-column elementor-element elementor-element-5692ba5\" data-id=\"5692ba5\" data-element_type=\"column\" data-e-type=\"column\">\n\t\t\t<div class=\"elementor-widget-wrap elementor-element-populated\">\n\t\t\t\t\t\t<div class=\"elementor-element elementor-element-a85b265 elementor-widget elementor-widget-heading\" data-id=\"a85b265\" data-element_type=\"widget\" data-e-type=\"widget\" data-widget_type=\"heading.default\">\n\t\t\t\t<div class=\"elementor-widget-container\">\n\t\t\t\t\t<h3 class=\"elementor-heading-title elementor-size-default\">L'exp\u00e9rience de Paloma, du Mexique<\/h3>\t\t\t\t<\/div>\n\t\t\t\t<\/div>\n\t\t\t\t<div class=\"elementor-element elementor-element-1fa1436 elementor-widget elementor-widget-text-editor\" data-id=\"1fa1436\" data-element_type=\"widget\" data-e-type=\"widget\" data-widget_type=\"text-editor.default\">\n\t\t\t\t<div class=\"elementor-widget-container\">\n\t\t\t\t\t\t\t\t\t<p>Je suis arriv\u00e9e dans un point o\u00f9 je n&rsquo;\u00e9tais pas satisfaite avec le fait de ne pas connaitre plus de personnes pendant mon s\u00e9jour d\u2019\u00e9tudiante. J&rsquo;ai donc cherch\u00e9 \u00e0 \u00ab\u00a0m&rsquo;occuper\u00a0\u00bb, aller voir ailleurs, faire des connaissances avec des autres personnes. Je me mis donc le but de chercher o\u00f9 trouver tout cela.<\/p><p>J&rsquo;ai donc trouv\u00e9 une annonce pour travailler comme volontaire dans l&rsquo;Auberge de Jeunesse \u00ab\u00a0Adveniat\u00a0\u00bb, j&rsquo;ai postul\u00e9, j&rsquo;ai eu une r\u00e9ponse quelques jours plus tard, et un entretien avec le p\u00e8re Nicolas et voil\u00e0, j&rsquo;\u00e9tais accept\u00e9e et j&rsquo;\u00e9tais en route pour y aller au centre de Paris, dans un tr\u00e8s bon accueil, une bonne explication des t\u00e2ches, et une visite du lieu. Apr\u00e8s quelques semaines \u00e0 faire le petit d\u00e9jeune et des fois le m\u00e9nage, je suis form\u00e9e \u00e0 l&rsquo;accueil des clients pendant des autres activit\u00e9s au sein de l&rsquo;auberge et je remplis cette fonction, en perfectionnant mon niveau d&rsquo;anglais. A la fin, j&rsquo;ai m\u00eame offert un petit concert<br \/>J&rsquo;ai beaucoup appris au contact de personnes du monde entier, avec des autres volontaires de diff\u00e9rents pays et cultures \u00e0 Paris m\u00eame (l&rsquo;auberge de jeunesse est en plein centre de Paris, presque a c\u00f4t\u00e9 de l&rsquo;Arc de Triomphe) assurait la socialisation et de l&rsquo;activit\u00e9, des \u00e9changes&#8230;<\/p><p>Une super exp\u00e9rience, qui m&rsquo;a appris plein de choses, des rencontres, fait voir que le monde ne tourne pas partout de la m\u00eame fa\u00e7on\u00a0!<\/p>\t\t\t\t\t\t\t\t<\/div>\n\t\t\t\t<\/div>\n\t\t\t\t\t<\/div>\n\t\t<\/div>\n\t\t\t\t\t<\/div>\n\t\t<\/section>\n\t\t\t\t<section class=\"elementor-section elementor-inner-section elementor-element elementor-element-6c64621 elementor-section-boxed elementor-section-height-default elementor-section-height-default\" data-id=\"6c64621\" data-element_type=\"section\" data-e-type=\"section\">\n\t\t\t\t\t\t<div class=\"elementor-container elementor-column-gap-wider\">\n\t\t\t\t\t<div class=\"elementor-column elementor-col-33 elementor-inner-column elementor-element elementor-element-4c28845\" data-id=\"4c28845\" data-element_type=\"column\" data-e-type=\"column\">\n\t\t\t<div class=\"elementor-widget-wrap elementor-element-populated\">\n\t\t\t\t\t\t<div class=\"elementor-element elementor-element-5830c09 elementor-widget elementor-widget-image\" data-id=\"5830c09\" data-element_type=\"widget\" data-e-type=\"widget\" data-widget_type=\"image.default\">\n\t\t\t\t<div class=\"elementor-widget-container\">\n\t\t\t\t\t\t\t\t\t\t\t\t\t\t\t<img decoding=\"async\" src=\"https:\/\/adveniat-paris.org\/wp-content\/uploads\/elementor\/thumbs\/Nicolas-ntjyzjbftwa5hertzxb6bx0i32iu0xpi55m09jk5h4.jpg\" title=\"\" alt=\"NiColas\" loading=\"lazy\" \/>\t\t\t\t\t\t\t\t\t\t\t\t\t\t\t<\/div>\n\t\t\t\t<\/div>\n\t\t\t\t\t<\/div>\n\t\t<\/div>\n\t\t\t\t<div class=\"elementor-column elementor-col-66 elementor-inner-column elementor-element elementor-element-cf6fb59\" data-id=\"cf6fb59\" data-element_type=\"column\" data-e-type=\"column\">\n\t\t\t<div class=\"elementor-widget-wrap elementor-element-populated\">\n\t\t\t\t\t\t<div class=\"elementor-element elementor-element-f6376c5 elementor-widget elementor-widget-heading\" data-id=\"f6376c5\" data-element_type=\"widget\" data-e-type=\"widget\" data-widget_type=\"heading.default\">\n\t\t\t\t<div class=\"elementor-widget-container\">\n\t\t\t\t\t<h3 class=\"elementor-heading-title elementor-size-default\">L'exp\u00e9rience de Nicol\u00e1s, de Colombie<\/h3>\t\t\t\t<\/div>\n\t\t\t\t<\/div>\n\t\t\t\t<div class=\"elementor-element elementor-element-7f0f40c elementor-widget elementor-widget-text-editor\" data-id=\"7f0f40c\" data-element_type=\"widget\" data-e-type=\"widget\" data-widget_type=\"text-editor.default\">\n\t\t\t\t<div class=\"elementor-widget-container\">\n\t\t\t\t\t\t\t\t\t<p>Je m\u2019appelle Nicol\u00e1s Vel\u00e1squez D\u00edaz et je suis \u00e9tudiant colombien. Je suis all\u00e9 en France pour faire un semestre \u00e0 Sciences Po Bordeaux. J\u2019ai d\u00e9cid\u00e9 de faire du volontariat trois mois de septembre \u00e0 novembre \u00e0 l\u2019Auberge Adveniat avec la communaut\u00e9 assomptionniste. Ainsi, au cours du volontariat, j\u2019ai eu l&rsquo;occasion de rencontrer des gens de partout, ce qui m\u2019a aid\u00e9 \u00e0 \u00e9largir ma vision du monde et \u00e0 am\u00e9liorer mon niveau de la langue fran\u00e7aise. De plus, en travaillant avec la communaut\u00e9, j\u2019ai fait de nouveaux amis, qui ont contribu\u00e9 \u00e0 ma croissance personnelle et professionnelle. Enfin, le volontariat m&rsquo;a aid\u00e9 \u00e0 se rapprocher de Dieu, gr\u00e2ce au travail religieux et partage quotidien avec la communaut\u00e9 assomptionniste. En bref, le volontariat a \u00e9t\u00e9 une exp\u00e9rience que je n&rsquo;oublierai jamais, car il m&rsquo;a incit\u00e9 personnellement et professionnellement \u00e0 \u00eatre une meilleure personne chaque jour.<\/p>\t\t\t\t\t\t\t\t<\/div>\n\t\t\t\t<\/div>\n\t\t\t\t\t<\/div>\n\t\t<\/div>\n\t\t\t\t\t<\/div>\n\t\t<\/section>\n\t\t\t\t\t<\/div>\n\t\t<\/div>\n\t\t\t\t\t<\/div>\n\t\t<\/section>\n\t\t\t\t<\/div>\n\t\t","protected":false},"excerpt":{"rendered":"<p>Volontariat Devenir volontaire\u00a0 Jeunes ayant entre 18 et 30 ans, gar\u00e7ons ou filles, les volontaires restent \u00e0 l\u2019auberge entre un et trois mois. Ils servent les petits-d\u00e9jeuners, aident \u00e0 l&rsquo;accueil des clients ou au m\u00e9nage, servent au bar&#8230; Log\u00e9s et nourris gratuitement, ils partagent les repas avec la communaut\u00e9 et participent aussi \u00e0 sa vie [&hellip;]<\/p>\n","protected":false},"author":1,"featured_media":0,"parent":0,"menu_order":0,"comment_status":"closed","ping_status":"closed","template":"","meta":{"om_disable_all_campaigns":false,"_monsterinsights_skip_tracking":false,"_monsterinsights_sitenote_active":false,"_monsterinsights_sitenote_note":"","_monsterinsights_sitenote_category":0,"_uf_show_specific_survey":0,"_uf_disable_surveys":false,"footnotes":""},"class_list":["post-450","page","type-page","status-publish","hentry"],"aioseo_notices":[],"yoast_head":"<!-- This site is optimized with the Yoast SEO plugin v27.5 - https:\/\/yoast.com\/product\/yoast-seo-wordpress\/ -->\n<title>B\u00e9n\u00e9volat et volontariat - Auberge de jeunesse Adveniat Paris<\/title>\n<meta name=\"description\" content=\"Ayant entre 18 et 35 ans, gar\u00e7ons ou filles, les jeunes faisant un volontariat \u00e0 l&#039;Adveniat restent \u00e0 l\u2019auberge entre trois semaines et quelques mois.\" \/>\n<meta name=\"robots\" content=\"index, follow, max-snippet:-1, max-image-preview:large, max-video-preview:-1\" \/>\n<link rel=\"canonical\" href=\"https:\/\/adveniat-paris.org\/fr\/benevolat-et-volontariat\/\" \/>\n<meta property=\"og:locale\" content=\"fr_FR\" \/>\n<meta property=\"og:type\" content=\"article\" \/>\n<meta property=\"og:title\" content=\"B\u00e9n\u00e9volat et volontariat - Auberge de jeunesse Adveniat Paris\" \/>\n<meta property=\"og:description\" content=\"Ayant entre 18 et 35 ans, gar\u00e7ons ou filles, les jeunes faisant un volontariat \u00e0 l&#039;Adveniat restent \u00e0 l\u2019auberge entre trois semaines et quelques mois.\" \/>\n<meta property=\"og:url\" content=\"https:\/\/adveniat-paris.org\/fr\/benevolat-et-volontariat\/\" \/>\n<meta property=\"og:site_name\" content=\"Adveniat Paris\" \/>\n<meta property=\"article:modified_time\" content=\"2025-01-22T16:07:43+00:00\" \/>\n<meta property=\"og:image\" content=\"https:\/\/adveniat-paris.org\/wp-content\/uploads\/elementor\/thumbs\/Paloma-ntjyzjbftwa5hertzxb6bx0i32iu0xpi55m09jk5h4.jpg\" \/>\n<meta name=\"twitter:card\" content=\"summary_large_image\" \/>\n<meta name=\"twitter:label1\" content=\"Dur\u00e9e de lecture estim\u00e9e\" \/>\n\t<meta name=\"twitter:data1\" content=\"3 minutes\" \/>\n<script type=\"application\/ld+json\" class=\"yoast-schema-graph\">{\"@context\":\"https:\\\/\\\/schema.org\",\"@graph\":[{\"@type\":\"WebPage\",\"@id\":\"https:\\\/\\\/adveniat-paris.org\\\/fr\\\/benevolat-et-volontariat\\\/\",\"url\":\"https:\\\/\\\/adveniat-paris.org\\\/fr\\\/benevolat-et-volontariat\\\/\",\"name\":\"B\u00e9n\u00e9volat et volontariat - Auberge de jeunesse Adveniat Paris\",\"isPartOf\":{\"@id\":\"https:\\\/\\\/adveniat-paris.org\\\/fr\\\/#website\"},\"primaryImageOfPage\":{\"@id\":\"https:\\\/\\\/adveniat-paris.org\\\/fr\\\/benevolat-et-volontariat\\\/#primaryimage\"},\"image\":{\"@id\":\"https:\\\/\\\/adveniat-paris.org\\\/fr\\\/benevolat-et-volontariat\\\/#primaryimage\"},\"thumbnailUrl\":\"https:\\\/\\\/adveniat-paris.org\\\/wp-content\\\/uploads\\\/elementor\\\/thumbs\\\/Paloma-ntjyzjbftwa5hertzxb6bx0i32iu0xpi55m09jk5h4.jpg\",\"datePublished\":\"2018-07-23T16:22:38+00:00\",\"dateModified\":\"2025-01-22T16:07:43+00:00\",\"description\":\"Ayant entre 18 et 35 ans, gar\u00e7ons ou filles, les jeunes faisant un volontariat \u00e0 l'Adveniat restent \u00e0 l\u2019auberge entre trois semaines et quelques mois.\",\"breadcrumb\":{\"@id\":\"https:\\\/\\\/adveniat-paris.org\\\/fr\\\/benevolat-et-volontariat\\\/#breadcrumb\"},\"inLanguage\":\"fr-FR\",\"potentialAction\":[{\"@type\":\"ReadAction\",\"target\":[\"https:\\\/\\\/adveniat-paris.org\\\/fr\\\/benevolat-et-volontariat\\\/\"]}]},{\"@type\":\"ImageObject\",\"inLanguage\":\"fr-FR\",\"@id\":\"https:\\\/\\\/adveniat-paris.org\\\/fr\\\/benevolat-et-volontariat\\\/#primaryimage\",\"url\":\"https:\\\/\\\/adveniat-paris.org\\\/wp-content\\\/uploads\\\/elementor\\\/thumbs\\\/Paloma-ntjyzjbftwa5hertzxb6bx0i32iu0xpi55m09jk5h4.jpg\",\"contentUrl\":\"https:\\\/\\\/adveniat-paris.org\\\/wp-content\\\/uploads\\\/elementor\\\/thumbs\\\/Paloma-ntjyzjbftwa5hertzxb6bx0i32iu0xpi55m09jk5h4.jpg\"},{\"@type\":\"BreadcrumbList\",\"@id\":\"https:\\\/\\\/adveniat-paris.org\\\/fr\\\/benevolat-et-volontariat\\\/#breadcrumb\",\"itemListElement\":[{\"@type\":\"ListItem\",\"position\":1,\"name\":\"Accueil\",\"item\":\"https:\\\/\\\/adveniat-paris.org\\\/fr\\\/\"},{\"@type\":\"ListItem\",\"position\":2,\"name\":\"B\u00e9n\u00e9volat et volontariat\"}]},{\"@type\":\"WebSite\",\"@id\":\"https:\\\/\\\/adveniat-paris.org\\\/fr\\\/#website\",\"url\":\"https:\\\/\\\/adveniat-paris.org\\\/fr\\\/\",\"name\":\"Adveniat Paris\",\"description\":\"Auberge de jeunesse \u00e0 2 pas des Champs Elys\u00e9es\",\"publisher\":{\"@id\":\"https:\\\/\\\/adveniat-paris.org\\\/fr\\\/#organization\"},\"potentialAction\":[{\"@type\":\"SearchAction\",\"target\":{\"@type\":\"EntryPoint\",\"urlTemplate\":\"https:\\\/\\\/adveniat-paris.org\\\/fr\\\/?s={search_term_string}\"},\"query-input\":{\"@type\":\"PropertyValueSpecification\",\"valueRequired\":true,\"valueName\":\"search_term_string\"}}],\"inLanguage\":\"fr-FR\"},{\"@type\":\"Organization\",\"@id\":\"https:\\\/\\\/adveniat-paris.org\\\/fr\\\/#organization\",\"name\":\"Adveniat Paris\",\"url\":\"https:\\\/\\\/adveniat-paris.org\\\/fr\\\/\",\"logo\":{\"@type\":\"ImageObject\",\"inLanguage\":\"fr-FR\",\"@id\":\"https:\\\/\\\/adveniat-paris.org\\\/fr\\\/#\\\/schema\\\/logo\\\/image\\\/\",\"url\":\"https:\\\/\\\/adveniat-paris.org\\\/wp-content\\\/uploads\\\/Adveniat_logo_exe_Adveniat_logo_CMJN_baseline_blanc-1-e1737565095903.png\",\"contentUrl\":\"https:\\\/\\\/adveniat-paris.org\\\/wp-content\\\/uploads\\\/Adveniat_logo_exe_Adveniat_logo_CMJN_baseline_blanc-1-e1737565095903.png\",\"width\":1968,\"height\":613,\"caption\":\"Adveniat Paris\"},\"image\":{\"@id\":\"https:\\\/\\\/adveniat-paris.org\\\/fr\\\/#\\\/schema\\\/logo\\\/image\\\/\"}}]}<\/script>\n<!-- \/ Yoast SEO plugin. -->","yoast_head_json":{"title":"B\u00e9n\u00e9volat et volontariat - Auberge de jeunesse Adveniat Paris","description":"Ayant entre 18 et 35 ans, gar\u00e7ons ou filles, les jeunes faisant un volontariat \u00e0 l'Adveniat restent \u00e0 l\u2019auberge entre trois semaines et quelques mois.","robots":{"index":"index","follow":"follow","max-snippet":"max-snippet:-1","max-image-preview":"max-image-preview:large","max-video-preview":"max-video-preview:-1"},"canonical":"https:\/\/adveniat-paris.org\/fr\/benevolat-et-volontariat\/","og_locale":"fr_FR","og_type":"article","og_title":"B\u00e9n\u00e9volat et volontariat - Auberge de jeunesse Adveniat Paris","og_description":"Ayant entre 18 et 35 ans, gar\u00e7ons ou filles, les jeunes faisant un volontariat \u00e0 l'Adveniat restent \u00e0 l\u2019auberge entre trois semaines et quelques mois.","og_url":"https:\/\/adveniat-paris.org\/fr\/benevolat-et-volontariat\/","og_site_name":"Adveniat Paris","article_modified_time":"2025-01-22T16:07:43+00:00","og_image":[{"url":"https:\/\/adveniat-paris.org\/wp-content\/uploads\/elementor\/thumbs\/Paloma-ntjyzjbftwa5hertzxb6bx0i32iu0xpi55m09jk5h4.jpg","type":"","width":"","height":""}],"twitter_card":"summary_large_image","twitter_misc":{"Dur\u00e9e de lecture estim\u00e9e":"3 minutes"},"schema":{"@context":"https:\/\/schema.org","@graph":[{"@type":"WebPage","@id":"https:\/\/adveniat-paris.org\/fr\/benevolat-et-volontariat\/","url":"https:\/\/adveniat-paris.org\/fr\/benevolat-et-volontariat\/","name":"B\u00e9n\u00e9volat et volontariat - Auberge de jeunesse Adveniat Paris","isPartOf":{"@id":"https:\/\/adveniat-paris.org\/fr\/#website"},"primaryImageOfPage":{"@id":"https:\/\/adveniat-paris.org\/fr\/benevolat-et-volontariat\/#primaryimage"},"image":{"@id":"https:\/\/adveniat-paris.org\/fr\/benevolat-et-volontariat\/#primaryimage"},"thumbnailUrl":"https:\/\/adveniat-paris.org\/wp-content\/uploads\/elementor\/thumbs\/Paloma-ntjyzjbftwa5hertzxb6bx0i32iu0xpi55m09jk5h4.jpg","datePublished":"2018-07-23T16:22:38+00:00","dateModified":"2025-01-22T16:07:43+00:00","description":"Ayant entre 18 et 35 ans, gar\u00e7ons ou filles, les jeunes faisant un volontariat \u00e0 l'Adveniat restent \u00e0 l\u2019auberge entre trois semaines et quelques mois.","breadcrumb":{"@id":"https:\/\/adveniat-paris.org\/fr\/benevolat-et-volontariat\/#breadcrumb"},"inLanguage":"fr-FR","potentialAction":[{"@type":"ReadAction","target":["https:\/\/adveniat-paris.org\/fr\/benevolat-et-volontariat\/"]}]},{"@type":"ImageObject","inLanguage":"fr-FR","@id":"https:\/\/adveniat-paris.org\/fr\/benevolat-et-volontariat\/#primaryimage","url":"https:\/\/adveniat-paris.org\/wp-content\/uploads\/elementor\/thumbs\/Paloma-ntjyzjbftwa5hertzxb6bx0i32iu0xpi55m09jk5h4.jpg","contentUrl":"https:\/\/adveniat-paris.org\/wp-content\/uploads\/elementor\/thumbs\/Paloma-ntjyzjbftwa5hertzxb6bx0i32iu0xpi55m09jk5h4.jpg"},{"@type":"BreadcrumbList","@id":"https:\/\/adveniat-paris.org\/fr\/benevolat-et-volontariat\/#breadcrumb","itemListElement":[{"@type":"ListItem","position":1,"name":"Accueil","item":"https:\/\/adveniat-paris.org\/fr\/"},{"@type":"ListItem","position":2,"name":"B\u00e9n\u00e9volat et volontariat"}]},{"@type":"WebSite","@id":"https:\/\/adveniat-paris.org\/fr\/#website","url":"https:\/\/adveniat-paris.org\/fr\/","name":"Adveniat Paris","description":"Auberge de jeunesse \u00e0 2 pas des Champs Elys\u00e9es","publisher":{"@id":"https:\/\/adveniat-paris.org\/fr\/#organization"},"potentialAction":[{"@type":"SearchAction","target":{"@type":"EntryPoint","urlTemplate":"https:\/\/adveniat-paris.org\/fr\/?s={search_term_string}"},"query-input":{"@type":"PropertyValueSpecification","valueRequired":true,"valueName":"search_term_string"}}],"inLanguage":"fr-FR"},{"@type":"Organization","@id":"https:\/\/adveniat-paris.org\/fr\/#organization","name":"Adveniat Paris","url":"https:\/\/adveniat-paris.org\/fr\/","logo":{"@type":"ImageObject","inLanguage":"fr-FR","@id":"https:\/\/adveniat-paris.org\/fr\/#\/schema\/logo\/image\/","url":"https:\/\/adveniat-paris.org\/wp-content\/uploads\/Adveniat_logo_exe_Adveniat_logo_CMJN_baseline_blanc-1-e1737565095903.png","contentUrl":"https:\/\/adveniat-paris.org\/wp-content\/uploads\/Adveniat_logo_exe_Adveniat_logo_CMJN_baseline_blanc-1-e1737565095903.png","width":1968,"height":613,"caption":"Adveniat Paris"},"image":{"@id":"https:\/\/adveniat-paris.org\/fr\/#\/schema\/logo\/image\/"}}]}},"_links":{"self":[{"href":"https:\/\/adveniat-paris.org\/fr\/wp-json\/wp\/v2\/pages\/450","targetHints":{"allow":["GET"]}}],"collection":[{"href":"https:\/\/adveniat-paris.org\/fr\/wp-json\/wp\/v2\/pages"}],"about":[{"href":"https:\/\/adveniat-paris.org\/fr\/wp-json\/wp\/v2\/types\/page"}],"author":[{"embeddable":true,"href":"https:\/\/adveniat-paris.org\/fr\/wp-json\/wp\/v2\/users\/1"}],"replies":[{"embeddable":true,"href":"https:\/\/adveniat-paris.org\/fr\/wp-json\/wp\/v2\/comments?post=450"}],"version-history":[{"count":3,"href":"https:\/\/adveniat-paris.org\/fr\/wp-json\/wp\/v2\/pages\/450\/revisions"}],"predecessor-version":[{"id":4140,"href":"https:\/\/adveniat-paris.org\/fr\/wp-json\/wp\/v2\/pages\/450\/revisions\/4140"}],"wp:attachment":[{"href":"https:\/\/adveniat-paris.org\/fr\/wp-json\/wp\/v2\/media?parent=450"}],"curies":[{"name":"wp","href":"https:\/\/api.w.org\/{rel}","templated":true}]}}