{"id":9,"date":"2018-07-11T19:54:40","date_gmt":"2018-07-11T17:54:40","guid":{"rendered":"https:\/\/adveniat-paris.org\/?page_id=9"},"modified":"2025-04-30T17:22:50","modified_gmt":"2025-04-30T15:22:50","slug":"le-quartier-pres-des-champs-elysees","status":"publish","type":"page","link":"https:\/\/adveniat-paris.org\/fr\/le-quartier-pres-des-champs-elysees\/","title":{"rendered":"Paris"},"content":{"rendered":"\t\t<div data-elementor-type=\"wp-post\" data-elementor-id=\"9\" class=\"elementor elementor-9\" data-elementor-post-type=\"page\">\n\t\t\t\t\t\t<section class=\"elementor-section elementor-top-section elementor-element elementor-element-19ec093d elementor-section-height-min-height elementor-section-boxed elementor-section-height-default elementor-section-items-middle\" data-id=\"19ec093d\" data-element_type=\"section\" data-e-type=\"section\" data-settings=\"{&quot;background_background&quot;:&quot;classic&quot;}\">\n\t\t\t\t\t\t<div class=\"elementor-container elementor-column-gap-default\">\n\t\t\t\t\t<div class=\"elementor-column elementor-col-100 elementor-top-column elementor-element elementor-element-4baff87b\" data-id=\"4baff87b\" data-element_type=\"column\" data-e-type=\"column\">\n\t\t\t<div class=\"elementor-widget-wrap elementor-element-populated\">\n\t\t\t\t\t\t<div class=\"elementor-element elementor-element-2675357 elementor-widget elementor-widget-heading\" data-id=\"2675357\" data-element_type=\"widget\" data-e-type=\"widget\" data-widget_type=\"heading.default\">\n\t\t\t\t<div class=\"elementor-widget-container\">\n\t\t\t\t\t<h2 class=\"elementor-heading-title elementor-size-default\">Paris<\/h2>\t\t\t\t<\/div>\n\t\t\t\t<\/div>\n\t\t\t\t<div class=\"elementor-element elementor-element-31922d7 elementor-widget elementor-widget-heading\" data-id=\"31922d7\" data-element_type=\"widget\" data-e-type=\"widget\" data-widget_type=\"heading.default\">\n\t\t\t\t<div class=\"elementor-widget-container\">\n\t\t\t\t\t<h3 class=\"elementor-heading-title elementor-size-default\">Une situation exceptionnelle dans un quartier embl\u00e9matique<\/h3>\t\t\t\t<\/div>\n\t\t\t\t<\/div>\n\t\t\t\t\t<\/div>\n\t\t<\/div>\n\t\t\t\t\t<\/div>\n\t\t<\/section>\n\t\t\t\t<section class=\"elementor-section elementor-top-section elementor-element elementor-element-f36f311 elementor-section-boxed elementor-section-height-default elementor-section-height-default\" data-id=\"f36f311\" data-element_type=\"section\" data-e-type=\"section\">\n\t\t\t\t\t\t<div class=\"elementor-container elementor-column-gap-default\">\n\t\t\t\t\t<div class=\"elementor-column elementor-col-100 elementor-top-column elementor-element elementor-element-ad75129\" data-id=\"ad75129\" data-element_type=\"column\" data-e-type=\"column\">\n\t\t\t<div class=\"elementor-widget-wrap elementor-element-populated\">\n\t\t\t\t\t\t<div class=\"elementor-element elementor-element-560ebcd elementor-align-center distributor elementor-widget elementor-widget-button\" data-id=\"560ebcd\" data-element_type=\"widget\" data-e-type=\"widget\" data-widget_type=\"button.default\">\n\t\t\t\t<div class=\"elementor-widget-container\">\n\t\t\t\t\t\t\t\t\t<div class=\"elementor-button-wrapper\">\n\t\t\t\t\t<a class=\"elementor-button elementor-button-link elementor-size-xl elementor-animation-grow\" href=\"#\">\n\t\t\t\t\t\t<span class=\"elementor-button-content-wrapper\">\n\t\t\t\t\t\t\t\t\t<span class=\"elementor-button-text\">R\u00e9server<\/span>\n\t\t\t\t\t<\/span>\n\t\t\t\t\t<\/a>\n\t\t\t\t<\/div>\n\t\t\t\t\t\t\t\t<\/div>\n\t\t\t\t<\/div>\n\t\t\t\t\t<\/div>\n\t\t<\/div>\n\t\t\t\t\t<\/div>\n\t\t<\/section>\n\t\t\t\t<section class=\"elementor-section elementor-top-section elementor-element elementor-element-ad85b8e elementor-section-boxed elementor-section-height-default elementor-section-height-default\" data-id=\"ad85b8e\" data-element_type=\"section\" data-e-type=\"section\">\n\t\t\t\t\t\t<div class=\"elementor-container elementor-column-gap-default\">\n\t\t\t\t\t<div class=\"elementor-column elementor-col-100 elementor-top-column elementor-element elementor-element-5a4e451\" data-id=\"5a4e451\" data-element_type=\"column\" data-e-type=\"column\">\n\t\t\t<div class=\"elementor-widget-wrap elementor-element-populated\">\n\t\t\t\t\t\t<div class=\"elementor-element elementor-element-48cd075 elementor-widget elementor-widget-heading\" data-id=\"48cd075\" data-element_type=\"widget\" data-e-type=\"widget\" data-widget_type=\"heading.default\">\n\t\t\t\t<div class=\"elementor-widget-container\">\n\t\t\t\t\t<h2 class=\"elementor-heading-title elementor-size-default\">Nous situer<\/h2>\t\t\t\t<\/div>\n\t\t\t\t<\/div>\n\t\t\t\t<div class=\"elementor-element elementor-element-95e334c elementor-widget__width-initial elementor-widget elementor-widget-html\" data-id=\"95e334c\" data-element_type=\"widget\" data-e-type=\"widget\" data-widget_type=\"html.default\">\n\t\t\t\t<div class=\"elementor-widget-container\">\n\t\t\t\t\t<iframe src=\"https:\/\/www.google.fr\/maps\/d\/u\/3\/embed?mid=1N9lN-mawXu7RQjLCM11Drg5pI3gW-Q8&ehbc=2E312F\" width=\"640\" height=\"480\"><\/iframe>\t\t\t\t<\/div>\n\t\t\t\t<\/div>\n\t\t\t\t\t<\/div>\n\t\t<\/div>\n\t\t\t\t\t<\/div>\n\t\t<\/section>\n\t\t\t\t<section class=\"elementor-section elementor-top-section elementor-element elementor-element-4cfe4fa elementor-section-boxed elementor-section-height-default elementor-section-height-default\" data-id=\"4cfe4fa\" data-element_type=\"section\" data-e-type=\"section\">\n\t\t\t\t\t\t<div class=\"elementor-container elementor-column-gap-default\">\n\t\t\t\t\t<div class=\"elementor-column elementor-col-100 elementor-top-column elementor-element elementor-element-7199455\" data-id=\"7199455\" data-element_type=\"column\" data-e-type=\"column\">\n\t\t\t<div class=\"elementor-widget-wrap elementor-element-populated\">\n\t\t\t\t\t\t<div class=\"elementor-element elementor-element-022799b elementor-widget elementor-widget-heading\" data-id=\"022799b\" data-element_type=\"widget\" data-e-type=\"widget\" data-widget_type=\"heading.default\">\n\t\t\t\t<div class=\"elementor-widget-container\">\n\t\t\t\t\t<h2 class=\"elementor-heading-title elementor-size-default\">Le quartier DES Champs-\u00e9lys\u00e9es en images<\/h2>\t\t\t\t<\/div>\n\t\t\t\t<\/div>\n\t\t\t\t<div class=\"elementor-element elementor-element-c04433c elementor-widget elementor-widget-heading\" data-id=\"c04433c\" data-element_type=\"widget\" data-e-type=\"widget\" data-widget_type=\"heading.default\">\n\t\t\t\t<div class=\"elementor-widget-container\">\n\t\t\t\t\t<p class=\"elementor-heading-title elementor-size-default\">R\u00e9sidez au c\u0153ur d\u2019un quartier incontournable de Paris<\/p>\t\t\t\t<\/div>\n\t\t\t\t<\/div>\n\t\t\t\t<div class=\"elementor-element elementor-element-22700cb elementor-widget elementor-widget-image-gallery\" data-id=\"22700cb\" data-element_type=\"widget\" data-e-type=\"widget\" data-widget_type=\"image-gallery.default\">\n\t\t\t\t<div class=\"elementor-widget-container\">\n\t\t\t\t\t\t\t<div class=\"elementor-image-gallery\">\n\t\t\t\n\t\t<style type=\"text\/css\">\n\t\t\t#gallery-1 {\n\t\t\t\tmargin: auto;\n\t\t\t}\n\t\t\t#gallery-1 .gallery-item {\n\t\t\t\tfloat: left;\n\t\t\t\tmargin-top: 10px;\n\t\t\t\ttext-align: center;\n\t\t\t\twidth: 33%;\n\t\t\t}\n\t\t\t#gallery-1 img {\n\t\t\t\tborder: 2px solid #cfcfcf;\n\t\t\t}\n\t\t\t#gallery-1 .gallery-caption {\n\t\t\t\tmargin-left: 0;\n\t\t\t}\n\t\t\t\/* see gallery_shortcode() in wp-includes\/media.php *\/\n\t\t<\/style>\n\t\t<div id='gallery-1' class='gallery galleryid-9 gallery-columns-3 gallery-size-thumbnail'><dl class='gallery-item'>\n\t\t\t<dt class='gallery-icon landscape'>\n\t\t\t\t<a data-elementor-open-lightbox=\"yes\" data-elementor-lightbox-slideshow=\"22700cb\" data-e-action-hash=\"#elementor-action%3Aaction%3Dlightbox%26settings%3DeyJpZCI6NjA5LCJ1cmwiOiJodHRwczpcL1wvYWR2ZW5pYXQtcGFyaXMub3JnXC93cC1jb250ZW50XC91cGxvYWRzXC9Db3BpZS1kZS1fRFNDMTMyOC5qcGciLCJzbGlkZXNob3ciOiIyMjcwMGNiIn0%3D\" href='https:\/\/adveniat-paris.org\/wp-content\/uploads\/Copie-de-_DSC1328.jpg'><img fetchpriority=\"high\" decoding=\"async\" width=\"300\" height=\"300\" src=\"https:\/\/adveniat-paris.org\/wp-content\/uploads\/Copie-de-_DSC1328-e1536577196293-300x300.jpg\" class=\"attachment-thumbnail size-thumbnail\" alt=\"Le quartier de l&#039;auberge de Jeunesse Adveniat Paris Centre Champs Elys\u00e9es\" \/><\/a>\n\t\t\t<\/dt><\/dl><dl class='gallery-item'>\n\t\t\t<dt class='gallery-icon landscape'>\n\t\t\t\t<a data-elementor-open-lightbox=\"yes\" data-elementor-lightbox-slideshow=\"22700cb\" data-e-action-hash=\"#elementor-action%3Aaction%3Dlightbox%26settings%3DeyJpZCI6NjEwLCJ1cmwiOiJodHRwczpcL1wvYWR2ZW5pYXQtcGFyaXMub3JnXC93cC1jb250ZW50XC91cGxvYWRzXC9Db3BpZS1kZS1fRFNDMTM4Mi5qcGciLCJzbGlkZXNob3ciOiIyMjcwMGNiIn0%3D\" href='https:\/\/adveniat-paris.org\/wp-content\/uploads\/Copie-de-_DSC1382.jpg'><img decoding=\"async\" width=\"300\" height=\"300\" src=\"https:\/\/adveniat-paris.org\/wp-content\/uploads\/Copie-de-_DSC1382-e1536583617421-300x300.jpg\" class=\"attachment-thumbnail size-thumbnail\" alt=\"Le quartier de l&#039;auberge de Jeunesse Adveniat Paris Centre Champs Elys\u00e9es\" \/><\/a>\n\t\t\t<\/dt><\/dl><dl class='gallery-item'>\n\t\t\t<dt class='gallery-icon landscape'>\n\t\t\t\t<a data-elementor-open-lightbox=\"yes\" data-elementor-lightbox-slideshow=\"22700cb\" data-e-action-hash=\"#elementor-action%3Aaction%3Dlightbox%26settings%3DeyJpZCI6NjA4LCJ1cmwiOiJodHRwczpcL1wvYWR2ZW5pYXQtcGFyaXMub3JnXC93cC1jb250ZW50XC91cGxvYWRzXC9Db3BpZS1kZS1fRFNDMTMyNC5qcGciLCJzbGlkZXNob3ciOiIyMjcwMGNiIn0%3D\" href='https:\/\/adveniat-paris.org\/wp-content\/uploads\/Copie-de-_DSC1324.jpg'><img decoding=\"async\" width=\"300\" height=\"300\" src=\"https:\/\/adveniat-paris.org\/wp-content\/uploads\/Copie-de-_DSC1324-300x300.jpg\" class=\"attachment-thumbnail size-thumbnail\" alt=\"Le quartier de l&#039;auberge de Jeunesse Adveniat Paris Centre Champs Elys\u00e9es\" srcset=\"https:\/\/adveniat-paris.org\/wp-content\/uploads\/Copie-de-_DSC1324-300x300.jpg 300w, https:\/\/adveniat-paris.org\/wp-content\/uploads\/Copie-de-_DSC1324-250x250.jpg 250w, https:\/\/adveniat-paris.org\/wp-content\/uploads\/Copie-de-_DSC1324-150x150.jpg 150w\" sizes=\"(max-width: 300px) 100vw, 300px\" \/><\/a>\n\t\t\t<\/dt><\/dl><br style=\"clear: both\" \/><dl class='gallery-item'>\n\t\t\t<dt class='gallery-icon landscape'>\n\t\t\t\t<a data-elementor-open-lightbox=\"yes\" data-elementor-lightbox-slideshow=\"22700cb\" data-e-action-hash=\"#elementor-action%3Aaction%3Dlightbox%26settings%3DeyJpZCI6NjExLCJ1cmwiOiJodHRwczpcL1wvYWR2ZW5pYXQtcGFyaXMub3JnXC93cC1jb250ZW50XC91cGxvYWRzXC9Db3BpZS1kZS1fRFNDMTM4Ny5qcGciLCJzbGlkZXNob3ciOiIyMjcwMGNiIn0%3D\" href='https:\/\/adveniat-paris.org\/wp-content\/uploads\/Copie-de-_DSC1387.jpg'><img loading=\"lazy\" decoding=\"async\" width=\"300\" height=\"300\" src=\"https:\/\/adveniat-paris.org\/wp-content\/uploads\/Copie-de-_DSC1387-300x300.jpg\" class=\"attachment-thumbnail size-thumbnail\" alt=\"Le quartier de l&#039;auberge de Jeunesse Adveniat Paris Centre Champs Elys\u00e9es\" srcset=\"https:\/\/adveniat-paris.org\/wp-content\/uploads\/Copie-de-_DSC1387-300x300.jpg 300w, https:\/\/adveniat-paris.org\/wp-content\/uploads\/Copie-de-_DSC1387-250x250.jpg 250w, https:\/\/adveniat-paris.org\/wp-content\/uploads\/Copie-de-_DSC1387-150x150.jpg 150w\" sizes=\"(max-width: 300px) 100vw, 300px\" \/><\/a>\n\t\t\t<\/dt><\/dl><dl class='gallery-item'>\n\t\t\t<dt class='gallery-icon portrait'>\n\t\t\t\t<a data-elementor-open-lightbox=\"yes\" data-elementor-lightbox-slideshow=\"22700cb\" data-e-action-hash=\"#elementor-action%3Aaction%3Dlightbox%26settings%3DeyJpZCI6NjA3LCJ1cmwiOiJodHRwczpcL1wvYWR2ZW5pYXQtcGFyaXMub3JnXC93cC1jb250ZW50XC91cGxvYWRzXC9BcmMuanBlZyIsInNsaWRlc2hvdyI6IjIyNzAwY2IifQ%3D%3D\" href='https:\/\/adveniat-paris.org\/wp-content\/uploads\/Arc.jpeg'><img loading=\"lazy\" decoding=\"async\" width=\"300\" height=\"300\" src=\"https:\/\/adveniat-paris.org\/wp-content\/uploads\/Arc-300x300.jpeg\" class=\"attachment-thumbnail size-thumbnail\" alt=\"Le quartier de l&#039;auberge de Jeunesse Adveniat Paris Centre Champs Elys\u00e9es\" srcset=\"https:\/\/adveniat-paris.org\/wp-content\/uploads\/Arc-300x300.jpeg 300w, https:\/\/adveniat-paris.org\/wp-content\/uploads\/Arc-250x250.jpeg 250w, https:\/\/adveniat-paris.org\/wp-content\/uploads\/Arc-150x150.jpeg 150w\" sizes=\"(max-width: 300px) 100vw, 300px\" \/><\/a>\n\t\t\t<\/dt><\/dl><dl class='gallery-item'>\n\t\t\t<dt class='gallery-icon landscape'>\n\t\t\t\t<a data-elementor-open-lightbox=\"yes\" data-elementor-lightbox-slideshow=\"22700cb\" data-e-action-hash=\"#elementor-action%3Aaction%3Dlightbox%26settings%3DeyJpZCI6NjEyLCJ1cmwiOiJodHRwczpcL1wvYWR2ZW5pYXQtcGFyaXMub3JnXC93cC1jb250ZW50XC91cGxvYWRzXC90b3VyLWVpZmZlbC5qcGVnIiwic2xpZGVzaG93IjoiMjI3MDBjYiJ9\" href='https:\/\/adveniat-paris.org\/wp-content\/uploads\/tour-eiffel.jpeg'><img loading=\"lazy\" decoding=\"async\" width=\"300\" height=\"300\" src=\"https:\/\/adveniat-paris.org\/wp-content\/uploads\/tour-eiffel-300x300.jpeg\" class=\"attachment-thumbnail size-thumbnail\" alt=\"Le quartier de l&#039;auberge de Jeunesse Adveniat Paris Centre Champs Elys\u00e9es\" srcset=\"https:\/\/adveniat-paris.org\/wp-content\/uploads\/tour-eiffel-300x300.jpeg 300w, https:\/\/adveniat-paris.org\/wp-content\/uploads\/tour-eiffel-250x250.jpeg 250w, https:\/\/adveniat-paris.org\/wp-content\/uploads\/tour-eiffel-150x150.jpeg 150w\" sizes=\"(max-width: 300px) 100vw, 300px\" \/><\/a>\n\t\t\t<\/dt><\/dl><br style=\"clear: both\" \/><dl class='gallery-item'>\n\t\t\t<dt class='gallery-icon landscape'>\n\t\t\t\t<a data-elementor-open-lightbox=\"yes\" data-elementor-lightbox-slideshow=\"22700cb\" data-e-action-hash=\"#elementor-action%3Aaction%3Dlightbox%26settings%3DeyJpZCI6NzU0LCJ1cmwiOiJodHRwczpcL1wvYWR2ZW5pYXQtcGFyaXMub3JnXC93cC1jb250ZW50XC91cGxvYWRzXC9EU0MwODY2LmpwZWciLCJzbGlkZXNob3ciOiIyMjcwMGNiIn0%3D\" href='https:\/\/adveniat-paris.org\/wp-content\/uploads\/DSC0866.jpeg'><img loading=\"lazy\" decoding=\"async\" width=\"300\" height=\"300\" src=\"https:\/\/adveniat-paris.org\/wp-content\/uploads\/DSC0866-e1536577447698-300x300.jpeg\" class=\"attachment-thumbnail size-thumbnail\" alt=\"Le quartier de l&#039;auberge de Jeunesse Adveniat Paris Centre Champs Elys\u00e9es\" \/><\/a>\n\t\t\t<\/dt><\/dl><dl class='gallery-item'>\n\t\t\t<dt class='gallery-icon landscape'>\n\t\t\t\t<a data-elementor-open-lightbox=\"yes\" data-elementor-lightbox-slideshow=\"22700cb\" data-e-action-hash=\"#elementor-action%3Aaction%3Dlightbox%26settings%3DeyJpZCI6NzU1LCJ1cmwiOiJodHRwczpcL1wvYWR2ZW5pYXQtcGFyaXMub3JnXC93cC1jb250ZW50XC91cGxvYWRzXC9EU0MxMzEwLmpwZWciLCJzbGlkZXNob3ciOiIyMjcwMGNiIn0%3D\" href='https:\/\/adveniat-paris.org\/wp-content\/uploads\/DSC1310.jpeg'><img loading=\"lazy\" decoding=\"async\" width=\"300\" height=\"300\" src=\"https:\/\/adveniat-paris.org\/wp-content\/uploads\/DSC1310-300x300.jpeg\" class=\"attachment-thumbnail size-thumbnail\" alt=\"Le quartier de l&#039;auberge de Jeunesse Adveniat Paris Centre Champs Elys\u00e9es\" srcset=\"https:\/\/adveniat-paris.org\/wp-content\/uploads\/DSC1310-300x300.jpeg 300w, https:\/\/adveniat-paris.org\/wp-content\/uploads\/DSC1310-250x250.jpeg 250w\" sizes=\"(max-width: 300px) 100vw, 300px\" \/><\/a>\n\t\t\t<\/dt><\/dl><dl class='gallery-item'>\n\t\t\t<dt class='gallery-icon landscape'>\n\t\t\t\t<a data-elementor-open-lightbox=\"yes\" data-elementor-lightbox-slideshow=\"22700cb\" data-e-action-hash=\"#elementor-action%3Aaction%3Dlightbox%26settings%3DeyJpZCI6NzU2LCJ1cmwiOiJodHRwczpcL1wvYWR2ZW5pYXQtcGFyaXMub3JnXC93cC1jb250ZW50XC91cGxvYWRzXC9EU0MxMzcyLmpwZyIsInNsaWRlc2hvdyI6IjIyNzAwY2IifQ%3D%3D\" href='https:\/\/adveniat-paris.org\/wp-content\/uploads\/DSC1372.jpg'><img loading=\"lazy\" decoding=\"async\" width=\"300\" height=\"300\" src=\"https:\/\/adveniat-paris.org\/wp-content\/uploads\/DSC1372-e1536577323201-300x300.jpg\" class=\"attachment-thumbnail size-thumbnail\" alt=\"Le quartier de l&#039;auberge de Jeunesse Adveniat Paris Centre Champs Elys\u00e9es\" \/><\/a>\n\t\t\t<\/dt><\/dl><br style=\"clear: both\" \/>\n\t\t<\/div>\n\t\t<\/div>\n\t\t\t\t\t\t<\/div>\n\t\t\t\t<\/div>\n\t\t\t\t\t<\/div>\n\t\t<\/div>\n\t\t\t\t\t<\/div>\n\t\t<\/section>\n\t\t\t\t<section class=\"elementor-section elementor-top-section elementor-element elementor-element-4185d42e elementor-section-boxed elementor-section-height-default elementor-section-height-default\" data-id=\"4185d42e\" data-element_type=\"section\" data-e-type=\"section\">\n\t\t\t\t\t\t<div class=\"elementor-container elementor-column-gap-default\">\n\t\t\t\t\t<div class=\"elementor-column elementor-col-33 elementor-top-column elementor-element elementor-element-1838b3c2\" data-id=\"1838b3c2\" data-element_type=\"column\" data-e-type=\"column\">\n\t\t\t<div class=\"elementor-widget-wrap elementor-element-populated\">\n\t\t\t\t\t\t<div class=\"elementor-element elementor-element-417fcbb2 elementor-align-center elementor-widget elementor-widget-button\" data-id=\"417fcbb2\" data-element_type=\"widget\" data-e-type=\"widget\" data-widget_type=\"button.default\">\n\t\t\t\t<div class=\"elementor-widget-container\">\n\t\t\t\t\t\t\t\t\t<div class=\"elementor-button-wrapper\">\n\t\t\t\t\t<a class=\"elementor-button elementor-button-link elementor-size-lg elementor-animation-shrink\" href=\"https:\/\/adveniat-paris.org\/auberge\/\">\n\t\t\t\t\t\t<span class=\"elementor-button-content-wrapper\">\n\t\t\t\t\t\t\t\t\t<span class=\"elementor-button-text\">En savoir plus sur l'auberge<\/span>\n\t\t\t\t\t<\/span>\n\t\t\t\t\t<\/a>\n\t\t\t\t<\/div>\n\t\t\t\t\t\t\t\t<\/div>\n\t\t\t\t<\/div>\n\t\t\t\t\t<\/div>\n\t\t<\/div>\n\t\t\t\t<div class=\"elementor-column elementor-col-33 elementor-top-column elementor-element elementor-element-523aae14\" data-id=\"523aae14\" data-element_type=\"column\" data-e-type=\"column\">\n\t\t\t<div class=\"elementor-widget-wrap elementor-element-populated\">\n\t\t\t\t\t\t<div class=\"elementor-element elementor-element-243af23d elementor-align-center elementor-widget elementor-widget-button\" data-id=\"243af23d\" data-element_type=\"widget\" data-e-type=\"widget\" data-widget_type=\"button.default\">\n\t\t\t\t<div class=\"elementor-widget-container\">\n\t\t\t\t\t\t\t\t\t<div class=\"elementor-button-wrapper\">\n\t\t\t\t\t<a class=\"elementor-button elementor-button-link elementor-size-lg elementor-animation-shrink\" href=\"https:\/\/adveniat-paris.org\/chambres-et-tarifs\/\">\n\t\t\t\t\t\t<span class=\"elementor-button-content-wrapper\">\n\t\t\t\t\t\t\t\t\t<span class=\"elementor-button-text\">En savoir plus sur les chambres<\/span>\n\t\t\t\t\t<\/span>\n\t\t\t\t\t<\/a>\n\t\t\t\t<\/div>\n\t\t\t\t\t\t\t\t<\/div>\n\t\t\t\t<\/div>\n\t\t\t\t\t<\/div>\n\t\t<\/div>\n\t\t\t\t<div class=\"elementor-column elementor-col-33 elementor-top-column elementor-element elementor-element-288ceba6\" data-id=\"288ceba6\" data-element_type=\"column\" data-e-type=\"column\">\n\t\t\t<div class=\"elementor-widget-wrap elementor-element-populated\">\n\t\t\t\t\t\t<div class=\"elementor-element elementor-element-6185cf0a elementor-align-center elementor-widget elementor-widget-button\" data-id=\"6185cf0a\" data-element_type=\"widget\" data-e-type=\"widget\" data-widget_type=\"button.default\">\n\t\t\t\t<div class=\"elementor-widget-container\">\n\t\t\t\t\t\t\t\t\t<div class=\"elementor-button-wrapper\">\n\t\t\t\t\t<a class=\"elementor-button elementor-button-link elementor-size-lg elementor-animation-grow\" href=\"https:\/\/adveniat-paris.org\/reserver\/\">\n\t\t\t\t\t\t<span class=\"elementor-button-content-wrapper\">\n\t\t\t\t\t\t\t\t\t<span class=\"elementor-button-text\">r\u00e9server<\/span>\n\t\t\t\t\t<\/span>\n\t\t\t\t\t<\/a>\n\t\t\t\t<\/div>\n\t\t\t\t\t\t\t\t<\/div>\n\t\t\t\t<\/div>\n\t\t\t\t\t<\/div>\n\t\t<\/div>\n\t\t\t\t\t<\/div>\n\t\t<\/section>\n\t\t\t\t<\/div>\n\t\t","protected":false},"excerpt":{"rendered":"<p>Paris Une situation exceptionnelle dans un quartier embl\u00e9matique R\u00e9server Nous situer Le quartier DES Champs-\u00e9lys\u00e9es en images R\u00e9sidez au c\u0153ur d\u2019un quartier incontournable de Paris En savoir plus sur l&rsquo;auberge En savoir plus sur les chambres r\u00e9server<\/p>\n","protected":false},"author":1,"featured_media":0,"parent":0,"menu_order":3,"comment_status":"closed","ping_status":"closed","template":"","meta":{"om_disable_all_campaigns":false,"_monsterinsights_skip_tracking":false,"_monsterinsights_sitenote_active":false,"_monsterinsights_sitenote_note":"","_monsterinsights_sitenote_category":0,"_uf_show_specific_survey":0,"_uf_disable_surveys":false,"footnotes":""},"class_list":["post-9","page","type-page","status-publish","hentry"],"aioseo_notices":[],"yoast_head":"<!-- This site is optimized with the Yoast SEO plugin v27.5 - https:\/\/yoast.com\/product\/yoast-seo-wordpress\/ -->\n<title>Le quartier, pr\u00e8s des Champs-\u00c9lys\u00e9es - Auberge Adveniat Paris<\/title>\n<meta name=\"description\" content=\"Une auberge de jeunesse \u00e0 c\u00f4t\u00e9 des Champs-\u00c9lys\u00e9es ? Non, vous ne r\u00eavez pas. Adveniat est bien situ\u00e9e un quartier embl\u00e9matique de Paris.\" \/>\n<meta name=\"robots\" content=\"index, follow, max-snippet:-1, max-image-preview:large, max-video-preview:-1\" \/>\n<link rel=\"canonical\" href=\"https:\/\/adveniat-paris.org\/fr\/le-quartier-pres-des-champs-elysees\/\" \/>\n<meta property=\"og:locale\" content=\"fr_FR\" \/>\n<meta property=\"og:type\" content=\"article\" \/>\n<meta property=\"og:title\" content=\"Le quartier, pr\u00e8s des Champs-\u00c9lys\u00e9es - Auberge Adveniat Paris\" \/>\n<meta property=\"og:description\" content=\"Une auberge de jeunesse \u00e0 c\u00f4t\u00e9 des Champs-\u00c9lys\u00e9es ? Non, vous ne r\u00eavez pas. Adveniat est bien situ\u00e9e un quartier embl\u00e9matique de Paris.\" \/>\n<meta property=\"og:url\" content=\"https:\/\/adveniat-paris.org\/fr\/le-quartier-pres-des-champs-elysees\/\" \/>\n<meta property=\"og:site_name\" content=\"Adveniat Paris\" \/>\n<meta property=\"article:modified_time\" content=\"2025-04-30T15:22:50+00:00\" \/>\n<meta property=\"og:image\" content=\"https:\/\/adveniat-paris.org\/wp-content\/uploads\/Copie-de-_DSC1328-e1536577196293-300x300.jpg\" \/>\n<meta name=\"twitter:card\" content=\"summary_large_image\" \/>\n<meta name=\"twitter:label1\" content=\"Dur\u00e9e de lecture estim\u00e9e\" \/>\n\t<meta name=\"twitter:data1\" content=\"2 minutes\" \/>\n<script type=\"application\/ld+json\" class=\"yoast-schema-graph\">{\"@context\":\"https:\\\/\\\/schema.org\",\"@graph\":[{\"@type\":\"WebPage\",\"@id\":\"https:\\\/\\\/adveniat-paris.org\\\/fr\\\/le-quartier-pres-des-champs-elysees\\\/\",\"url\":\"https:\\\/\\\/adveniat-paris.org\\\/fr\\\/le-quartier-pres-des-champs-elysees\\\/\",\"name\":\"Le quartier, pr\u00e8s des Champs-\u00c9lys\u00e9es - Auberge Adveniat Paris\",\"isPartOf\":{\"@id\":\"https:\\\/\\\/adveniat-paris.org\\\/fr\\\/#website\"},\"primaryImageOfPage\":{\"@id\":\"https:\\\/\\\/adveniat-paris.org\\\/fr\\\/le-quartier-pres-des-champs-elysees\\\/#primaryimage\"},\"image\":{\"@id\":\"https:\\\/\\\/adveniat-paris.org\\\/fr\\\/le-quartier-pres-des-champs-elysees\\\/#primaryimage\"},\"thumbnailUrl\":\"https:\\\/\\\/adveniat-paris.org\\\/wp-content\\\/uploads\\\/Copie-de-_DSC1328-e1536577196293-300x300.jpg\",\"datePublished\":\"2018-07-11T17:54:40+00:00\",\"dateModified\":\"2025-04-30T15:22:50+00:00\",\"description\":\"Une auberge de jeunesse \u00e0 c\u00f4t\u00e9 des Champs-\u00c9lys\u00e9es ? Non, vous ne r\u00eavez pas. Adveniat est bien situ\u00e9e un quartier embl\u00e9matique de Paris.\",\"breadcrumb\":{\"@id\":\"https:\\\/\\\/adveniat-paris.org\\\/fr\\\/le-quartier-pres-des-champs-elysees\\\/#breadcrumb\"},\"inLanguage\":\"fr-FR\",\"potentialAction\":[{\"@type\":\"ReadAction\",\"target\":[\"https:\\\/\\\/adveniat-paris.org\\\/fr\\\/le-quartier-pres-des-champs-elysees\\\/\"]}]},{\"@type\":\"ImageObject\",\"inLanguage\":\"fr-FR\",\"@id\":\"https:\\\/\\\/adveniat-paris.org\\\/fr\\\/le-quartier-pres-des-champs-elysees\\\/#primaryimage\",\"url\":\"https:\\\/\\\/adveniat-paris.org\\\/wp-content\\\/uploads\\\/Copie-de-_DSC1328-e1536577196293-300x300.jpg\",\"contentUrl\":\"https:\\\/\\\/adveniat-paris.org\\\/wp-content\\\/uploads\\\/Copie-de-_DSC1328-e1536577196293-300x300.jpg\"},{\"@type\":\"BreadcrumbList\",\"@id\":\"https:\\\/\\\/adveniat-paris.org\\\/fr\\\/le-quartier-pres-des-champs-elysees\\\/#breadcrumb\",\"itemListElement\":[{\"@type\":\"ListItem\",\"position\":1,\"name\":\"Accueil\",\"item\":\"https:\\\/\\\/adveniat-paris.org\\\/fr\\\/\"},{\"@type\":\"ListItem\",\"position\":2,\"name\":\"Paris\"}]},{\"@type\":\"WebSite\",\"@id\":\"https:\\\/\\\/adveniat-paris.org\\\/fr\\\/#website\",\"url\":\"https:\\\/\\\/adveniat-paris.org\\\/fr\\\/\",\"name\":\"Adveniat Paris\",\"description\":\"Auberge de jeunesse \u00e0 2 pas des Champs Elys\u00e9es\",\"publisher\":{\"@id\":\"https:\\\/\\\/adveniat-paris.org\\\/fr\\\/#organization\"},\"potentialAction\":[{\"@type\":\"SearchAction\",\"target\":{\"@type\":\"EntryPoint\",\"urlTemplate\":\"https:\\\/\\\/adveniat-paris.org\\\/fr\\\/?s={search_term_string}\"},\"query-input\":{\"@type\":\"PropertyValueSpecification\",\"valueRequired\":true,\"valueName\":\"search_term_string\"}}],\"inLanguage\":\"fr-FR\"},{\"@type\":\"Organization\",\"@id\":\"https:\\\/\\\/adveniat-paris.org\\\/fr\\\/#organization\",\"name\":\"Adveniat Paris\",\"url\":\"https:\\\/\\\/adveniat-paris.org\\\/fr\\\/\",\"logo\":{\"@type\":\"ImageObject\",\"inLanguage\":\"fr-FR\",\"@id\":\"https:\\\/\\\/adveniat-paris.org\\\/fr\\\/#\\\/schema\\\/logo\\\/image\\\/\",\"url\":\"https:\\\/\\\/adveniat-paris.org\\\/wp-content\\\/uploads\\\/Adveniat_logo_exe_Adveniat_logo_CMJN_baseline_blanc-1-e1737565095903.png\",\"contentUrl\":\"https:\\\/\\\/adveniat-paris.org\\\/wp-content\\\/uploads\\\/Adveniat_logo_exe_Adveniat_logo_CMJN_baseline_blanc-1-e1737565095903.png\",\"width\":1968,\"height\":613,\"caption\":\"Adveniat Paris\"},\"image\":{\"@id\":\"https:\\\/\\\/adveniat-paris.org\\\/fr\\\/#\\\/schema\\\/logo\\\/image\\\/\"}}]}<\/script>\n<!-- \/ Yoast SEO plugin. -->","yoast_head_json":{"title":"Le quartier, pr\u00e8s des Champs-\u00c9lys\u00e9es - Auberge Adveniat Paris","description":"Une auberge de jeunesse \u00e0 c\u00f4t\u00e9 des Champs-\u00c9lys\u00e9es ? Non, vous ne r\u00eavez pas. Adveniat est bien situ\u00e9e un quartier embl\u00e9matique de Paris.","robots":{"index":"index","follow":"follow","max-snippet":"max-snippet:-1","max-image-preview":"max-image-preview:large","max-video-preview":"max-video-preview:-1"},"canonical":"https:\/\/adveniat-paris.org\/fr\/le-quartier-pres-des-champs-elysees\/","og_locale":"fr_FR","og_type":"article","og_title":"Le quartier, pr\u00e8s des Champs-\u00c9lys\u00e9es - Auberge Adveniat Paris","og_description":"Une auberge de jeunesse \u00e0 c\u00f4t\u00e9 des Champs-\u00c9lys\u00e9es ? Non, vous ne r\u00eavez pas. Adveniat est bien situ\u00e9e un quartier embl\u00e9matique de Paris.","og_url":"https:\/\/adveniat-paris.org\/fr\/le-quartier-pres-des-champs-elysees\/","og_site_name":"Adveniat Paris","article_modified_time":"2025-04-30T15:22:50+00:00","og_image":[{"url":"https:\/\/adveniat-paris.org\/wp-content\/uploads\/Copie-de-_DSC1328-e1536577196293-300x300.jpg","type":"","width":"","height":""}],"twitter_card":"summary_large_image","twitter_misc":{"Dur\u00e9e de lecture estim\u00e9e":"2 minutes"},"schema":{"@context":"https:\/\/schema.org","@graph":[{"@type":"WebPage","@id":"https:\/\/adveniat-paris.org\/fr\/le-quartier-pres-des-champs-elysees\/","url":"https:\/\/adveniat-paris.org\/fr\/le-quartier-pres-des-champs-elysees\/","name":"Le quartier, pr\u00e8s des Champs-\u00c9lys\u00e9es - Auberge Adveniat Paris","isPartOf":{"@id":"https:\/\/adveniat-paris.org\/fr\/#website"},"primaryImageOfPage":{"@id":"https:\/\/adveniat-paris.org\/fr\/le-quartier-pres-des-champs-elysees\/#primaryimage"},"image":{"@id":"https:\/\/adveniat-paris.org\/fr\/le-quartier-pres-des-champs-elysees\/#primaryimage"},"thumbnailUrl":"https:\/\/adveniat-paris.org\/wp-content\/uploads\/Copie-de-_DSC1328-e1536577196293-300x300.jpg","datePublished":"2018-07-11T17:54:40+00:00","dateModified":"2025-04-30T15:22:50+00:00","description":"Une auberge de jeunesse \u00e0 c\u00f4t\u00e9 des Champs-\u00c9lys\u00e9es ? Non, vous ne r\u00eavez pas. Adveniat est bien situ\u00e9e un quartier embl\u00e9matique de Paris.","breadcrumb":{"@id":"https:\/\/adveniat-paris.org\/fr\/le-quartier-pres-des-champs-elysees\/#breadcrumb"},"inLanguage":"fr-FR","potentialAction":[{"@type":"ReadAction","target":["https:\/\/adveniat-paris.org\/fr\/le-quartier-pres-des-champs-elysees\/"]}]},{"@type":"ImageObject","inLanguage":"fr-FR","@id":"https:\/\/adveniat-paris.org\/fr\/le-quartier-pres-des-champs-elysees\/#primaryimage","url":"https:\/\/adveniat-paris.org\/wp-content\/uploads\/Copie-de-_DSC1328-e1536577196293-300x300.jpg","contentUrl":"https:\/\/adveniat-paris.org\/wp-content\/uploads\/Copie-de-_DSC1328-e1536577196293-300x300.jpg"},{"@type":"BreadcrumbList","@id":"https:\/\/adveniat-paris.org\/fr\/le-quartier-pres-des-champs-elysees\/#breadcrumb","itemListElement":[{"@type":"ListItem","position":1,"name":"Accueil","item":"https:\/\/adveniat-paris.org\/fr\/"},{"@type":"ListItem","position":2,"name":"Paris"}]},{"@type":"WebSite","@id":"https:\/\/adveniat-paris.org\/fr\/#website","url":"https:\/\/adveniat-paris.org\/fr\/","name":"Adveniat Paris","description":"Auberge de jeunesse \u00e0 2 pas des Champs Elys\u00e9es","publisher":{"@id":"https:\/\/adveniat-paris.org\/fr\/#organization"},"potentialAction":[{"@type":"SearchAction","target":{"@type":"EntryPoint","urlTemplate":"https:\/\/adveniat-paris.org\/fr\/?s={search_term_string}"},"query-input":{"@type":"PropertyValueSpecification","valueRequired":true,"valueName":"search_term_string"}}],"inLanguage":"fr-FR"},{"@type":"Organization","@id":"https:\/\/adveniat-paris.org\/fr\/#organization","name":"Adveniat Paris","url":"https:\/\/adveniat-paris.org\/fr\/","logo":{"@type":"ImageObject","inLanguage":"fr-FR","@id":"https:\/\/adveniat-paris.org\/fr\/#\/schema\/logo\/image\/","url":"https:\/\/adveniat-paris.org\/wp-content\/uploads\/Adveniat_logo_exe_Adveniat_logo_CMJN_baseline_blanc-1-e1737565095903.png","contentUrl":"https:\/\/adveniat-paris.org\/wp-content\/uploads\/Adveniat_logo_exe_Adveniat_logo_CMJN_baseline_blanc-1-e1737565095903.png","width":1968,"height":613,"caption":"Adveniat Paris"},"image":{"@id":"https:\/\/adveniat-paris.org\/fr\/#\/schema\/logo\/image\/"}}]}},"_links":{"self":[{"href":"https:\/\/adveniat-paris.org\/fr\/wp-json\/wp\/v2\/pages\/9","targetHints":{"allow":["GET"]}}],"collection":[{"href":"https:\/\/adveniat-paris.org\/fr\/wp-json\/wp\/v2\/pages"}],"about":[{"href":"https:\/\/adveniat-paris.org\/fr\/wp-json\/wp\/v2\/types\/page"}],"author":[{"embeddable":true,"href":"https:\/\/adveniat-paris.org\/fr\/wp-json\/wp\/v2\/users\/1"}],"replies":[{"embeddable":true,"href":"https:\/\/adveniat-paris.org\/fr\/wp-json\/wp\/v2\/comments?post=9"}],"version-history":[{"count":33,"href":"https:\/\/adveniat-paris.org\/fr\/wp-json\/wp\/v2\/pages\/9\/revisions"}],"predecessor-version":[{"id":4755,"href":"https:\/\/adveniat-paris.org\/fr\/wp-json\/wp\/v2\/pages\/9\/revisions\/4755"}],"wp:attachment":[{"href":"https:\/\/adveniat-paris.org\/fr\/wp-json\/wp\/v2\/media?parent=9"}],"curies":[{"name":"wp","href":"https:\/\/api.w.org\/{rel}","templated":true}]}}